{"id":9709,"date":"2025-04-08T11:46:26","date_gmt":"2025-04-08T11:46:26","guid":{"rendered":"https:\/\/www.stjarnkliniken.com\/orebro-city\/?page_id=9709"},"modified":"2026-02-03T08:50:08","modified_gmt":"2026-02-03T08:50:08","slug":"kontakt-orebro","status":"publish","type":"page","link":"https:\/\/www.stjarnkliniken.com\/orebro-city\/kontakt-orebro\/","title":{"rendered":"Kontakt \u00d6rebro"},"content":{"rendered":"\n<div class=\"wp-block-group alignfull has-black-color has-yellow-100-background-color has-text-color has-background is-layout-flow wp-block-group-is-layout-flow\" style=\"padding-top:100px;padding-right:100px;padding-bottom:100px;padding-left:100px\">\n<h1 class=\"wp-block-heading has-text-align-center\" id=\"h-kontakt-orebro\"><em>KONTAKT \u00d6REBRO<\/em><\/h1>\n<\/div>\n\n\n\n<div style=\"height:87px\" aria-hidden=\"true\" class=\"wp-block-spacer\"><\/div>\n\n\n\n<h2 class=\"wp-block-heading has-text-align-center\" id=\"h-mailadresser\">Mailadresser<\/h2>\n\n\n\n<ul style=\"padding-top:var(--wp--preset--spacing--40)\" class=\"wp-block-list\">\n<li class=\"has-black-color has-text-color has-link-color wp-elements-4c80fa2b83f3b398958022765459e0e5\"><strong>Frida Bylinder<\/strong> &#8211; <em>Klinikchef, Idrottsfysiolog &amp; Samtalsterapeut:<\/em> <a href=\"mailto:frida@stjarnkliniken.com\">frida@stjarnkliniken.com<\/a><\/li>\n\n\n\n<li class=\"has-black-color has-text-color has-link-color wp-elements-d4b49385f67a9696ad251fa8774076ec\"><strong>Anders Dalborg<\/strong> &#8211; <em>Leg. Sjukgymnast:<\/em> <a href=\"mailto:anders.dalborg@stjarnkliniken.com\">anders.dalborg@stjarnkliniken.com<\/a><\/li>\n\n\n\n<li class=\"has-black-color has-text-color has-link-color wp-elements-f9b6219d5412a734251cf502606769a1\"><strong>Lars-Olov Forss <\/strong>&#8211; <em>Leg. Sjukgymnast:<\/em> <a href=\"mailto:larsolov.forss@stjarnkliniken.com\">larsolov.forss@stjarnkliniken.com<\/a><\/li>\n\n\n\n<li class=\"has-black-color has-text-color has-link-color wp-elements-cddbe4e21138c119e5763c2a8fe71f81\"><strong>Ida Hylander<\/strong> &#8211; <em>Cert. Medicinsk Massageterapeut &amp; Lic. Personlig Tr\u00e4nare: <\/em><a href=\"mailto:ida.h@stjarnkliniken.com\">ida.h@stjarnkliniken.com<\/a><\/li>\n\n\n\n<li class=\"has-black-color has-text-color has-link-color wp-elements-e2838f7755be00f4d7438b2a914de7dc\"><strong>Johnny Sellv\u00e9n <\/strong>&#8211; <em>Leg. Naprapat:<\/em> <a href=\"mailto:johnny@stjarnkliniken.com\">johnny@stjarnkliniken.com<\/a><\/li>\n\n\n\n<li class=\"has-black-color has-text-color has-link-color wp-elements-9331500612f3b91ab54e2dbc811a8cb6\"><strong>Johan Helld\u00e9n<\/strong> &#8211;<em> Leg. Naprapat:<\/em> <a href=\"mailto:johan.hellden@stjarnkliniken.com\">johan.hellden@stjarnkliniken.com<\/a><\/li>\n\n\n\n<li class=\"has-black-color has-text-color has-link-color wp-elements-a07bbcba4ee904e61451b5ad5e451ebf\"><strong>Joakim Brander <\/strong>&#8211; <em>Naprapat:<\/em>  <a href=\"mailto:joakim.brander@stjarnkliniken.com\">joakim.brander@stjarnkliniken.com<\/a><\/li>\n\n\n\n<li class=\"has-black-color has-text-color has-link-color wp-elements-c2c211d4ec6841e57089223c1d607ae0\"><strong>Melina Granberg<\/strong> &#8211; <em>Naprapat:<\/em> <a href=\"mailto:melina.granberg@stjarnkliniken.com\">melina.granberg@stjarnkliniken.com<\/a><br><br><\/li>\n<\/ul>\n\n\n\n<p><\/p>\n\n\n\n<h2 class=\"wp-block-heading has-text-align-center\" id=\"h-om-kliniken\">Om kliniken<\/h2>\n\n\n\n<p class=\"has-text-align-center\"><br><strong>Adress:<\/strong> <mark><a href=\"https:\/\/maps.app.goo.gl\/oEhhaMEnxuRvgB3DA\"><mark style=\"background-color:#ffffff\" class=\"has-inline-color\">Kungsgatan 32B,<\/mark><\/a><\/mark><mark style=\"background-color:#ffffff\" class=\"has-inline-color\"><a href=\"https:\/\/maps.app.goo.gl\/oEhhaMEnxuRvgB3DA\"> (klicka h\u00e4r f\u00f6r v\u00e4gbeskrivning)<\/a><\/mark><br><strong>\u00d6ppettider:<\/strong> M\u00e5ndag &#8211; fredag, kl. 08:00 &#8211; 17:00<br><strong>Portkod:<\/strong> F\u00e5s i bekr\u00e4ftelsemail.<br><strong>Reception:<\/strong>&nbsp;Obemannad.<br><br>Vi tar inte emot patienter via v\u00e5rdavtal i \u00d6rebro.&nbsp;<br><br><strong>N\u00e4rmaste h\u00e5llplats med buss<\/strong>&nbsp;<br>Kliniken ligger n\u00e4ra Kr\u00e4martorget d\u00e4r buss nummer 5, 6 &amp; 22 stannar.<br><br><strong>Parkering<\/strong><br>N\u00e4rmaste parkering \u00e4r antingen i Kr\u00e4maren eller S\u00f6dergaraget som b\u00e5da ligger 5 minuters g\u00e5ngv\u00e4g fr\u00e5n kliniken.<br><br>Kliniken ligger ca 15-20 min promenad fr\u00e5n \u00d6rebro Central.<\/p>\n\n\n\n<p class=\"has-text-align-center\" id=\"h-har-du-fragor-om-tjansten\"><\/p>\n\n\n\n<h2 class=\"wp-block-heading has-text-align-center\" id=\"h-allman-info\">Allm\u00e4n info<\/h2>\n\n\n\n<p class=\"has-text-align-center\">Vid fr\u00e5gor om bokning, behandling eller allm\u00e4nna funderingar n\u00e5r du oss p\u00e5 <a href=\"mailto:info@stjarnkliniken.com\">info@stjarnkliniken.com<\/a> eller telefon, <a href=\"tel:010-30 30 260\">010-30 30 260<\/a>, p\u00e5 f\u00f6ljande tider:<\/p>\n\n\n\n<p class=\"has-text-align-center\"><strong>M\u00e5ndagar:<\/strong>&nbsp;07:20 \u2013 16:20<br><strong>Tisdagar \u2013 torsdagar:<\/strong>&nbsp;07:20 \u2013 10:00 och 14.20 &#8211; 16.20<br><strong>Fredagar:<\/strong>&nbsp;07:20 \u2013 12:20<\/p>\n\n\n\n<p class=\"has-text-align-center\">Vid organisatoriska fr\u00e5gor kontakta VD Gustav Ingestad p\u00e5 <a href=\"mailto:gustav@stjarnkliniken.com\">gustav@stjarnkliniken.com<\/a><\/p>\n","protected":false},"excerpt":{"rendered":"<p>KONTAKT \u00d6REBRO. Mailadresser. Frida Bylinder. <\/p>\n","protected":false},"author":42,"featured_media":0,"parent":0,"menu_order":0,"comment_status":"closed","ping_status":"closed","template":"","meta":{"_acf_changed":false,"footnotes":""},"class_list":["post-9709","page","type-page","status-publish","hentry"],"acf":[],"yoast_head":"<!-- This site is optimized with the Yoast SEO Premium plugin v22.6 (Yoast SEO v22.6) - https:\/\/yoast.com\/wordpress\/plugins\/seo\/ -->\n<title>Kontakt \u00d6rebro - \u00d6rebro City<\/title>\n<meta name=\"robots\" content=\"index, follow, max-snippet:-1, max-image-preview:large, max-video-preview:-1\" \/>\n<link rel=\"canonical\" href=\"https:\/\/www.stjarnkliniken.com\/orebro-city\/kontakt-orebro\/\" \/>\n<meta property=\"og:locale\" content=\"sv_SE\" \/>\n<meta property=\"og:type\" content=\"article\" \/>\n<meta property=\"og:title\" content=\"Kontakt \u00d6rebro\" \/>\n<meta property=\"og:description\" content=\"KONTAKT \u00d6REBRO. Mailadresser. Frida Bylinder.\" \/>\n<meta property=\"og:url\" content=\"https:\/\/www.stjarnkliniken.com\/orebro-city\/kontakt-orebro\/\" \/>\n<meta property=\"og:site_name\" content=\"\u00d6rebro City\" \/>\n<meta property=\"article:modified_time\" content=\"2026-02-03T08:50:08+00:00\" \/>\n<meta name=\"twitter:card\" content=\"summary_large_image\" \/>\n<meta name=\"twitter:label1\" content=\"Ber\u00e4knad l\u00e4stid\" \/>\n\t<meta name=\"twitter:data1\" content=\"1 minut\" \/>\n<script type=\"application\/ld+json\" class=\"yoast-schema-graph\">{\"@context\":\"https:\/\/schema.org\",\"@graph\":[{\"@type\":\"WebPage\",\"@id\":\"https:\/\/www.stjarnkliniken.com\/orebro-city\/kontakt-orebro\/\",\"url\":\"https:\/\/www.stjarnkliniken.com\/orebro-city\/kontakt-orebro\/\",\"name\":\"Kontakt \u00d6rebro - \u00d6rebro City\",\"isPartOf\":{\"@id\":\"https:\/\/www.stjarnkliniken.com\/orebro-city\/#website\"},\"datePublished\":\"2025-04-08T11:46:26+00:00\",\"dateModified\":\"2026-02-03T08:50:08+00:00\",\"breadcrumb\":{\"@id\":\"https:\/\/www.stjarnkliniken.com\/orebro-city\/kontakt-orebro\/#breadcrumb\"},\"inLanguage\":\"sv-SE\",\"potentialAction\":[{\"@type\":\"ReadAction\",\"target\":[\"https:\/\/www.stjarnkliniken.com\/orebro-city\/kontakt-orebro\/\"]}]},{\"@type\":\"BreadcrumbList\",\"@id\":\"https:\/\/www.stjarnkliniken.com\/orebro-city\/kontakt-orebro\/#breadcrumb\",\"itemListElement\":[{\"@type\":\"ListItem\",\"position\":1,\"name\":\"Hem\",\"item\":\"https:\/\/www.stjarnkliniken.com\/orebro-city\/\"},{\"@type\":\"ListItem\",\"position\":2,\"name\":\"Kontakt \u00d6rebro\"}]},{\"@type\":\"WebSite\",\"@id\":\"https:\/\/www.stjarnkliniken.com\/orebro-city\/#website\",\"url\":\"https:\/\/www.stjarnkliniken.com\/orebro-city\/\",\"name\":\"\u00d6rebro City\",\"description\":\"Stj\u00e4rnkliniken: Naprapati &amp; massage - ingen v\u00e4ntetid, ingen remiss!\",\"potentialAction\":[{\"@type\":\"SearchAction\",\"target\":{\"@type\":\"EntryPoint\",\"urlTemplate\":\"https:\/\/www.stjarnkliniken.com\/orebro-city\/?s={search_term_string}\"},\"query-input\":\"required name=search_term_string\"}],\"inLanguage\":\"sv-SE\"}]}<\/script>\n<!-- \/ Yoast SEO Premium plugin. -->","yoast_head_json":{"title":"Kontakt \u00d6rebro - \u00d6rebro City","robots":{"index":"index","follow":"follow","max-snippet":"max-snippet:-1","max-image-preview":"max-image-preview:large","max-video-preview":"max-video-preview:-1"},"canonical":"https:\/\/www.stjarnkliniken.com\/orebro-city\/kontakt-orebro\/","og_locale":"sv_SE","og_type":"article","og_title":"Kontakt \u00d6rebro","og_description":"KONTAKT \u00d6REBRO. Mailadresser. Frida Bylinder.","og_url":"https:\/\/www.stjarnkliniken.com\/orebro-city\/kontakt-orebro\/","og_site_name":"\u00d6rebro City","article_modified_time":"2026-02-03T08:50:08+00:00","twitter_card":"summary_large_image","twitter_misc":{"Ber\u00e4knad l\u00e4stid":"1 minut"},"schema":{"@context":"https:\/\/schema.org","@graph":[{"@type":"WebPage","@id":"https:\/\/www.stjarnkliniken.com\/orebro-city\/kontakt-orebro\/","url":"https:\/\/www.stjarnkliniken.com\/orebro-city\/kontakt-orebro\/","name":"Kontakt \u00d6rebro - \u00d6rebro City","isPartOf":{"@id":"https:\/\/www.stjarnkliniken.com\/orebro-city\/#website"},"datePublished":"2025-04-08T11:46:26+00:00","dateModified":"2026-02-03T08:50:08+00:00","breadcrumb":{"@id":"https:\/\/www.stjarnkliniken.com\/orebro-city\/kontakt-orebro\/#breadcrumb"},"inLanguage":"sv-SE","potentialAction":[{"@type":"ReadAction","target":["https:\/\/www.stjarnkliniken.com\/orebro-city\/kontakt-orebro\/"]}]},{"@type":"BreadcrumbList","@id":"https:\/\/www.stjarnkliniken.com\/orebro-city\/kontakt-orebro\/#breadcrumb","itemListElement":[{"@type":"ListItem","position":1,"name":"Hem","item":"https:\/\/www.stjarnkliniken.com\/orebro-city\/"},{"@type":"ListItem","position":2,"name":"Kontakt \u00d6rebro"}]},{"@type":"WebSite","@id":"https:\/\/www.stjarnkliniken.com\/orebro-city\/#website","url":"https:\/\/www.stjarnkliniken.com\/orebro-city\/","name":"\u00d6rebro City","description":"Stj\u00e4rnkliniken: Naprapati &amp; massage - ingen v\u00e4ntetid, ingen remiss!","potentialAction":[{"@type":"SearchAction","target":{"@type":"EntryPoint","urlTemplate":"https:\/\/www.stjarnkliniken.com\/orebro-city\/?s={search_term_string}"},"query-input":"required name=search_term_string"}],"inLanguage":"sv-SE"}]}},"_links":{"self":[{"href":"https:\/\/www.stjarnkliniken.com\/orebro-city\/wp-json\/wp\/v2\/pages\/9709","targetHints":{"allow":["GET"]}}],"collection":[{"href":"https:\/\/www.stjarnkliniken.com\/orebro-city\/wp-json\/wp\/v2\/pages"}],"about":[{"href":"https:\/\/www.stjarnkliniken.com\/orebro-city\/wp-json\/wp\/v2\/types\/page"}],"author":[{"embeddable":true,"href":"https:\/\/www.stjarnkliniken.com\/orebro-city\/wp-json\/wp\/v2\/users\/42"}],"replies":[{"embeddable":true,"href":"https:\/\/www.stjarnkliniken.com\/orebro-city\/wp-json\/wp\/v2\/comments?post=9709"}],"version-history":[{"count":5,"href":"https:\/\/www.stjarnkliniken.com\/orebro-city\/wp-json\/wp\/v2\/pages\/9709\/revisions"}],"predecessor-version":[{"id":9830,"href":"https:\/\/www.stjarnkliniken.com\/orebro-city\/wp-json\/wp\/v2\/pages\/9709\/revisions\/9830"}],"wp:attachment":[{"href":"https:\/\/www.stjarnkliniken.com\/orebro-city\/wp-json\/wp\/v2\/media?parent=9709"}],"curies":[{"name":"wp","href":"https:\/\/api.w.org\/{rel}","templated":true}]}}