{"id":5,"date":"2022-04-12T05:13:37","date_gmt":"2022-04-12T05:13:37","guid":{"rendered":"https:\/\/www.stjarnkliniken.com\/?page_id=5"},"modified":"2026-02-10T14:21:22","modified_gmt":"2026-02-10T14:21:22","slug":"start","status":"publish","type":"page","link":"https:\/\/www.stjarnkliniken.com\/orebro-city\/","title":{"rendered":"Start"},"content":{"rendered":"\n<div class=\"wp-block-group alignfull has-yellow-100-background-color has-background is-layout-flow wp-block-group-is-layout-flow\">\n\n<div class=\"wp-block-qala-blocks-hero alignfull content-position__left content-align__center\" >\n\t<div\n\t\tclass=\"wp-block-qala-blocks-hero__wrapper \"\n\t\tstyle=\" \"\n\t\t>\n\n\t\t\t\t<div\n\t\t\tclass=\"wp-block-qala-blocks-hero__content\"\n\t\t\tdata-width=\"50%\"\n\t\t\tstyle=\" width:50%;  text-align:left;\"\n\t\t\t>\n\t\t\t\n\n<div class=\"wp-block-columns are-vertically-aligned-center is-justified-center is-layout-flex wp-container-core-columns-is-layout-1a80326f wp-block-columns-is-layout-flex\" style=\"margin-top:0;margin-bottom:0;padding-right:0;padding-left:0\">\n<div class=\"wp-block-column is-vertically-aligned-center is-layout-flow wp-block-column-is-layout-flow\" style=\"padding-top:var(--wp--preset--spacing--70);padding-right:0;padding-bottom:var(--wp--preset--spacing--40);flex-basis:550px\">\n<h1 class=\"wp-block-heading has-text-align-center wp-block-qala-blocks-hero__heading\" id=\"h-terapeuter-i-orebro\"><em><em>TERAPEUTER I \u00d6REBRO<\/em><\/em><\/h1>\n\n\n\n<p class=\"has-text-align-center has-medium-font-size\">Vi hj\u00e4lper dig att m\u00e5 bra i kroppen &#8211; med omtanke, kunskap och kvalitet i varje behandling. V\u00e4lkommen till v\u00e5rt team av terapeuter!<\/p>\n\n\n\n<div class=\"wp-block-buttons is-horizontal is-content-justification-center is-layout-flex wp-container-core-buttons-is-layout-499968f5 wp-block-buttons-is-layout-flex\">\n<div class=\"wp-block-button is-style-secondary-outline wp-block-button is-style-secondary-outline\"><a class=\"wp-block-button__link wp-element-button\" href=\"https:\/\/www.stjarnkliniken.com\/orebro-city\/tjanster\/\">Tj\u00e4nster<\/a><\/div>\n\n\n\n<div class=\"wp-block-button wp-block-button\"><a class=\"wp-block-button__link wp-element-button\" href=\"https:\/\/stjarnkliniken.app.myaimi.se\/boka\/orebro\">Boka tid<\/a><\/div>\n\n\n\n<div class=\"wp-block-button wp-block-button\"><a class=\"wp-block-button__link wp-element-button\" href=\"https:\/\/stjarnkliniken.app.myaimi.se\/boka\/orebro\">Logga in<\/a><\/div>\n\n\n\n<div class=\"wp-block-button is-style-primary-outline wp-block-button is-style-primary-outline\"><a class=\"wp-block-button__link wp-element-button\" href=\"https:\/\/www.stjarnkliniken.com\/orebro-city\/kontakt-orebro\/\">Kontakt<\/a><\/div>\n<\/div>\n\n\n\n<div style=\"height:25px\" aria-hidden=\"true\" class=\"wp-block-spacer\"><\/div>\n\n\n\n<p class=\"has-text-align-center\" style=\"padding-right:var(--wp--preset--spacing--60);padding-left:var(--wp--preset--spacing--60)\"><em>Du kan enkelt boka\/omboka\/avboka via v\u00e5r onlinebokning<\/em> <em>&#8211; MyAimi<\/em><\/p>\n\n\n\n<p class=\"has-text-align-center has-black-color has-text-color has-link-color wp-elements-d5116c550e3d0256bd92990f9d4c42e6\" style=\"padding-top:0;padding-right:var(--wp--preset--spacing--40);padding-bottom:0;padding-left:var(--wp--preset--spacing--40)\">Anv\u00e4nd ditt&nbsp;<strong>friskv\u00e5rdsbidrag<\/strong>&nbsp;hos oss!&nbsp;<a href=\"https:\/\/www.stjarnkliniken.com\/friskvardsbidrag\/\"><em>S\u00e4kerst\u00e4ll med din arbetsgivare vad som g\u00e4ller kring friskv\u00e5rd f\u00f6r dig \u2013 innan bokning<\/em><\/a><\/p>\n\n\n\n<div class=\"wp-block-columns hero-circles is-layout-flex wp-container-core-columns-is-layout-0c154f69 wp-block-columns-is-layout-flex\" style=\"margin-top:0;margin-bottom:0;padding-top:var(--wp--preset--spacing--30);padding-right:0;padding-bottom:var(--wp--preset--spacing--30);padding-left:0\">\n<div class=\"wp-block-column is-layout-flow wp-block-column-is-layout-flow\">\n<figure class=\"wp-block-image size-large is-style-rounded\"><img loading=\"lazy\" decoding=\"async\" width=\"600\" height=\"600\" src=\"https:\/\/www.stjarnkliniken.com\/orebro-city\/wp-content\/uploads\/sites\/14\/2023\/01\/naprapati-6-hemsida.jpg\" alt=\"\" class=\"wp-image-8967\" srcset=\"https:\/\/www.stjarnkliniken.com\/orebro-city\/wp-content\/uploads\/sites\/14\/2023\/01\/naprapati-6-hemsida.jpg 600w, https:\/\/www.stjarnkliniken.com\/orebro-city\/wp-content\/uploads\/sites\/14\/2023\/01\/naprapati-6-hemsida-300x300.jpg 300w, https:\/\/www.stjarnkliniken.com\/orebro-city\/wp-content\/uploads\/sites\/14\/2023\/01\/naprapati-6-hemsida-520x520.jpg 520w\" sizes=\"auto, (max-width: 600px) 100vw, 600px\" \/><\/figure>\n\n\n\n<h5 class=\"wp-block-heading has-text-align-center has-normal-font-size\" id=\"h-naprapati\">Naprapati<\/h5>\n<\/div>\n\n\n\n<div class=\"wp-block-column is-layout-flow wp-block-column-is-layout-flow\">\n<figure class=\"wp-block-image size-large is-style-rounded\"><img loading=\"lazy\" decoding=\"async\" width=\"600\" height=\"600\" src=\"https:\/\/www.stjarnkliniken.com\/wp-content\/uploads\/2022\/05\/massage4-hemsida.jpg\" alt=\"\" class=\"wp-image-8222\" srcset=\"https:\/\/www.stjarnkliniken.com\/orebro-city\/wp-content\/uploads\/sites\/14\/2022\/05\/massage4-hemsida.jpg 600w, https:\/\/www.stjarnkliniken.com\/orebro-city\/wp-content\/uploads\/sites\/14\/2022\/05\/massage4-hemsida-300x300.jpg 300w\" sizes=\"auto, (max-width: 600px) 100vw, 600px\" \/><\/figure>\n\n\n\n<h5 class=\"wp-block-heading has-text-align-center has-normal-font-size\" id=\"h-massage\">Massage<\/h5>\n<\/div>\n\n\n\n<div class=\"wp-block-column is-layout-flow wp-block-column-is-layout-flow\">\n<figure class=\"wp-block-image size-large is-style-rounded\"><img loading=\"lazy\" decoding=\"async\" width=\"591\" height=\"591\" src=\"https:\/\/www.stjarnkliniken.com\/wp-content\/uploads\/2022\/05\/naprapati-3-hemsida.jpg\" alt=\"\" class=\"wp-image-8343\" srcset=\"https:\/\/www.stjarnkliniken.com\/orebro-city\/wp-content\/uploads\/sites\/14\/2022\/05\/naprapati-3-hemsida.jpg 591w, https:\/\/www.stjarnkliniken.com\/orebro-city\/wp-content\/uploads\/sites\/14\/2022\/05\/naprapati-3-hemsida-300x300.jpg 300w\" sizes=\"auto, (max-width: 591px) 100vw, 591px\" \/><\/figure>\n\n\n\n<h5 class=\"wp-block-heading has-text-align-center has-normal-font-size\" id=\"h-fysioterapi\">Fysioterapi<\/h5>\n<\/div>\n\n\n\n<div class=\"wp-block-column is-layout-flow wp-block-column-is-layout-flow\">\n<figure class=\"wp-block-image size-full is-style-rounded\"><img loading=\"lazy\" decoding=\"async\" width=\"600\" height=\"600\" src=\"https:\/\/www.stjarnkliniken.com\/orebro-city\/wp-content\/uploads\/sites\/14\/2023\/08\/coach-hemsida.jpg\" alt=\"\" class=\"wp-image-9185\" srcset=\"https:\/\/www.stjarnkliniken.com\/orebro-city\/wp-content\/uploads\/sites\/14\/2023\/08\/coach-hemsida.jpg 600w, https:\/\/www.stjarnkliniken.com\/orebro-city\/wp-content\/uploads\/sites\/14\/2023\/08\/coach-hemsida-300x300.jpg 300w, https:\/\/www.stjarnkliniken.com\/orebro-city\/wp-content\/uploads\/sites\/14\/2023\/08\/coach-hemsida-520x520.jpg 520w\" sizes=\"auto, (max-width: 600px) 100vw, 600px\" \/><\/figure>\n\n\n\n<h5 class=\"wp-block-heading has-text-align-center has-normal-font-size\" id=\"h-samtals-terapi\">Samtals-terapi<\/h5>\n<\/div>\n<\/div>\n<\/div>\n<\/div>\n\n\t\t<\/div>\n\n\t\t\n\t\t<div\n\t\t\tclass=\"wp-block-qala-blocks-hero__media-wrap\"\n\t\t\tstyle=\"aspect-ratio:1500\/1000\"\n\t\t\t>\n\n\t\t\t\t\t\t\t<img decoding=\"async\" width=\"300\" height=\"200\" src=\"https:\/\/www.stjarnkliniken.com\/orebro-city\/wp-content\/uploads\/sites\/14\/2023\/09\/o\u0308re_johan_start-300x200.jpg\" class=\"attachment-medium size-medium\" alt=\"\" loading=\"lazy\" srcset=\"https:\/\/www.stjarnkliniken.com\/orebro-city\/wp-content\/uploads\/sites\/14\/2023\/09\/o\u0308re_johan_start-300x200.jpg 300w, https:\/\/www.stjarnkliniken.com\/orebro-city\/wp-content\/uploads\/sites\/14\/2023\/09\/o\u0308re_johan_start-1024x683.jpg 1024w, https:\/\/www.stjarnkliniken.com\/orebro-city\/wp-content\/uploads\/sites\/14\/2023\/09\/o\u0308re_johan_start-266x178.jpg 266w, https:\/\/www.stjarnkliniken.com\/orebro-city\/wp-content\/uploads\/sites\/14\/2023\/09\/o\u0308re_johan_start-710x473.jpg 710w, https:\/\/www.stjarnkliniken.com\/orebro-city\/wp-content\/uploads\/sites\/14\/2023\/09\/o\u0308re_johan_start-268x178.jpg 268w, https:\/\/www.stjarnkliniken.com\/orebro-city\/wp-content\/uploads\/sites\/14\/2023\/09\/o\u0308re_johan_start-450x300.jpg 450w, https:\/\/www.stjarnkliniken.com\/orebro-city\/wp-content\/uploads\/sites\/14\/2023\/09\/o\u0308re_johan_start-780x520.jpg 780w, https:\/\/www.stjarnkliniken.com\/orebro-city\/wp-content\/uploads\/sites\/14\/2023\/09\/o\u0308re_johan_start.jpg 1500w\" sizes=\"auto, (max-width: 300px) 100vw, 300px\" \/>\t\t\t\n\t\t\t\t\t\t\n\t\t\t\t\t\t\t<div\n\t\t\t\t\tclass=\"overlay\"\n\t\t\t\t\tstyle=\"opacity:70%; \"\n\t\t\t\t><\/div>\n\t\t\t\n\t\t<\/div>\n\t<\/div>\n<\/div>\n<\/div>\n\n\n\n<div class=\"wp-block-group alignfull has-yellow-300-background-color has-background is-layout-constrained wp-container-core-group-is-layout-2235da23 wp-block-group-is-layout-constrained\" style=\"padding-top:40px;padding-bottom:40px\">\n<div class=\"wp-block-columns alignwide is-layout-flex wp-container-core-columns-is-layout-9d6595d7 wp-block-columns-is-layout-flex\">\n<div class=\"wp-block-column is-layout-flow wp-block-column-is-layout-flow\">\n<figure class=\"wp-block-image aligncenter size-full is-resized is-style-default\"><img decoding=\"async\" src=\"https:\/\/www.stjarnkliniken.com\/wp-content\/uploads\/sites\/4\/2022\/04\/Group-959.png\" alt=\"\" class=\"wp-image-48\" style=\"object-fit:cover;width:50px;height:50px\" \/><\/figure>\n\n\n\n<h4 class=\"wp-block-heading has-text-align-center has-normal-font-size\" id=\"h-erfarna-medarbetare\">Erfarna medarbetare<\/h4>\n\n\n\n<p class=\"has-text-align-center has-small-font-size\">Stj\u00e4rnkliniken \u00e4r teamet best\u00e5ende av certifierade och legitimerade terapeuter med kvalitet, trygghet och kompetens i fokus<\/p>\n<\/div>\n\n\n\n<div class=\"wp-block-column is-layout-flow wp-block-column-is-layout-flow\">\n<figure class=\"wp-block-image aligncenter size-large is-resized is-style-default\"><img decoding=\"async\" src=\"https:\/\/www.stjarnkliniken.com\/wp-content\/uploads\/sites\/4\/2022\/04\/Group-958.png\" alt=\"\" class=\"wp-image-51\" style=\"object-fit:cover;width:50px;height:50px\" \/><\/figure>\n\n\n\n<h4 class=\"wp-block-heading has-text-align-center has-normal-font-size\" id=\"h-kliniker-over-hela-sverige\">Kliniker \u00f6ver hela Sverige<\/h4>\n\n\n\n<p class=\"has-text-align-center has-small-font-size\">V\u00e5r vision \u00e4r att skapa ett friskare Sverige med pr\u00e4gling av elitidrotten<\/p>\n<\/div>\n\n\n\n<div class=\"wp-block-column is-layout-flow wp-block-column-is-layout-flow\">\n<figure class=\"wp-block-image aligncenter size-large is-resized is-style-default\"><img decoding=\"async\" src=\"https:\/\/www.stjarnkliniken.com\/wp-content\/uploads\/sites\/4\/2022\/04\/Group-960.png\" alt=\"\" class=\"wp-image-50\" style=\"object-fit:cover;width:50px;height:50px\" \/><\/figure>\n\n\n\n<h4 class=\"wp-block-heading has-text-align-center has-normal-font-size\" id=\"h-betrodd-av-idrottare\">Betrodd av idrottare<\/h4>\n\n\n\n<p class=\"has-text-align-center has-small-font-size\">Vi arbetar n\u00e4ra elitidrottare och landslag \u2013 en kunskap vi v\u00e5rdar f\u00f6r att kunna behandla dig p\u00e5 b\u00e4sta s\u00e4tt&nbsp;<\/p>\n<\/div>\n\n\n\n<div class=\"wp-block-column is-layout-flow wp-block-column-is-layout-flow\">\n<figure class=\"wp-block-image aligncenter size-large is-resized is-style-default\"><img decoding=\"async\" src=\"https:\/\/www.stjarnkliniken.com\/wp-content\/uploads\/sites\/4\/2022\/04\/Group-961.png\" alt=\"\" class=\"wp-image-49\" style=\"object-fit:cover;width:50px;height:50px\" \/><\/figure>\n\n\n\n<h4 class=\"wp-block-heading has-text-align-center has-normal-font-size\" id=\"h-kundnojdhet-i-varldsklass\">Kundn\u00f6jdhet i v\u00e4rldsklass<\/h4>\n\n\n\n<p class=\"has-text-align-center has-small-font-size\">Vi \u00e4r stolta \u00f6ver att kunna erbjuda kvalit\u00e9 och v\u00e5ra kundunders\u00f6kningar understryker detta&nbsp;<\/p>\n<\/div>\n<\/div>\n<\/div>\n\n\n\n<div style=\"height:49px\" aria-hidden=\"true\" class=\"wp-block-spacer\"><\/div>\n\n\n\n<div class=\"wp-block-group is-layout-flow wp-block-group-is-layout-flow\">\n<h4 class=\"wp-block-heading has-text-align-center has-large-font-size\" id=\"h-vara-stjarnor-i-orebro-hjalper-dig\"><b>V\u00e5ra Stj\u00e4rnor i <\/b><span class=\"has-inline-color has-yellow-300-color\"><b>\u00d6rebro<\/b><\/span> <strong>hj\u00e4lper dig.<\/strong><\/h4>\n<\/div>\n\n\n\n<div class=\"wp-block-buttons is-horizontal is-content-justification-center is-layout-flex wp-container-core-buttons-is-layout-499968f5 wp-block-buttons-is-layout-flex\">\n<div class=\"wp-block-button is-style-primary-outline wp-block-button is-style-primary-outline\"><a class=\"wp-block-button__link wp-element-button\" href=\"https:\/\/www.stjarnkliniken.com\/orebro-city\/terapeuter\/\">M\u00f6t terapeuterna<\/a><\/div>\n<\/div>\n\n\n\n<div class=\"wp-block-columns is-layout-flex wp-container-core-columns-is-layout-9d6595d7 wp-block-columns-is-layout-flex\">\n<div class=\"wp-block-column is-layout-flow wp-block-column-is-layout-flow\" style=\"flex-basis:33.34%\"><\/div>\n\n\n\n<div class=\"wp-block-column is-layout-flow wp-block-column-is-layout-flow\" style=\"flex-basis:33.34%\">\n<div class=\"wp-block-group is-layout-flow wp-block-group-is-layout-flow\">\n<figure class=\"wp-block-image aligncenter size-full is-style-rounded\"><a href=\"https:\/\/www.stjarnkliniken.com\/orebro-city\/personal\/frida-bylinder\/\"><img loading=\"lazy\" decoding=\"async\" width=\"300\" height=\"300\" src=\"https:\/\/www.stjarnkliniken.com\/orebro-city\/wp-content\/uploads\/sites\/14\/2025\/07\/Frida-300-x-300.jpg\" alt=\"\" class=\"wp-image-9740\" srcset=\"https:\/\/www.stjarnkliniken.com\/orebro-city\/wp-content\/uploads\/sites\/14\/2025\/07\/Frida-300-x-300.jpg 300w, https:\/\/www.stjarnkliniken.com\/orebro-city\/wp-content\/uploads\/sites\/14\/2025\/07\/Frida-300-x-300-178x178.jpg 178w\" sizes=\"auto, (max-width: 300px) 100vw, 300px\" \/><\/a><\/figure>\n\n\n\n<h5 class=\"wp-block-heading has-text-align-center\" id=\"h-frida-bylinder\"><a href=\"https:\/\/www.stjarnkliniken.com\/orebro-city\/personal\/frida-bylinder\/\"><mark style=\"background-color:#ffffff\" class=\"has-inline-color has-black-color\">Frida Bylinder<\/mark><\/a><\/h5>\n\n\n\n<div class=\"wp-block-group is-label is-layout-flow wp-block-group-is-layout-flow\">\n<p class=\"has-text-align-center is-label has-yellow-300-background-color has-background has-small-font-size\" id=\"h-stjarnkliniken\"><strong><em><strong><em>Klinikchef, Idrottsfysiolog &amp; Samtalsterapeut<\/em><\/strong><\/em><\/strong><\/p>\n<\/div>\n<\/div>\n<\/div>\n\n\n\n<div class=\"wp-block-column is-layout-flow wp-block-column-is-layout-flow\" style=\"flex-basis:33.33%\"><\/div>\n<\/div>\n\n\n\n<blockquote class=\"wp-block-quote is-layout-flow wp-block-quote-is-layout-flow\">\n<p class=\"has-text-align-center\">Vi \u00e4r ett engagerat team som arbetar tillsammans f\u00f6r att ta hand om hela din kropp. Hos oss f\u00e5r du personligt bem\u00f6tande, gedigen kunskap och behandlingar med h\u00f6g kvalitet. V\u00e4lkommen \u2013 vi ser fram emot att hj\u00e4lpa dig m\u00e5 b\u00e4ttre!<\/p>\n<\/blockquote>\n\n\n\n<div style=\"height:49px\" aria-hidden=\"true\" class=\"wp-block-spacer\"><\/div>\n\n\n\n<div class=\"wp-block-group alignwide is-layout-flow wp-block-group-is-layout-flow\">\n<div class=\"wp-block-columns alignwide has-same-height is-layout-flex wp-container-core-columns-is-layout-9d6595d7 wp-block-columns-is-layout-flex\">\n<div class=\"wp-block-column is-layout-flow wp-block-column-is-layout-flow\">\n<div class=\"wp-block-group has-yellow-100-background-color has-background is-layout-flow wp-block-group-is-layout-flow\" style=\"padding-top:20px;padding-right:20px;padding-bottom:20px;padding-left:20px\">\n<h4 class=\"wp-block-heading\" id=\"h-boka-tid\">Boka tid<\/h4>\n\n\n\n<p>Vi \u00e4r specialiserade inom olika typer av symptom och diagnoser inom muskler, leder och\/eller skelett. Det kan vara arbetsrelaterade belastningsskador, idrottsskador eller psykiska besv\u00e4r.<\/p>\n\n\n\n<div class=\"wp-block-buttons is-layout-flex wp-block-buttons-is-layout-flex\">\n<div class=\"wp-block-button wp-block-button\"><a class=\"wp-block-button__link wp-element-button\" href=\"https:\/\/stjarnkliniken.app.myaimi.se\/boka\/orebro\">Boka tid<\/a><\/div>\n<\/div>\n<\/div>\n<\/div>\n\n\n\n<div class=\"wp-block-column is-layout-flow wp-block-column-is-layout-flow\">\n<div class=\"wp-block-group contact-info-block has-yellow-300-background-color has-background is-layout-flow wp-block-group-is-layout-flow\" style=\"padding-top:20px;padding-right:20px;padding-bottom:20px;padding-left:20px\">\n<h4 class=\"wp-block-heading\" id=\"h-kontakt\">Kontakt<\/h4>\n\n\n\n<div class=\"wp-block-columns are-vertically-aligned-center contact-image-info is-layout-flex wp-container-core-columns-is-layout-9d6595d7 wp-block-columns-is-layout-flex\">\n<div class=\"wp-block-column is-vertically-aligned-center is-layout-flow wp-block-column-is-layout-flow\" style=\"flex-basis:40px\">\n<figure class=\"wp-block-image size-large\"><img loading=\"lazy\" decoding=\"async\" width=\"80\" height=\"80\" src=\"https:\/\/www.stjarnkliniken.com\/wp-content\/uploads\/sites\/4\/2022\/05\/PHONE.png\" alt=\"\" class=\"wp-image-8285\" \/><\/figure>\n<\/div>\n\n\n\n<div class=\"wp-block-column is-vertically-aligned-center is-layout-flow wp-block-column-is-layout-flow\">\n<p><a href=\"tel:010-30 30 260\">010-30 30 260<\/a><\/p>\n\n\n\n<p class=\"has-black-color has-text-color has-link-color wp-elements-b01a462b9227b251403400f3ab2ec53d\"><em><a href=\"https:\/\/www.stjarnkliniken.com\/orebro-city\/kontakt-orebro\/\">Info telefontider<\/a><\/em><\/p>\n<\/div>\n<\/div>\n\n\n\n<div class=\"wp-block-columns are-vertically-aligned-center contact-image-info is-layout-flex wp-container-core-columns-is-layout-9d6595d7 wp-block-columns-is-layout-flex\">\n<div class=\"wp-block-column is-vertically-aligned-center is-layout-flow wp-block-column-is-layout-flow\" style=\"flex-basis:40px\">\n<figure class=\"wp-block-image size-large\"><img loading=\"lazy\" decoding=\"async\" width=\"80\" height=\"80\" src=\"https:\/\/www.stjarnkliniken.com\/wp-content\/uploads\/sites\/4\/2022\/05\/mail.png\" alt=\"\" class=\"wp-image-8288\" \/><\/figure>\n<\/div>\n\n\n\n<div class=\"wp-block-column is-vertically-aligned-center is-layout-flow wp-block-column-is-layout-flow\">\n<p><a href=\"tel:011 15 95 95\"><\/a><a href=\"mailto:info@stjarnkliniken.com\">info@stjarnkliniken.com<\/a><\/p>\n<\/div>\n<\/div>\n\n\n\n<div class=\"wp-block-columns are-vertically-aligned-center contact-image-info is-layout-flex wp-container-core-columns-is-layout-9d6595d7 wp-block-columns-is-layout-flex\">\n<div class=\"wp-block-column is-vertically-aligned-center is-layout-flow wp-block-column-is-layout-flow\" style=\"flex-basis:40px\">\n<figure class=\"wp-block-image size-large\"><img loading=\"lazy\" decoding=\"async\" width=\"80\" height=\"80\" src=\"https:\/\/www.stjarnkliniken.com\/wp-content\/uploads\/sites\/4\/2022\/05\/pin.png\" alt=\"\" class=\"wp-image-8286\" \/><\/figure>\n<\/div>\n\n\n\n<div class=\"wp-block-column is-vertically-aligned-center is-layout-flow wp-block-column-is-layout-flow\">\n<p><a href=\"https:\/\/maps.app.goo.gl\/oEhhaMEnxuRvgB3DA\" target=\"_blank\" rel=\"noreferrer noopener\">Kungsgatan 32B<\/a><\/p>\n<\/div>\n<\/div>\n\n\n\n<div class=\"wp-block-columns are-vertically-aligned-top contact-image-info is-layout-flex wp-container-core-columns-is-layout-9d6595d7 wp-block-columns-is-layout-flex\">\n<div class=\"wp-block-column is-vertically-aligned-top is-layout-flow wp-block-column-is-layout-flow\" style=\"flex-basis:40px\">\n<figure class=\"wp-block-image size-large\"><img loading=\"lazy\" decoding=\"async\" width=\"80\" height=\"80\" src=\"https:\/\/www.stjarnkliniken.com\/wp-content\/uploads\/sites\/4\/2022\/05\/time.png\" alt=\"\" class=\"wp-image-8287\" \/><\/figure>\n<\/div>\n\n\n\n<div class=\"wp-block-column is-vertically-aligned-top is-layout-flow wp-block-column-is-layout-flow\">\n<p>M\u00e5ndag-fredag<br>08:00-17:00<\/p>\n<\/div>\n<\/div>\n\n\n\n<div class=\"wp-block-buttons is-layout-flex wp-block-buttons-is-layout-flex\">\n<div class=\"wp-block-button is-style-secondary-outline wp-block-button is-style-secondary-outline\"><a class=\"wp-block-button__link wp-element-button\" href=\"https:\/\/www.stjarnkliniken.com\/orebro-city\/kontakt-orebro\/\">L\u00e4s mer h\u00e4r<\/a><\/div>\n<\/div>\n<\/div>\n<\/div>\n\n\n\n<div class=\"wp-block-column is-layout-flow wp-block-column-is-layout-flow\">\n<div class=\"wp-block-group team-testimonial has-white-color has-yellow-600-background-color has-text-color has-background is-layout-flow wp-block-group-is-layout-flow\" style=\"padding-top:20px;padding-right:20px;padding-bottom:20px;padding-left:20px\">\t<div class=\"wp-block-qala-blocks-single-testimonial align-left swiper-slide\" >\n\n\t\t\n\t\t<div class=\"testimonial-content\">\n\t\t\t<p>\n\t\t\t\t&#8221;Min m\u00e5ls\u00e4ttning \u00e4r att ha ett modernt syns\u00e4tt p\u00e5 b\u00e5de unders\u00f6kning och behandling, f\u00f6r att du som patient ska f\u00e5 b\u00e4sta m\u00f6jliga hj\u00e4lp. D\u00e4rf\u00f6r str\u00e4var jag efter att arbeta evidensbaserat i st\u00f6rsta m\u00f6jliga m\u00e5n.&#8221;\t\t\t<\/p>\n\t\t<\/div>\n\n\t\t\t\t\t<div class=\"testimonial-reviewer\">\n\t\t\t\t<img loading=\"lazy\" decoding=\"async\" width=\"150\" height=\"100\" src=\"https:\/\/www.stjarnkliniken.com\/orebro-city\/wp-content\/uploads\/sites\/14\/2024\/10\/johnny-hemsida-1-266x178.jpg\" class=\"testimonial-reviewer__image\" alt=\"\" sizes=\"auto, (max-width: 65px) 100vw, 65px\" srcset=\"https:\/\/www.stjarnkliniken.com\/orebro-city\/wp-content\/uploads\/sites\/14\/2024\/10\/johnny-hemsida-1-266x178.jpg 266w, https:\/\/www.stjarnkliniken.com\/orebro-city\/wp-content\/uploads\/sites\/14\/2024\/10\/johnny-hemsida-1-268x178.jpg 268w\" \/>\t\t\t\t\t\t\t\t\t\t\t\t\t<div class=\"testimonial-reviewer__details\">\n\t\t\t\t\t\t\t\t\t\t\t\t\t<span class=\"testimonial-reviewer__name\">Johnny Sellv\u00e9n<\/span>\n\t\t\t\t\t\t\t\t\t\t\t\t\t\t\t\t\t\t\t<span class=\"testimonial-reviewer__info\">Leg. Naprapat<\/span>\n\t\t\t\t\t\t\t\t\t\t\t<\/div>\n\t\t\t\t\t\t\t<\/div>\n\t\t\t<\/div>\n\n\n\n\n<p><\/p>\n<\/div>\n<\/div>\n<\/div>\n<\/div>\n\n\n\n<div style=\"height:55px\" aria-hidden=\"true\" class=\"wp-block-spacer\"><\/div>\n\n\n\n<div class=\"wp-block-group is-layout-flow wp-block-group-is-layout-flow\">\n<h2 class=\"wp-block-heading has-text-align-center\" id=\"h-nyheter\"><em>NYHETER<\/em><\/h2>\n\n\n\n<p class=\"has-text-align-center has-medium-font-size\">Stj\u00e4rnkliniken i \u00d6rebros senaste nyheter<\/p>\n<\/div>\n\n\n\n<div class=\"wp-block-buttons is-horizontal is-content-justification-center is-layout-flex wp-container-core-buttons-is-layout-499968f5 wp-block-buttons-is-layout-flex\">\n<div class=\"wp-block-button is-style-primary-outline wp-block-button is-style-primary-outline\"><a class=\"wp-block-button__link wp-element-button\" href=\"https:\/\/www.stjarnkliniken.com\/orebro-city\/nyhetsarkiv\/\">Se alla nyheter<\/a><\/div>\n<\/div>\n\n\n\n<div class=\"qala-latest-posts  alignwide is-archive  yo--\">\n\t\t<div class=\"qala-latest-posts__posts\" data-columns=\"3\">\n\t\t\t\t\t\t\t\t\t\t<div\n\t\t\t\t\t\tid=\"post-9835\"\n\t\t\t\t\t\tclass=\"qala-latest-posts__post-item \"\n\t\t\t\t\t>\n\t\t\t\t\t\t\t\t\t\t\t\t\t\t\t\t\t\t<a href=\"https:\/\/www.stjarnkliniken.com\/orebro-city\/blogg\/prisjustering-2026\/\" class=\"qala-latest-posts__image-container\" title=\"Prisjustering 2026\" aria-label=\"Prisjustering 2026\" style=\"border-radius: ; padding-bottom: ;\">\n\n\t\t\t\t\t\t\t\t<img loading=\"lazy\" decoding=\"async\" width=\"710\" height=\"445\" src=\"https:\/\/www.stjarnkliniken.com\/orebro-city\/wp-content\/uploads\/sites\/14\/2026\/02\/IMG_2251-scaled-710x445.jpg\" class=\"qala-latest-posts__image\" alt=\"\" srcset=\"https:\/\/www.stjarnkliniken.com\/orebro-city\/wp-content\/uploads\/sites\/14\/2026\/02\/IMG_2251-scaled-710x445.jpg 710w, https:\/\/www.stjarnkliniken.com\/orebro-city\/wp-content\/uploads\/sites\/14\/2026\/02\/IMG_2251-scaled-300x188.jpg 300w, https:\/\/www.stjarnkliniken.com\/orebro-city\/wp-content\/uploads\/sites\/14\/2026\/02\/IMG_2251-scaled-1024x641.jpg 1024w, https:\/\/www.stjarnkliniken.com\/orebro-city\/wp-content\/uploads\/sites\/14\/2026\/02\/IMG_2251-scaled-1536x962.jpg 1536w, https:\/\/www.stjarnkliniken.com\/orebro-city\/wp-content\/uploads\/sites\/14\/2026\/02\/IMG_2251-scaled-2048x1282.jpg 2048w, https:\/\/www.stjarnkliniken.com\/orebro-city\/wp-content\/uploads\/sites\/14\/2026\/02\/IMG_2251-scaled-266x167.jpg 266w, https:\/\/www.stjarnkliniken.com\/orebro-city\/wp-content\/uploads\/sites\/14\/2026\/02\/IMG_2251-scaled-450x282.jpg 450w, https:\/\/www.stjarnkliniken.com\/orebro-city\/wp-content\/uploads\/sites\/14\/2026\/02\/IMG_2251-scaled-830x520.jpg 830w\" sizes=\"auto, (max-width: 710px) 100vw, 710px\" \/>\t\t\t\t\t\t\t<\/a>\n\t\t\t\t\t\t\t\n\t\t\t\t\t\t\t\t\t\t\t\t\t<div class=\"qala-latest-posts__post-content\" style=\"text-align:left;\">\n\n\t\t\t\t\t\t\t\t\n\t\t\t\t\t\t\t\t\t\t\t\t\t\t\t\t\t\t\t\t\t\t\t\t\t\t<a href=\"https:\/\/www.stjarnkliniken.com\/orebro-city\/blogg\/prisjustering-2026\/\">\n\t\t\t\t\t\t\t\t\t\t<h3 class=\"qala-latest-posts__post-heading\">Prisjustering 2026<\/h3>\t\t\t\t\t\t\t\t\t\t\t\t\t\t\t\t\t\t\t\t\t\t\t\t\t\t\t\t\t\t\t\t<p class=\"qala-latest-posts__post-excerpt\">\n\t\t\t\t\t\t\t\t\t\t\t\tFr\u00e5n och med den 1\/3 2026 justerar vi priserna p\u00e5 v\u00e5ra behandlingar inom naprapati, fysioterapi och kiropraktik. Prisjusteringen g\u00e4ller bokningar som g\u00f6rs fr\u00e5n och med 1\/3. Har du bokat din&hellip;\t\t\t\t\t\t\t\t\t\t\t<\/p>\n\t\t\t\t\t\t\t\t\t\t\t\t\t\t\t\t\t\t\t\t\t\t\t\t\t\t\t\t\t<\/a>\n\t\t\t\t\t\t\t\t\n\t\t\t\t\t\t\t\t\t\t\t\t\t\t\t<\/div>\n\t\t\t\t\t\t\n\t\t\t\t\t\t\n\t\t\t\t\t\t\n\t\t\t\t\t<\/div>\n\n\t\t\t\t\t\t\t\t\t<div\n\t\t\t\t\t\tid=\"post-9832\"\n\t\t\t\t\t\tclass=\"qala-latest-posts__post-item \"\n\t\t\t\t\t>\n\t\t\t\t\t\t\t\t\t\t\t\t\t\t\t\t\t\t<a href=\"https:\/\/www.stjarnkliniken.com\/orebro-city\/blogg\/arets-kundundersokning-tack-for-ert-fortroende\/\" class=\"qala-latest-posts__image-container\" title=\"\u00c5rets kundunders\u00f6kning, tack f\u00f6r ert f\u00f6rtroende!\" aria-label=\"\u00c5rets kundunders\u00f6kning, tack f\u00f6r ert f\u00f6rtroende!\" style=\"border-radius: ; padding-bottom: ;\">\n\n\t\t\t\t\t\t\t\t<img loading=\"lazy\" decoding=\"async\" width=\"710\" height=\"533\" src=\"https:\/\/www.stjarnkliniken.com\/orebro-city\/wp-content\/uploads\/sites\/14\/2026\/02\/DJI_0430-710x533.jpg\" class=\"qala-latest-posts__image\" alt=\"\" srcset=\"https:\/\/www.stjarnkliniken.com\/orebro-city\/wp-content\/uploads\/sites\/14\/2026\/02\/DJI_0430-710x533.jpg 710w, https:\/\/www.stjarnkliniken.com\/orebro-city\/wp-content\/uploads\/sites\/14\/2026\/02\/DJI_0430-300x225.jpg 300w, https:\/\/www.stjarnkliniken.com\/orebro-city\/wp-content\/uploads\/sites\/14\/2026\/02\/DJI_0430-237x178.jpg 237w, https:\/\/www.stjarnkliniken.com\/orebro-city\/wp-content\/uploads\/sites\/14\/2026\/02\/DJI_0430-400x300.jpg 400w, https:\/\/www.stjarnkliniken.com\/orebro-city\/wp-content\/uploads\/sites\/14\/2026\/02\/DJI_0430-693x520.jpg 693w, https:\/\/www.stjarnkliniken.com\/orebro-city\/wp-content\/uploads\/sites\/14\/2026\/02\/DJI_0430.jpg 1000w\" sizes=\"auto, (max-width: 710px) 100vw, 710px\" \/>\t\t\t\t\t\t\t<\/a>\n\t\t\t\t\t\t\t\n\t\t\t\t\t\t\t\t\t\t\t\t\t<div class=\"qala-latest-posts__post-content\" style=\"text-align:left;\">\n\n\t\t\t\t\t\t\t\t\n\t\t\t\t\t\t\t\t\t\t\t\t\t\t\t\t\t\t\t\t\t\t\t\t\t\t<a href=\"https:\/\/www.stjarnkliniken.com\/orebro-city\/blogg\/arets-kundundersokning-tack-for-ert-fortroende\/\">\n\t\t\t\t\t\t\t\t\t\t<h3 class=\"qala-latest-posts__post-heading\">\u00c5rets kundunders\u00f6kning, tack f\u00f6r ert f\u00f6rtroende!<\/h3>\t\t\t\t\t\t\t\t\t\t\t\t\t\t\t\t\t\t\t\t\t\t\t\t\t\t\t\t\t\t\t\t<p class=\"qala-latest-posts__post-excerpt\">\n\t\t\t\t\t\t\t\t\t\t\t\tVi har nyligen genomf\u00f6rt v\u00e5r kundunders\u00f6kning och bjudit in er som bes\u00f6kt Stj\u00e4rnkliniken att dela era upplevelser och synpunkter. F\u00f6r oss \u00e4r det ett viktigt s\u00e4tt att lyssna, l\u00e4ra och&hellip;\t\t\t\t\t\t\t\t\t\t\t<\/p>\n\t\t\t\t\t\t\t\t\t\t\t\t\t\t\t\t\t\t\t\t\t\t\t\t\t\t\t\t\t<\/a>\n\t\t\t\t\t\t\t\t\n\t\t\t\t\t\t\t\t\t\t\t\t\t\t\t<\/div>\n\t\t\t\t\t\t\n\t\t\t\t\t\t\n\t\t\t\t\t\t\n\t\t\t\t\t<\/div>\n\n\t\t\t\t\t\t\t\t\t<div\n\t\t\t\t\t\tid=\"post-9822\"\n\t\t\t\t\t\tclass=\"qala-latest-posts__post-item \"\n\t\t\t\t\t>\n\t\t\t\t\t\t\t\t\t\t\t\t\t\t\t\t\t\t<a href=\"https:\/\/www.stjarnkliniken.com\/orebro-city\/blogg\/stjarnkliniken-orebro-%e2%ad%90-kif-orebro\/\" class=\"qala-latest-posts__image-container\" title=\"Stj\u00e4rnkliniken \u00d6rebro \u2b50 KIF \u00d6rebro\" aria-label=\"Stj\u00e4rnkliniken \u00d6rebro \u2b50 KIF \u00d6rebro\" style=\"border-radius: ; padding-bottom: ;\">\n\n\t\t\t\t\t\t\t\t<img loading=\"lazy\" decoding=\"async\" width=\"710\" height=\"319\" src=\"https:\/\/www.stjarnkliniken.com\/orebro-city\/wp-content\/uploads\/sites\/14\/2026\/01\/IMG_1687-1-1-e1768311462621-710x319.jpeg\" class=\"qala-latest-posts__image\" alt=\"\" srcset=\"https:\/\/www.stjarnkliniken.com\/orebro-city\/wp-content\/uploads\/sites\/14\/2026\/01\/IMG_1687-1-1-e1768311462621-710x319.jpeg 710w, https:\/\/www.stjarnkliniken.com\/orebro-city\/wp-content\/uploads\/sites\/14\/2026\/01\/IMG_1687-1-1-e1768311462621-300x135.jpeg 300w, https:\/\/www.stjarnkliniken.com\/orebro-city\/wp-content\/uploads\/sites\/14\/2026\/01\/IMG_1687-1-1-e1768311462621-1024x459.jpeg 1024w, https:\/\/www.stjarnkliniken.com\/orebro-city\/wp-content\/uploads\/sites\/14\/2026\/01\/IMG_1687-1-1-e1768311462621-266x119.jpeg 266w, https:\/\/www.stjarnkliniken.com\/orebro-city\/wp-content\/uploads\/sites\/14\/2026\/01\/IMG_1687-1-1-e1768311462621-450x202.jpeg 450w, https:\/\/www.stjarnkliniken.com\/orebro-city\/wp-content\/uploads\/sites\/14\/2026\/01\/IMG_1687-1-1-e1768311462621-1159x520.jpeg 1159w, https:\/\/www.stjarnkliniken.com\/orebro-city\/wp-content\/uploads\/sites\/14\/2026\/01\/IMG_1687-1-1-e1768311462621.jpeg 1170w\" sizes=\"auto, (max-width: 710px) 100vw, 710px\" \/>\t\t\t\t\t\t\t<\/a>\n\t\t\t\t\t\t\t\n\t\t\t\t\t\t\t\t\t\t\t\t\t<div class=\"qala-latest-posts__post-content\" style=\"text-align:left;\">\n\n\t\t\t\t\t\t\t\t\n\t\t\t\t\t\t\t\t\t\t\t\t\t\t\t\t\t\t\t\t\t\t\t\t\t\t<a href=\"https:\/\/www.stjarnkliniken.com\/orebro-city\/blogg\/stjarnkliniken-orebro-%e2%ad%90-kif-orebro\/\">\n\t\t\t\t\t\t\t\t\t\t<h3 class=\"qala-latest-posts__post-heading\">Stj\u00e4rnkliniken \u00d6rebro \u2b50 KIF \u00d6rebro<\/h3>\t\t\t\t\t\t\t\t\t\t\t\t\t\t\t\t\t\t\t\t\t\t\t\t\t\t\t\t\t\t\t\t<p class=\"qala-latest-posts__post-excerpt\">\n\t\t\t\t\t\t\t\t\t\t\t\tVi \u00e4r mycket stolta \u00f6ver att kunna presentera ett samarbete med KIF \u00d6rebro. Stj\u00e4rnkliniken \u00d6rebro kommer ansvara f\u00f6r rehabilitering, behandling samt skadef\u00f6rebyggande insatser i n\u00e4ra samarbete med tr\u00e4narteamet. F\u00f6r oss&hellip;\t\t\t\t\t\t\t\t\t\t\t<\/p>\n\t\t\t\t\t\t\t\t\t\t\t\t\t\t\t\t\t\t\t\t\t\t\t\t\t\t\t\t\t<\/a>\n\t\t\t\t\t\t\t\t\n\t\t\t\t\t\t\t\t\t\t\t\t\t\t\t<\/div>\n\t\t\t\t\t\t\n\t\t\t\t\t\t\n\t\t\t\t\t\t\n\t\t\t\t\t<\/div>\n\n\t\t\t\t\t<\/div>\n\t\t<\/div>\n\n\n\n<div class=\"wp-block-group is-layout-flow wp-block-group-is-layout-flow\" style=\"padding-top:40px;padding-right:0px;padding-bottom:80px\">\n<h4 class=\"wp-block-heading has-text-align-center\" id=\"h-recensioner-av-patienter\"><strong>Recensioner av patienter<\/strong><\/h4>\n\n\n\n<div style=\"height:40px\" aria-hidden=\"true\" class=\"wp-block-spacer\"><\/div>\n\n\n<div\n\tclass=\"wp-block-qala-blocks-testimonials   has-loop has-pagination \"\n\tdata-columns=\"1\"\t>\n\n\t<div class=\"swiper\">\n\n\t\t<div class=\"swiper-wrapper\">\n\t\t\t\n\t<div class=\"wp-block-qala-blocks-single-testimonial align-center swiper-slide\" >\n\n\t\t\n\t\t<div class=\"testimonial-content\">\n\t\t\t<p>\n\t\t\t\tKan verkligen rekommendera. Haft \u00e5terkommande besv\u00e4r med mina kn\u00e4n under l\u00e5ng tid som Stj\u00e4rnkliniken snabbt kunde hitta orsaken till. Med enklare \u00f6vningar har jag nu varit fri fr\u00e5n mina besv\u00e4r.\t\t\t<\/p>\n\t\t<\/div>\n\n\t\t\t\t\t<div class=\"testimonial-reviewer\">\n\t\t\t\t\t\t\t\t\t\t\t\t\t\t\t\t\t\t\t\t\t\t<div class=\"testimonial-reviewer__details\">\n\t\t\t\t\t\t\t\t\t\t\t\t\t<span class=\"testimonial-reviewer__name\">Christian Jonsson<\/span>\n\t\t\t\t\t\t\t\t\t\t\t\t\t\t\t\t\t<\/div>\n\t\t\t\t\t\t\t<\/div>\n\t\t\t<\/div>\n\n\n\n\t<div class=\"wp-block-qala-blocks-single-testimonial align-center swiper-slide\" >\n\n\t\t\n\t\t<div class=\"testimonial-content\">\n\t\t\t<p>\n\t\t\t\tSuperfin klinik d\u00e4r personalen \u00e4r m\u00e5na om ens m\u00e5ende, med ett genuint intresse f\u00f6r att hj\u00e4lpa m\u00e4nniskor m\u00e5 b\u00e4ttre. Det finns olika typer av behandlingar och allt kan skr\u00e4ddarsys efter ens egna behov. Mkt fint bem\u00f6tande ocks\u00e5 som g\u00f6r hela upplevelsen \u00e4nnu b\u00e4ttre!\t\t\t<\/p>\n\t\t<\/div>\n\n\t\t\t\t\t<div class=\"testimonial-reviewer\">\n\t\t\t\t\t\t\t\t\t\t\t\t\t\t\t\t\t\t\t\t\t\t<div class=\"testimonial-reviewer__details\">\n\t\t\t\t\t\t\t\t\t\t\t\t\t<span class=\"testimonial-reviewer__name\">Xenia Popaja<\/span>\n\t\t\t\t\t\t\t\t\t\t\t\t\t\t\t\t\t<\/div>\n\t\t\t\t\t\t\t<\/div>\n\t\t\t<\/div>\n\n\n\n\t<div class=\"wp-block-qala-blocks-single-testimonial align-center swiper-slide\" >\n\n\t\t\n\t\t<div class=\"testimonial-content\">\n\t\t\t<p>\n\t\t\t\tKom med v\u00e4ldigt besv\u00e4rliga problem med rygg och nacke som jag trodde skulle vara livet ut. Efter 6-7 bes\u00f6k var jag n\u00e4stan helt bra. Helt klart 5\/5\t\t\t<\/p>\n\t\t<\/div>\n\n\t\t\t\t\t<div class=\"testimonial-reviewer\">\n\t\t\t\t\t\t\t\t\t\t\t\t\t\t\t\t\t\t\t\t\t\t<div class=\"testimonial-reviewer__details\">\n\t\t\t\t\t\t\t\t\t\t\t\t\t<span class=\"testimonial-reviewer__name\">Robert Santana<\/span>\n\t\t\t\t\t\t\t\t\t\t\t\t\t\t\t\t\t<\/div>\n\t\t\t\t\t\t\t<\/div>\n\t\t\t<\/div>\n\n\n\t\t<\/div>\n\n\t\t\t\t\t<div class=\"swiper-pagination\"><\/div>\n\t\t\n\t<\/div>\n\n<\/div>\n<\/div>\n\n\n\n<div class=\"wp-block-group alignfull hero-block-video has-yellow-100-background-color has-background is-layout-flow wp-block-group-is-layout-flow\">\n\n<div class=\"wp-block-qala-blocks-hero alignfull content-position__left content-align__center\" >\n\t<div\n\t\tclass=\"wp-block-qala-blocks-hero__wrapper \"\n\t\tstyle=\" \"\n\t\t>\n\n\t\t\t\t<div\n\t\t\tclass=\"wp-block-qala-blocks-hero__content\"\n\t\t\tdata-width=\"50%\"\n\t\t\tstyle=\" width:50%;  text-align:left;\"\n\t\t\t>\n\t\t\t\n\n<div class=\"wp-block-columns is-justified-center is-layout-flex wp-container-core-columns-is-layout-9d6595d7 wp-block-columns-is-layout-flex\">\n<div class=\"wp-block-column is-layout-flow wp-block-column-is-layout-flow\" style=\"flex-basis:500px\">\n<div class=\"wp-block-group is-layout-flow wp-block-group-is-layout-flow\" style=\"padding-top:80px;padding-right:0px;padding-bottom:80px;padding-left:0px\">\n<div class=\"wp-block-group is-label is-layout-flow wp-block-group-is-layout-flow\">\n<p class=\"has-text-align-center is-label has-yellow-300-background-color has-background\" id=\"h-stjarnkliniken\"><strong><em>OM OSS<\/em><\/strong><\/p>\n<\/div>\n\n\n\n<h2 class=\"wp-block-heading has-text-align-center wp-block-qala-blocks-hero__heading\" id=\"h-i-sakra-hander\">I S\u00c4KRA H\u00c4NDER<\/h2>\n\n\n\n<p class=\"has-text-align-center wp-block-qala-blocks-hero__text has-medium-font-size\"><strong>Fr\u00e5n den dag Stj\u00e4rnkliniken startades har det alltid funnits en tydlig vision av hur f\u00f6retaget ska drivas; med kvalitet och h\u00f6g kompetens som ger trygghet till kunden<\/strong>.<\/p>\n\n\n\n<p class=\"has-text-align-center\">Den visionen \u00e4r i h\u00f6gsta grad realitet i dag. V\u00e5ra medarbetare \u00e4r certifierade och legitimerade. Vi arbetar med flera landslag och vi har kompetens nog att hj\u00e4lpa v\u00e5ra kunder oavsett om du \u00e4r privatperson, f\u00f6retag eller ett lag. Vi ser till att du f\u00e5r den behandling du beh\u00f6ver \u2013 Vi \u00e4r bara ett samtal bort.<\/p>\n\n\n\n<div class=\"wp-block-buttons is-horizontal is-content-justification-center is-layout-flex wp-container-core-buttons-is-layout-499968f5 wp-block-buttons-is-layout-flex\">\n<div class=\"wp-block-button wp-block-button\"><a class=\"wp-block-button__link wp-element-button\" href=\"https:\/\/www.stjarnkliniken.com\/om-oss\/\">L\u00e4s mer<\/a><\/div>\n<\/div>\n<\/div>\n<\/div>\n<\/div>\n\n\t\t<\/div>\n\n\t\t\n\t\t<div\n\t\t\tclass=\"wp-block-qala-blocks-hero__media-wrap\"\n\t\t\tstyle=\"\"\n\t\t\t>\n\n\t\t\t\t\t\t\t\t\t\t\t\t<img decoding=\"async\" src=\"https:\/\/www.stjarnkliniken.com\/wp-content\/uploads\/sites\/4\/2022\/06\/trygg-hemsida-e1655883803197.jpg\" alt=\"hero-image\" loading=\"lazy\">\n\t\t\t\t\t\t\t\n\t\t\t\t\t\t\n\t\t\t\t\t\t\t<div\n\t\t\t\t\tclass=\"overlay\"\n\t\t\t\t\tstyle=\"opacity:70%; \"\n\t\t\t\t><\/div>\n\t\t\t\n\t\t<\/div>\n\t<\/div>\n<\/div>\n<\/div>\n\n\n\n<div class=\"wp-block-group alignfull has-yellow-600-background-color has-background is-layout-flow wp-block-group-is-layout-flow\">\n\n<div class=\"wp-block-qala-blocks-hero alignfull content-position__right content-align__center\" >\n\t<div\n\t\tclass=\"wp-block-qala-blocks-hero__wrapper \"\n\t\tstyle=\" \"\n\t\t>\n\n\t\t\t\t<div\n\t\t\tclass=\"wp-block-qala-blocks-hero__content\"\n\t\t\tdata-width=\"50%\"\n\t\t\tstyle=\" width:50%;  text-align:left;\"\n\t\t\t>\n\t\t\t\n\n<div class=\"wp-block-columns is-justified-center is-layout-flex wp-container-core-columns-is-layout-9d6595d7 wp-block-columns-is-layout-flex\">\n<div class=\"wp-block-column is-layout-flow wp-block-column-is-layout-flow\" style=\"flex-basis:500px\">\n<div class=\"wp-block-group is-layout-flow wp-block-group-is-layout-flow\" style=\"padding-top:90px;padding-right:0px;padding-bottom:80px\">\n<div class=\"wp-block-group is-label is-layout-flow wp-block-group-is-layout-flow\">\n<p class=\"has-text-align-center is-label has-yellow-300-background-color has-background\" id=\"h-stjarnkliniken\"><strong><em>STJ\u00c4RNKLINIKEN<\/em><\/strong><\/p>\n<\/div>\n\n\n\n<h2 class=\"wp-block-heading has-text-align-center has-white-color has-text-color\" id=\"h-vi-hjalper-dig\">VI HJ\u00c4LPER DIG<\/h2>\n\n\n\n<div class=\"wp-block-qala-blocks-single-accordion  \" data-accordion-image-id=\"\">\n\t<div class=\"wp-block-qala-blocks-single-accordion__heading\" style=\"background-color: ;\">\n\t\t\t\t\t\t\t<h4 class=\"wp-block-qala-blocks-single-accordion__heading-title\" style=\"color: #fff;\">\n\t\t\t\tNacke\t\t\t<\/h4>\n\t\t\t<\/div>\n\t<div class=\"wp-block-qala-blocks-single-accordion__content\" style=\"color: #fff; background-color: ;\" >\n\t\t<p>Huvudv\u00e4rk, migr\u00e4n, yrsel, tinnitus, k\u00e4kledsbesv\u00e4r, nacksp\u00e4rr, nack- och skulderbesv\u00e4r mm.<\/p>\n\t<\/div>\n\t<div class=\"accordion-image-placeholder\">\n\t\t\t<\/div>\n<\/div>\n\n\n\n<div class=\"wp-block-qala-blocks-single-accordion  \" data-accordion-image-id=\"\">\n\t<div class=\"wp-block-qala-blocks-single-accordion__heading\" style=\"background-color: ;\">\n\t\t\t\t\t\t\t<h4 class=\"wp-block-qala-blocks-single-accordion__heading-title\" style=\"color: #fff;\">\n\t\t\t\tArmar, axlar, h\u00e4nder\t\t\t<\/h4>\n\t\t\t<\/div>\n\t<div class=\"wp-block-qala-blocks-single-accordion__content\" style=\"color: #fff; background-color: ;\" >\n\t\t<p>Axelbesv\u00e4r, utstr\u00e5lning\/domningar, tennisarmb\u00e5ge\/golfarmb\u00e5ge, musarm, nedsatt r\u00f6rlighet, handledsproblematik mm.<\/p>\n\t<\/div>\n\t<div class=\"accordion-image-placeholder\">\n\t\t\t<\/div>\n<\/div>\n\n\n\n<div class=\"wp-block-qala-blocks-single-accordion  \" data-accordion-image-id=\"\">\n\t<div class=\"wp-block-qala-blocks-single-accordion__heading\" style=\"background-color: ;\">\n\t\t\t\t\t\t\t<h4 class=\"wp-block-qala-blocks-single-accordion__heading-title\" style=\"color: #fff;\">\n\t\t\t\tRygg\t\t\t<\/h4>\n\t\t\t<\/div>\n\t<div class=\"wp-block-qala-blocks-single-accordion__content\" style=\"color: #fff; background-color: ;\" >\n\t\t<p>Br\u00f6stryggsbesv\u00e4r, l\u00e4ndryggsbesv\u00e4r, ischiasbesv\u00e4r, b\u00e4ckenbenbesv\u00e4r mm.<\/p>\n\t<\/div>\n\t<div class=\"accordion-image-placeholder\">\n\t\t\t<\/div>\n<\/div>\n\n\n\n<div class=\"wp-block-qala-blocks-single-accordion  \" data-accordion-image-id=\"\">\n\t<div class=\"wp-block-qala-blocks-single-accordion__heading\" style=\"background-color: ;\">\n\t\t\t\t\t\t\t<h4 class=\"wp-block-qala-blocks-single-accordion__heading-title\" style=\"color: #fff;\">\n\t\t\t\tBen\t\t\t<\/h4>\n\t\t\t<\/div>\n\t<div class=\"wp-block-qala-blocks-single-accordion__content\" style=\"color: #fff; background-color: ;\" >\n\t\t<p>H\u00f6ftbesv\u00e4r, kn\u00e4besv\u00e4r, utstr\u00e5lningar\/domningar mm.<\/p>\n\t<\/div>\n\t<div class=\"accordion-image-placeholder\">\n\t\t\t<\/div>\n<\/div>\n\n\n\n<div class=\"wp-block-qala-blocks-single-accordion  \" data-accordion-image-id=\"\">\n\t<div class=\"wp-block-qala-blocks-single-accordion__heading\" style=\"background-color: ;\">\n\t\t\t\t\t\t\t<h4 class=\"wp-block-qala-blocks-single-accordion__heading-title\" style=\"color: #fff;\">\n\t\t\t\tF\u00f6tter\t\t\t<\/h4>\n\t\t\t<\/div>\n\t<div class=\"wp-block-qala-blocks-single-accordion__content\" style=\"color: #fff; background-color: ;\" >\n\t\t<p>H\u00e4lsenebesv\u00e4r, fotledsstukning, h\u00e4lsporre mm.<\/p>\n\t<\/div>\n\t<div class=\"accordion-image-placeholder\">\n\t\t\t<\/div>\n<\/div>\n<\/div>\n<\/div>\n<\/div>\n\n\t\t<\/div>\n\n\t\t\n\t\t<div\n\t\t\tclass=\"wp-block-qala-blocks-hero__media-wrap\"\n\t\t\tstyle=\"aspect-ratio:1500\/1000\"\n\t\t\t>\n\n\t\t\t\t\t\t\t<img decoding=\"async\" width=\"1024\" height=\"683\" src=\"https:\/\/www.stjarnkliniken.com\/orebro-city\/wp-content\/uploads\/sites\/14\/2023\/09\/o\u0308rebro_ida_2-1024x683.jpg\" class=\"attachment-large size-large\" alt=\"\" loading=\"lazy\" srcset=\"https:\/\/www.stjarnkliniken.com\/orebro-city\/wp-content\/uploads\/sites\/14\/2023\/09\/o\u0308rebro_ida_2-1024x683.jpg 1024w, https:\/\/www.stjarnkliniken.com\/orebro-city\/wp-content\/uploads\/sites\/14\/2023\/09\/o\u0308rebro_ida_2-300x200.jpg 300w, https:\/\/www.stjarnkliniken.com\/orebro-city\/wp-content\/uploads\/sites\/14\/2023\/09\/o\u0308rebro_ida_2-266x178.jpg 266w, https:\/\/www.stjarnkliniken.com\/orebro-city\/wp-content\/uploads\/sites\/14\/2023\/09\/o\u0308rebro_ida_2-710x473.jpg 710w, https:\/\/www.stjarnkliniken.com\/orebro-city\/wp-content\/uploads\/sites\/14\/2023\/09\/o\u0308rebro_ida_2-268x178.jpg 268w, https:\/\/www.stjarnkliniken.com\/orebro-city\/wp-content\/uploads\/sites\/14\/2023\/09\/o\u0308rebro_ida_2-450x300.jpg 450w, https:\/\/www.stjarnkliniken.com\/orebro-city\/wp-content\/uploads\/sites\/14\/2023\/09\/o\u0308rebro_ida_2-780x520.jpg 780w, https:\/\/www.stjarnkliniken.com\/orebro-city\/wp-content\/uploads\/sites\/14\/2023\/09\/o\u0308rebro_ida_2.jpg 1500w\" sizes=\"auto, (max-width: 1024px) 100vw, 1024px\" \/>\t\t\t\n\t\t\t\t\t\t\n\t\t\t\t\t\t\t<div\n\t\t\t\t\tclass=\"overlay\"\n\t\t\t\t\tstyle=\"opacity:70%; \"\n\t\t\t\t><\/div>\n\t\t\t\n\t\t<\/div>\n\t<\/div>\n<\/div>\n<\/div>\n\n\n\n<div class=\"wp-block-group is-layout-flow wp-block-group-is-layout-flow\" style=\"padding-top:100px;padding-right:0px;padding-bottom:80px;padding-left:0px\">\n<div class=\"wp-block-group is-label is-layout-flow wp-block-group-is-layout-flow\">\n<p class=\"has-text-align-center is-label has-yellow-300-background-color has-background\" id=\"h-stjarnkliniken\"><strong><em>STJ\u00c4RNKLINIKEN<\/em><\/strong><\/p>\n<\/div>\n\n\n\n<h4 class=\"wp-block-heading has-text-align-center\" id=\"h-vi-har-fortroendet-av-flera-svenska-landslag\"><strong>Vi har f\u00f6rtroendet av flera Svenska landslag<\/strong><\/h4>\n\n\n\n<p class=\"has-text-align-center has-medium-font-size\">M\u00e5nga av v\u00e5ra terapeuter har varit med p\u00e5 yttersta landslagsniv\u00e5 och vi har nu vuxit till att bli en av Sveriges st\u00f6rsta kliniker inom manuell medicin&nbsp;<\/p>\n\n\n\n<div class=\"wp-block-buttons is-vertical is-content-justification-center is-layout-flex wp-container-core-buttons-is-layout-9a7cdcfd wp-block-buttons-is-layout-flex\">\n<div class=\"wp-block-button is-style-primary wp-block-button is-style-primary\"><a class=\"wp-block-button__link wp-element-button\" href=\"https:\/\/www.stjarnkliniken.com\/landslag\/\">L\u00e4s mer<\/a><\/div>\n<\/div>\n<\/div>\n\n\n\n<div class=\"wp-block-group alignwide is-layout-flow wp-block-group-is-layout-flow\">\n<h2 class=\"wp-block-heading alignwide\" id=\"h-tjanster\">TJ\u00c4NSTER<\/h2>\n\n\n\n<p class=\"has-medium-font-size\">Vi har m\u00e5nga olika behandlingar mot l\u00e5ngvariga och akuta besv\u00e4r<\/p>\n\n\n\n<div class=\"wp-block-group alignwide services-slider is-content-justification-center is-layout-flex wp-container-core-group-is-layout-64b26803 wp-block-group-is-layout-flex\">\n<div class=\"wp-block-cover is-light\"><img loading=\"lazy\" decoding=\"async\" width=\"600\" height=\"900\" class=\"wp-block-cover__image-background wp-image-8731\" alt=\"\" src=\"https:\/\/www.stjarnkliniken.com\/norrkoping\/wp-content\/uploads\/sites\/4\/2022\/08\/massage-3hemsida-JPG.jpg\" data-object-fit=\"cover\" srcset=\"https:\/\/www.stjarnkliniken.com\/orebro-city\/wp-content\/uploads\/sites\/14\/2022\/08\/massage-3hemsida-JPG.jpg 600w, https:\/\/www.stjarnkliniken.com\/orebro-city\/wp-content\/uploads\/sites\/14\/2022\/08\/massage-3hemsida-JPG-200x300.jpg 200w\" sizes=\"auto, (max-width: 600px) 100vw, 600px\" \/><span aria-hidden=\"true\" class=\"wp-block-cover__background has-background-dim\"><\/span><div class=\"wp-block-cover__inner-container is-layout-flow wp-block-cover-is-layout-flow\">\n<h4 class=\"wp-block-heading has-text-align-center\" id=\"h-massagebehandlingar\"><a href=\"https:\/\/www.stjarnkliniken.com\/massage\/\"><span class=\"has-inline-color has-white-color\">Massagebehandlingar<\/span><\/a><\/h4>\n<\/div><\/div>\n\n\n\n<div class=\"wp-block-cover is-light\"><img loading=\"lazy\" decoding=\"async\" width=\"591\" height=\"591\" class=\"wp-block-cover__image-background wp-image-8343\" alt=\"\" src=\"https:\/\/www.stjarnkliniken.com\/wp-content\/uploads\/2022\/05\/naprapati-3-hemsida.jpg\" data-object-fit=\"cover\" srcset=\"https:\/\/www.stjarnkliniken.com\/orebro-city\/wp-content\/uploads\/sites\/14\/2022\/05\/naprapati-3-hemsida.jpg 591w, https:\/\/www.stjarnkliniken.com\/orebro-city\/wp-content\/uploads\/sites\/14\/2022\/05\/naprapati-3-hemsida-300x300.jpg 300w\" sizes=\"auto, (max-width: 591px) 100vw, 591px\" \/><span aria-hidden=\"true\" class=\"wp-block-cover__background has-background-dim\"><\/span><div class=\"wp-block-cover__inner-container is-layout-flow wp-block-cover-is-layout-flow\">\n<h4 class=\"wp-block-heading has-text-align-center\" id=\"h-naprapatbehandling\"><a href=\"https:\/\/www.stjarnkliniken.com\/naprapati\/\"><span class=\"has-inline-color has-white-color\">Naprapatbehandling<\/span><\/a><\/h4>\n<\/div><\/div>\n\n\n\n<div class=\"wp-block-cover\"><img loading=\"lazy\" decoding=\"async\" width=\"600\" height=\"600\" class=\"wp-block-cover__image-background wp-image-8628\" alt=\"\" src=\"https:\/\/www.stjarnkliniken.com\/wp-content\/uploads\/sites\/4\/2022\/06\/naprapati-4-hemsida.jpg\" data-object-fit=\"cover\" srcset=\"https:\/\/www.stjarnkliniken.com\/orebro-city\/wp-content\/uploads\/sites\/14\/2022\/06\/naprapati-4-hemsida.jpg 600w, https:\/\/www.stjarnkliniken.com\/orebro-city\/wp-content\/uploads\/sites\/14\/2022\/06\/naprapati-4-hemsida-300x300.jpg 300w\" sizes=\"auto, (max-width: 600px) 100vw, 600px\" \/><span aria-hidden=\"true\" class=\"wp-block-cover__background has-background-dim\"><\/span><div class=\"wp-block-cover__inner-container is-layout-flow wp-block-cover-is-layout-flow\">\n<h4 class=\"wp-block-heading has-text-align-center\" id=\"h-fysioterapibehandling\"><a href=\"https:\/\/www.stjarnkliniken.com\/sjukgymnastik\/\"><span class=\"has-inline-color has-white-color\">Fysioterapibehandling<\/span><\/a><\/h4>\n<\/div><\/div>\n\n\n\n<div class=\"wp-block-cover is-light\"><img loading=\"lazy\" decoding=\"async\" width=\"600\" height=\"600\" class=\"wp-block-cover__image-background wp-image-9185\" alt=\"\" src=\"https:\/\/www.stjarnkliniken.com\/orebro-city\/wp-content\/uploads\/sites\/14\/2023\/08\/coach-hemsida.jpg\" data-object-fit=\"cover\" srcset=\"https:\/\/www.stjarnkliniken.com\/orebro-city\/wp-content\/uploads\/sites\/14\/2023\/08\/coach-hemsida.jpg 600w, https:\/\/www.stjarnkliniken.com\/orebro-city\/wp-content\/uploads\/sites\/14\/2023\/08\/coach-hemsida-300x300.jpg 300w, https:\/\/www.stjarnkliniken.com\/orebro-city\/wp-content\/uploads\/sites\/14\/2023\/08\/coach-hemsida-520x520.jpg 520w\" sizes=\"auto, (max-width: 600px) 100vw, 600px\" \/><span aria-hidden=\"true\" class=\"wp-block-cover__background has-background-dim\"><\/span><div class=\"wp-block-cover__inner-container is-layout-flow wp-block-cover-is-layout-flow\">\n<h4 class=\"wp-block-heading has-text-align-center\" id=\"h-coachingsamtal\"><a href=\"https:\/\/www.stjarnkliniken.com\/orebro-city\/coaching\/\"><span class=\"has-inline-color has-white-color\">Coachingsamtal<\/span><\/a><\/h4>\n<\/div><\/div>\n\n\n\n<div class=\"wp-block-cover is-light\"><img loading=\"lazy\" decoding=\"async\" width=\"600\" height=\"600\" class=\"wp-block-cover__image-background wp-image-8631\" alt=\"\" src=\"https:\/\/www.stjarnkliniken.com\/wp-content\/uploads\/2022\/06\/pt-hemsida.jpg\" style=\"object-position:62% 50%\" data-object-fit=\"cover\" data-object-position=\"62% 50%\" srcset=\"https:\/\/www.stjarnkliniken.com\/orebro-city\/wp-content\/uploads\/sites\/14\/2022\/06\/pt-hemsida.jpg 600w, https:\/\/www.stjarnkliniken.com\/orebro-city\/wp-content\/uploads\/sites\/14\/2022\/06\/pt-hemsida-300x300.jpg 300w\" sizes=\"auto, (max-width: 600px) 100vw, 600px\" \/><span aria-hidden=\"true\" class=\"wp-block-cover__background has-background-dim\"><\/span><div class=\"wp-block-cover__inner-container is-layout-flow wp-block-cover-is-layout-flow\">\n<h4 class=\"wp-block-heading has-text-align-center\" id=\"h-personlig-traning\"><a href=\"https:\/\/www.stjarnkliniken.com\/personlig-traning-pt\/\"><span class=\"has-inline-color has-white-color\">Personlig tr\u00e4ning<\/span><\/a><\/h4>\n<\/div><\/div>\n\n\n\n<div class=\"wp-block-cover is-light\"><img loading=\"lazy\" decoding=\"async\" width=\"600\" height=\"600\" class=\"wp-block-cover__image-background wp-image-8630\" alt=\"\" src=\"https:\/\/www.stjarnkliniken.com\/wp-content\/uploads\/sites\/4\/2022\/06\/coach-2-hemsida.jpg\" data-object-fit=\"cover\" srcset=\"https:\/\/www.stjarnkliniken.com\/orebro-city\/wp-content\/uploads\/sites\/14\/2022\/06\/coach-2-hemsida.jpg 600w, https:\/\/www.stjarnkliniken.com\/orebro-city\/wp-content\/uploads\/sites\/14\/2022\/06\/coach-2-hemsida-300x300.jpg 300w\" sizes=\"auto, (max-width: 600px) 100vw, 600px\" \/><span aria-hidden=\"true\" class=\"wp-block-cover__background has-background-dim\"><\/span><div class=\"wp-block-cover__inner-container is-layout-flow wp-block-cover-is-layout-flow\">\n<h4 class=\"wp-block-heading has-text-align-center\" id=\"h-privat-sjukforsakring-amp-friskvardsbidrag\"><a href=\"https:\/\/www.stjarnkliniken.com\/friskvardsbidrag\/\"><span class=\"has-inline-color has-white-color\">Privat sjukf\u00f6rs\u00e4kring &amp; Friskv\u00e5rdsbidrag<\/span><\/a><\/h4>\n<\/div><\/div>\n<\/div>\n\n\n\n<div style=\"height:30px\" aria-hidden=\"true\" class=\"wp-block-spacer\"><\/div>\n\n\n\n<div class=\"wp-block-buttons is-horizontal is-content-justification-center is-layout-flex wp-container-core-buttons-is-layout-499968f5 wp-block-buttons-is-layout-flex\">\n<div class=\"wp-block-button is-style-secondary-outline wp-block-button is-style-secondary-outline\"><a class=\"wp-block-button__link wp-element-button\" href=\"https:\/\/www.stjarnkliniken.com\/orebro-city\/tjanster\/\">Se alla tj\u00e4nster<\/a><\/div>\n<\/div>\n<\/div>\n\n\n\n<div style=\"height:30px\" aria-hidden=\"true\" class=\"wp-block-spacer\"><\/div>\n\n\n\n<div style=\"height:100px\" aria-hidden=\"true\" class=\"wp-block-spacer\"><\/div>\n\n\n\n<p><\/p>\n","protected":false},"excerpt":{"rendered":"<p>TERAPEUTER I \u00d6REBRO. Vi hj\u00e4lper dig att m\u00e5 bra i kroppen &#8211; med omtanke kunskap och kvalitet i varje behandling. V\u00e4lkommen till v\u00e5rt team av terapeuter<\/p>\n","protected":false},"author":2,"featured_media":0,"parent":0,"menu_order":0,"comment_status":"closed","ping_status":"closed","template":"","meta":{"_acf_changed":false,"footnotes":""},"class_list":["post-5","page","type-page","status-publish","hentry"],"acf":[],"yoast_head":"<!-- This site is optimized with the Yoast SEO Premium plugin v22.6 (Yoast SEO v22.6) - https:\/\/yoast.com\/wordpress\/plugins\/seo\/ -->\n<title>Stj\u00e4rnkliniken i \u00d6rebro City - Terapeuter n\u00e4ra dig!<\/title>\n<meta name=\"description\" content=\"Specialiserade terapeuter - Naprapater, fysioterapeuter, kiropraktorer, mass\u00f6rer, h\u00e4lsocoacher och personliga tr\u00e4nare. Boka din tid!\" \/>\n<meta name=\"robots\" content=\"index, follow, max-snippet:-1, max-image-preview:large, max-video-preview:-1\" \/>\n<link rel=\"canonical\" href=\"https:\/\/www.stjarnkliniken.com\/orebro-city\/\" \/>\n<meta property=\"og:locale\" content=\"sv_SE\" \/>\n<meta property=\"og:type\" content=\"article\" \/>\n<meta property=\"og:title\" content=\"Start\" \/>\n<meta property=\"og:description\" content=\"Specialiserade terapeuter - Naprapater, fysioterapeuter, kiropraktorer, mass\u00f6rer, h\u00e4lsocoacher och personliga tr\u00e4nare. Boka din tid!\" \/>\n<meta property=\"og:url\" content=\"https:\/\/www.stjarnkliniken.com\/orebro-city\/\" \/>\n<meta property=\"og:site_name\" content=\"\u00d6rebro City\" \/>\n<meta property=\"article:modified_time\" content=\"2026-02-10T14:21:22+00:00\" \/>\n<meta property=\"og:image\" content=\"https:\/\/www.stjarnkliniken.com\/orebro-city\/wp-content\/uploads\/sites\/14\/2023\/01\/naprapati-6-hemsida.jpg\" \/>\n<meta name=\"twitter:card\" content=\"summary_large_image\" \/>\n<meta name=\"twitter:label1\" content=\"Ber\u00e4knad l\u00e4stid\" \/>\n\t<meta name=\"twitter:data1\" content=\"6 minuter\" \/>\n<script type=\"application\/ld+json\" class=\"yoast-schema-graph\">{\"@context\":\"https:\/\/schema.org\",\"@graph\":[{\"@type\":\"WebPage\",\"@id\":\"https:\/\/www.stjarnkliniken.com\/orebro-city\/\",\"url\":\"https:\/\/www.stjarnkliniken.com\/orebro-city\/\",\"name\":\"Stj\u00e4rnkliniken i \u00d6rebro City - Terapeuter n\u00e4ra dig!\",\"isPartOf\":{\"@id\":\"https:\/\/www.stjarnkliniken.com\/orebro-city\/#website\"},\"primaryImageOfPage\":{\"@id\":\"https:\/\/www.stjarnkliniken.com\/orebro-city\/#primaryimage\"},\"image\":{\"@id\":\"https:\/\/www.stjarnkliniken.com\/orebro-city\/#primaryimage\"},\"thumbnailUrl\":\"https:\/\/www.stjarnkliniken.com\/orebro-city\/wp-content\/uploads\/sites\/14\/2023\/01\/naprapati-6-hemsida.jpg\",\"datePublished\":\"2022-04-12T05:13:37+00:00\",\"dateModified\":\"2026-02-10T14:21:22+00:00\",\"description\":\"Specialiserade terapeuter - Naprapater, fysioterapeuter, kiropraktorer, mass\u00f6rer, h\u00e4lsocoacher och personliga tr\u00e4nare. Boka din tid!\",\"breadcrumb\":{\"@id\":\"https:\/\/www.stjarnkliniken.com\/orebro-city\/#breadcrumb\"},\"inLanguage\":\"sv-SE\",\"potentialAction\":[{\"@type\":\"ReadAction\",\"target\":[\"https:\/\/www.stjarnkliniken.com\/orebro-city\/\"]}]},{\"@type\":\"ImageObject\",\"inLanguage\":\"sv-SE\",\"@id\":\"https:\/\/www.stjarnkliniken.com\/orebro-city\/#primaryimage\",\"url\":\"https:\/\/www.stjarnkliniken.com\/orebro-city\/wp-content\/uploads\/sites\/14\/2023\/01\/naprapati-6-hemsida.jpg\",\"contentUrl\":\"https:\/\/www.stjarnkliniken.com\/orebro-city\/wp-content\/uploads\/sites\/14\/2023\/01\/naprapati-6-hemsida.jpg\",\"width\":600,\"height\":600},{\"@type\":\"BreadcrumbList\",\"@id\":\"https:\/\/www.stjarnkliniken.com\/orebro-city\/#breadcrumb\",\"itemListElement\":[{\"@type\":\"ListItem\",\"position\":1,\"name\":\"Hem\",\"item\":\"https:\/\/www.stjarnkliniken.com\/orebro-city\/\"},{\"@type\":\"ListItem\",\"position\":2,\"name\":\"Start\"}]},{\"@type\":\"WebSite\",\"@id\":\"https:\/\/www.stjarnkliniken.com\/orebro-city\/#website\",\"url\":\"https:\/\/www.stjarnkliniken.com\/orebro-city\/\",\"name\":\"\u00d6rebro City\",\"description\":\"Stj\u00e4rnkliniken: Naprapati &amp; massage - ingen v\u00e4ntetid, ingen remiss!\",\"potentialAction\":[{\"@type\":\"SearchAction\",\"target\":{\"@type\":\"EntryPoint\",\"urlTemplate\":\"https:\/\/www.stjarnkliniken.com\/orebro-city\/?s={search_term_string}\"},\"query-input\":\"required name=search_term_string\"}],\"inLanguage\":\"sv-SE\"}]}<\/script>\n<!-- \/ Yoast SEO Premium plugin. -->","yoast_head_json":{"title":"Stj\u00e4rnkliniken i \u00d6rebro City - Terapeuter n\u00e4ra dig!","description":"Specialiserade terapeuter - Naprapater, fysioterapeuter, kiropraktorer, mass\u00f6rer, h\u00e4lsocoacher och personliga tr\u00e4nare. Boka din tid!","robots":{"index":"index","follow":"follow","max-snippet":"max-snippet:-1","max-image-preview":"max-image-preview:large","max-video-preview":"max-video-preview:-1"},"canonical":"https:\/\/www.stjarnkliniken.com\/orebro-city\/","og_locale":"sv_SE","og_type":"article","og_title":"Start","og_description":"Specialiserade terapeuter - Naprapater, fysioterapeuter, kiropraktorer, mass\u00f6rer, h\u00e4lsocoacher och personliga tr\u00e4nare. Boka din tid!","og_url":"https:\/\/www.stjarnkliniken.com\/orebro-city\/","og_site_name":"\u00d6rebro City","article_modified_time":"2026-02-10T14:21:22+00:00","og_image":[{"url":"https:\/\/www.stjarnkliniken.com\/orebro-city\/wp-content\/uploads\/sites\/14\/2023\/01\/naprapati-6-hemsida.jpg"}],"twitter_card":"summary_large_image","twitter_misc":{"Ber\u00e4knad l\u00e4stid":"6 minuter"},"schema":{"@context":"https:\/\/schema.org","@graph":[{"@type":"WebPage","@id":"https:\/\/www.stjarnkliniken.com\/orebro-city\/","url":"https:\/\/www.stjarnkliniken.com\/orebro-city\/","name":"Stj\u00e4rnkliniken i \u00d6rebro City - Terapeuter n\u00e4ra dig!","isPartOf":{"@id":"https:\/\/www.stjarnkliniken.com\/orebro-city\/#website"},"primaryImageOfPage":{"@id":"https:\/\/www.stjarnkliniken.com\/orebro-city\/#primaryimage"},"image":{"@id":"https:\/\/www.stjarnkliniken.com\/orebro-city\/#primaryimage"},"thumbnailUrl":"https:\/\/www.stjarnkliniken.com\/orebro-city\/wp-content\/uploads\/sites\/14\/2023\/01\/naprapati-6-hemsida.jpg","datePublished":"2022-04-12T05:13:37+00:00","dateModified":"2026-02-10T14:21:22+00:00","description":"Specialiserade terapeuter - Naprapater, fysioterapeuter, kiropraktorer, mass\u00f6rer, h\u00e4lsocoacher och personliga tr\u00e4nare. Boka din tid!","breadcrumb":{"@id":"https:\/\/www.stjarnkliniken.com\/orebro-city\/#breadcrumb"},"inLanguage":"sv-SE","potentialAction":[{"@type":"ReadAction","target":["https:\/\/www.stjarnkliniken.com\/orebro-city\/"]}]},{"@type":"ImageObject","inLanguage":"sv-SE","@id":"https:\/\/www.stjarnkliniken.com\/orebro-city\/#primaryimage","url":"https:\/\/www.stjarnkliniken.com\/orebro-city\/wp-content\/uploads\/sites\/14\/2023\/01\/naprapati-6-hemsida.jpg","contentUrl":"https:\/\/www.stjarnkliniken.com\/orebro-city\/wp-content\/uploads\/sites\/14\/2023\/01\/naprapati-6-hemsida.jpg","width":600,"height":600},{"@type":"BreadcrumbList","@id":"https:\/\/www.stjarnkliniken.com\/orebro-city\/#breadcrumb","itemListElement":[{"@type":"ListItem","position":1,"name":"Hem","item":"https:\/\/www.stjarnkliniken.com\/orebro-city\/"},{"@type":"ListItem","position":2,"name":"Start"}]},{"@type":"WebSite","@id":"https:\/\/www.stjarnkliniken.com\/orebro-city\/#website","url":"https:\/\/www.stjarnkliniken.com\/orebro-city\/","name":"\u00d6rebro City","description":"Stj\u00e4rnkliniken: Naprapati &amp; massage - ingen v\u00e4ntetid, ingen remiss!","potentialAction":[{"@type":"SearchAction","target":{"@type":"EntryPoint","urlTemplate":"https:\/\/www.stjarnkliniken.com\/orebro-city\/?s={search_term_string}"},"query-input":"required name=search_term_string"}],"inLanguage":"sv-SE"}]}},"_links":{"self":[{"href":"https:\/\/www.stjarnkliniken.com\/orebro-city\/wp-json\/wp\/v2\/pages\/5","targetHints":{"allow":["GET"]}}],"collection":[{"href":"https:\/\/www.stjarnkliniken.com\/orebro-city\/wp-json\/wp\/v2\/pages"}],"about":[{"href":"https:\/\/www.stjarnkliniken.com\/orebro-city\/wp-json\/wp\/v2\/types\/page"}],"author":[{"embeddable":true,"href":"https:\/\/www.stjarnkliniken.com\/orebro-city\/wp-json\/wp\/v2\/users\/2"}],"replies":[{"embeddable":true,"href":"https:\/\/www.stjarnkliniken.com\/orebro-city\/wp-json\/wp\/v2\/comments?post=5"}],"version-history":[{"count":5,"href":"https:\/\/www.stjarnkliniken.com\/orebro-city\/wp-json\/wp\/v2\/pages\/5\/revisions"}],"predecessor-version":[{"id":9838,"href":"https:\/\/www.stjarnkliniken.com\/orebro-city\/wp-json\/wp\/v2\/pages\/5\/revisions\/9838"}],"wp:attachment":[{"href":"https:\/\/www.stjarnkliniken.com\/orebro-city\/wp-json\/wp\/v2\/media?parent=5"}],"curies":[{"name":"wp","href":"https:\/\/api.w.org\/{rel}","templated":true}]}}