{"id":1609,"date":"2017-06-28T10:11:57","date_gmt":"2017-06-28T10:11:57","guid":{"rendered":"http:\/\/kund.bulta.se\/stjarnkliniken2\/?page_id=1609"},"modified":"2026-04-21T11:24:41","modified_gmt":"2026-04-21T11:24:41","slug":"terapeuter","status":"publish","type":"page","link":"https:\/\/www.stjarnkliniken.com\/orebro-city\/terapeuter\/","title":{"rendered":"Stj\u00e4rnor i \u00d6rebro City"},"content":{"rendered":"\n<div style=\"height:112px\" aria-hidden=\"true\" class=\"wp-block-spacer\"><\/div>\n\n\n\n<h1 class=\"wp-block-heading alignwide has-text-align-center\" id=\"h-vara-stjarnor-i-orebro\"><em>V\u00c5RA STJ\u00c4RNOR I \u00d6REBRO<\/em><\/h1>\n\n\n\n<h5 class=\"wp-block-heading has-text-align-center has-medium-font-size\" id=\"h-har-kan-du-lasa-mer-om-terapeuterna-i-orebro\">H\u00e4r kan du l\u00e4sa mer om terapeuterna i \u00d6rebro<\/h5>\n\n\n\n<div style=\"height:84px\" aria-hidden=\"true\" class=\"wp-block-spacer\"><\/div>\n\n\n\n<div class=\"wp-block-group alignwide is-layout-constrained wp-block-group-is-layout-constrained\">\n<div class=\"wp-block-group alignwide services-slider is-content-justification-center is-layout-flex wp-container-core-group-is-layout-64b26803 wp-block-group-is-layout-flex\">\n<div class=\"wp-block-cover\" style=\"min-height:500px;aspect-ratio:unset;\"><img loading=\"lazy\" decoding=\"async\" width=\"683\" height=\"1024\" class=\"wp-block-cover__image-background wp-image-9842 size-large\" alt=\"\" src=\"https:\/\/www.stjarnkliniken.com\/orebro-city\/wp-content\/uploads\/sites\/14\/2026\/03\/Malin-2250x1500-1-683x1024.jpg\" style=\"object-position:52% 18%\" data-object-fit=\"cover\" data-object-position=\"52% 18%\" srcset=\"https:\/\/www.stjarnkliniken.com\/orebro-city\/wp-content\/uploads\/sites\/14\/2026\/03\/Malin-2250x1500-1-683x1024.jpg 683w, https:\/\/www.stjarnkliniken.com\/orebro-city\/wp-content\/uploads\/sites\/14\/2026\/03\/Malin-2250x1500-1-200x300.jpg 200w, https:\/\/www.stjarnkliniken.com\/orebro-city\/wp-content\/uploads\/sites\/14\/2026\/03\/Malin-2250x1500-1-473x710.jpg 473w, https:\/\/www.stjarnkliniken.com\/orebro-city\/wp-content\/uploads\/sites\/14\/2026\/03\/Malin-2250x1500-1-1024x1536.jpg 1024w, https:\/\/www.stjarnkliniken.com\/orebro-city\/wp-content\/uploads\/sites\/14\/2026\/03\/Malin-2250x1500-1-1365x2048.jpg 1365w, https:\/\/www.stjarnkliniken.com\/orebro-city\/wp-content\/uploads\/sites\/14\/2026\/03\/Malin-2250x1500-1-119x178.jpg 119w, https:\/\/www.stjarnkliniken.com\/orebro-city\/wp-content\/uploads\/sites\/14\/2026\/03\/Malin-2250x1500-1-347x520.jpg 347w, https:\/\/www.stjarnkliniken.com\/orebro-city\/wp-content\/uploads\/sites\/14\/2026\/03\/Malin-2250x1500-1.jpg 1500w\" sizes=\"auto, (max-width: 683px) 100vw, 683px\" \/><span aria-hidden=\"true\" class=\"wp-block-cover__background has-black-background-color has-background-dim\"><\/span><div class=\"wp-block-cover__inner-container is-layout-flow wp-block-cover-is-layout-flow\">\n<div style=\"height:200px\" aria-hidden=\"true\" class=\"wp-block-spacer\"><\/div>\n\n\n\n<h4 class=\"wp-block-heading has-text-align-center\" id=\"h-malin-persson\"><a href=\"https:\/\/www.stjarnkliniken.com\/orebro-city\/personal\/malin-persson\/\"><mark class=\"has-inline-color has-white-color\">Malin Persson<\/mark><\/a><\/h4>\n\n\n\n<p class=\"has-text-align-center has-white-color has-text-color\"><strong>Dipl.<\/strong> <strong>Massageterapeut, Personlig tr\u00e4nare<\/strong><\/p>\n<\/div><\/div>\n\n\n\n<div class=\"wp-block-cover is-light\" style=\"min-height:500px;aspect-ratio:unset;\"><img loading=\"lazy\" decoding=\"async\" width=\"1500\" height=\"2250\" class=\"wp-block-cover__image-background wp-image-7020\" alt=\"\" src=\"https:\/\/www.stjarnkliniken.com\/orebro-city\/wp-content\/uploads\/sites\/14\/2021\/08\/ida-h.jpg\" style=\"object-position:48% 27%\" data-object-fit=\"cover\" data-object-position=\"48% 27%\" srcset=\"https:\/\/www.stjarnkliniken.com\/orebro-city\/wp-content\/uploads\/sites\/14\/2021\/08\/ida-h.jpg 1500w, https:\/\/www.stjarnkliniken.com\/orebro-city\/wp-content\/uploads\/sites\/14\/2021\/08\/ida-h-200x300.jpg 200w, https:\/\/www.stjarnkliniken.com\/orebro-city\/wp-content\/uploads\/sites\/14\/2021\/08\/ida-h-683x1024.jpg 683w, https:\/\/www.stjarnkliniken.com\/orebro-city\/wp-content\/uploads\/sites\/14\/2021\/08\/ida-h-768x1152.jpg 768w, https:\/\/www.stjarnkliniken.com\/orebro-city\/wp-content\/uploads\/sites\/14\/2021\/08\/ida-h-1024x1536.jpg 1024w, https:\/\/www.stjarnkliniken.com\/orebro-city\/wp-content\/uploads\/sites\/14\/2021\/08\/ida-h-1365x2048.jpg 1365w\" sizes=\"auto, (max-width: 1500px) 100vw, 1500px\" \/><span aria-hidden=\"true\" class=\"wp-block-cover__background has-background-dim\"><\/span><div class=\"wp-block-cover__inner-container is-layout-flow wp-block-cover-is-layout-flow\">\n<div style=\"height:200px\" aria-hidden=\"true\" class=\"wp-block-spacer\"><\/div>\n\n\n\n<h4 class=\"wp-block-heading has-text-align-center\" id=\"h-ida-hylander\"><a href=\"https:\/\/www.stjarnkliniken.com\/orebro-city\/personal\/ida-hylander\/\"><span class=\"has-inline-color has-white-color\">Ida Hylander<\/span><\/a><\/h4>\n\n\n\n<p class=\"has-text-align-center has-white-color has-text-color\"><strong>Cert. Medicinsk<\/strong> <strong>Massageterapeut, Lic. Personlig tr\u00e4nare<\/strong><\/p>\n<\/div><\/div>\n\n\n\n<div class=\"wp-block-cover is-light\" style=\"min-height:500px;aspect-ratio:unset;\"><img loading=\"lazy\" decoding=\"async\" width=\"1500\" height=\"2250\" class=\"wp-block-cover__image-background wp-image-5832\" alt=\"\" src=\"https:\/\/www.stjarnkliniken.com\/orebro-city\/wp-content\/uploads\/sites\/14\/2020\/12\/johnny.jpg\" style=\"object-position:51% 25%\" data-object-fit=\"cover\" data-object-position=\"51% 25%\" srcset=\"https:\/\/www.stjarnkliniken.com\/orebro-city\/wp-content\/uploads\/sites\/14\/2020\/12\/johnny.jpg 1500w, https:\/\/www.stjarnkliniken.com\/orebro-city\/wp-content\/uploads\/sites\/14\/2020\/12\/johnny-200x300.jpg 200w, https:\/\/www.stjarnkliniken.com\/orebro-city\/wp-content\/uploads\/sites\/14\/2020\/12\/johnny-683x1024.jpg 683w, https:\/\/www.stjarnkliniken.com\/orebro-city\/wp-content\/uploads\/sites\/14\/2020\/12\/johnny-768x1152.jpg 768w, https:\/\/www.stjarnkliniken.com\/orebro-city\/wp-content\/uploads\/sites\/14\/2020\/12\/johnny-1024x1536.jpg 1024w, https:\/\/www.stjarnkliniken.com\/orebro-city\/wp-content\/uploads\/sites\/14\/2020\/12\/johnny-1365x2048.jpg 1365w\" sizes=\"auto, (max-width: 1500px) 100vw, 1500px\" \/><span aria-hidden=\"true\" class=\"wp-block-cover__background has-background-dim\"><\/span><div class=\"wp-block-cover__inner-container is-layout-flow wp-block-cover-is-layout-flow\">\n<div style=\"height:200px\" aria-hidden=\"true\" class=\"wp-block-spacer\"><\/div>\n\n\n\n<h4 class=\"wp-block-heading has-text-align-center\" id=\"h-johnny-sellven\"><a href=\"https:\/\/www.stjarnkliniken.com\/orebro-city\/personal\/johnny-sellven\/\"><span class=\"has-inline-color has-white-color\">Johnny Sellv\u00e9n<\/span><\/a><\/h4>\n\n\n\n<p class=\"has-text-align-center\"><strong>Leg. Naprapat<\/strong><\/p>\n<\/div><\/div>\n\n\n\n<div class=\"wp-block-cover is-light\" style=\"min-height:500px;aspect-ratio:unset;\"><img loading=\"lazy\" decoding=\"async\" width=\"1500\" height=\"2250\" class=\"wp-block-cover__image-background wp-image-9610\" alt=\"\" src=\"https:\/\/www.stjarnkliniken.com\/orebro-city\/wp-content\/uploads\/sites\/14\/2024\/08\/melina-2250x1500-1.jpg\" style=\"object-position:52% 4%\" data-object-fit=\"cover\" data-object-position=\"52% 4%\" srcset=\"https:\/\/www.stjarnkliniken.com\/orebro-city\/wp-content\/uploads\/sites\/14\/2024\/08\/melina-2250x1500-1.jpg 1500w, https:\/\/www.stjarnkliniken.com\/orebro-city\/wp-content\/uploads\/sites\/14\/2024\/08\/melina-2250x1500-1-200x300.jpg 200w, https:\/\/www.stjarnkliniken.com\/orebro-city\/wp-content\/uploads\/sites\/14\/2024\/08\/melina-2250x1500-1-683x1024.jpg 683w, https:\/\/www.stjarnkliniken.com\/orebro-city\/wp-content\/uploads\/sites\/14\/2024\/08\/melina-2250x1500-1-473x710.jpg 473w, https:\/\/www.stjarnkliniken.com\/orebro-city\/wp-content\/uploads\/sites\/14\/2024\/08\/melina-2250x1500-1-1024x1536.jpg 1024w, https:\/\/www.stjarnkliniken.com\/orebro-city\/wp-content\/uploads\/sites\/14\/2024\/08\/melina-2250x1500-1-1365x2048.jpg 1365w, https:\/\/www.stjarnkliniken.com\/orebro-city\/wp-content\/uploads\/sites\/14\/2024\/08\/melina-2250x1500-1-119x178.jpg 119w, https:\/\/www.stjarnkliniken.com\/orebro-city\/wp-content\/uploads\/sites\/14\/2024\/08\/melina-2250x1500-1-347x520.jpg 347w\" sizes=\"auto, (max-width: 1500px) 100vw, 1500px\" \/><span aria-hidden=\"true\" class=\"wp-block-cover__background has-background-dim\"><\/span><div class=\"wp-block-cover__inner-container is-layout-flow wp-block-cover-is-layout-flow\">\n<div style=\"height:200px\" aria-hidden=\"true\" class=\"wp-block-spacer\"><\/div>\n\n\n\n<h4 class=\"wp-block-heading has-text-align-center\" id=\"h-melina-granberg\"><a href=\"https:\/\/www.stjarnkliniken.com\/orebro-city\/personal\/melina-granberg\/\"><mark class=\"has-inline-color has-white-color\">Melina Granberg<\/mark><\/a><\/h4>\n\n\n\n<p class=\"has-text-align-center\"><strong>Naprapat<\/strong><\/p>\n<\/div><\/div>\n\n\n\n<div class=\"wp-block-cover\" style=\"min-height:500px;aspect-ratio:unset;\"><img loading=\"lazy\" decoding=\"async\" width=\"683\" height=\"1024\" class=\"wp-block-cover__image-background wp-image-9749 size-large\" alt=\"\" src=\"https:\/\/www.stjarnkliniken.com\/orebro-city\/wp-content\/uploads\/sites\/14\/2025\/08\/Anders-1500-x-2250-683x1024.jpg\" style=\"object-position:50% 18%\" data-object-fit=\"cover\" data-object-position=\"50% 18%\" srcset=\"https:\/\/www.stjarnkliniken.com\/orebro-city\/wp-content\/uploads\/sites\/14\/2025\/08\/Anders-1500-x-2250-683x1024.jpg 683w, https:\/\/www.stjarnkliniken.com\/orebro-city\/wp-content\/uploads\/sites\/14\/2025\/08\/Anders-1500-x-2250-200x300.jpg 200w, https:\/\/www.stjarnkliniken.com\/orebro-city\/wp-content\/uploads\/sites\/14\/2025\/08\/Anders-1500-x-2250-473x710.jpg 473w, https:\/\/www.stjarnkliniken.com\/orebro-city\/wp-content\/uploads\/sites\/14\/2025\/08\/Anders-1500-x-2250-1024x1536.jpg 1024w, https:\/\/www.stjarnkliniken.com\/orebro-city\/wp-content\/uploads\/sites\/14\/2025\/08\/Anders-1500-x-2250-1365x2048.jpg 1365w, https:\/\/www.stjarnkliniken.com\/orebro-city\/wp-content\/uploads\/sites\/14\/2025\/08\/Anders-1500-x-2250-119x178.jpg 119w, https:\/\/www.stjarnkliniken.com\/orebro-city\/wp-content\/uploads\/sites\/14\/2025\/08\/Anders-1500-x-2250-347x520.jpg 347w, https:\/\/www.stjarnkliniken.com\/orebro-city\/wp-content\/uploads\/sites\/14\/2025\/08\/Anders-1500-x-2250.jpg 1500w\" sizes=\"auto, (max-width: 683px) 100vw, 683px\" \/><span aria-hidden=\"true\" class=\"wp-block-cover__background has-black-background-color has-background-dim\"><\/span><div class=\"wp-block-cover__inner-container is-layout-flow wp-block-cover-is-layout-flow\">\n<div style=\"height:200px\" aria-hidden=\"true\" class=\"wp-block-spacer\"><\/div>\n\n\n\n<h4 class=\"wp-block-heading has-text-align-center\" id=\"h-anders-dalborg\"><a href=\"https:\/\/www.stjarnkliniken.com\/orebro-city\/personal\/anders-dalborg\/\"><mark class=\"has-inline-color has-white-color\">Anders Dalborg<\/mark><\/a><\/h4>\n\n\n\n<p class=\"has-text-align-center\"><strong>Leg. Sjukgymnast<\/strong><\/p>\n<\/div><\/div>\n\n\n\n<div class=\"wp-block-cover is-light\" style=\"min-height:500px;aspect-ratio:unset;\"><img loading=\"lazy\" decoding=\"async\" width=\"1500\" height=\"2250\" class=\"wp-block-cover__image-background wp-image-9589\" alt=\"\" src=\"https:\/\/www.stjarnkliniken.com\/orebro-city\/wp-content\/uploads\/sites\/14\/2024\/08\/l-o-2250x1500-1.jpg\" style=\"object-position:51% 8%\" data-object-fit=\"cover\" data-object-position=\"51% 8%\" srcset=\"https:\/\/www.stjarnkliniken.com\/orebro-city\/wp-content\/uploads\/sites\/14\/2024\/08\/l-o-2250x1500-1.jpg 1500w, https:\/\/www.stjarnkliniken.com\/orebro-city\/wp-content\/uploads\/sites\/14\/2024\/08\/l-o-2250x1500-1-200x300.jpg 200w, https:\/\/www.stjarnkliniken.com\/orebro-city\/wp-content\/uploads\/sites\/14\/2024\/08\/l-o-2250x1500-1-683x1024.jpg 683w, https:\/\/www.stjarnkliniken.com\/orebro-city\/wp-content\/uploads\/sites\/14\/2024\/08\/l-o-2250x1500-1-473x710.jpg 473w, https:\/\/www.stjarnkliniken.com\/orebro-city\/wp-content\/uploads\/sites\/14\/2024\/08\/l-o-2250x1500-1-1024x1536.jpg 1024w, https:\/\/www.stjarnkliniken.com\/orebro-city\/wp-content\/uploads\/sites\/14\/2024\/08\/l-o-2250x1500-1-1365x2048.jpg 1365w, https:\/\/www.stjarnkliniken.com\/orebro-city\/wp-content\/uploads\/sites\/14\/2024\/08\/l-o-2250x1500-1-119x178.jpg 119w, https:\/\/www.stjarnkliniken.com\/orebro-city\/wp-content\/uploads\/sites\/14\/2024\/08\/l-o-2250x1500-1-347x520.jpg 347w\" sizes=\"auto, (max-width: 1500px) 100vw, 1500px\" \/><span aria-hidden=\"true\" class=\"wp-block-cover__background has-background-dim\"><\/span><div class=\"wp-block-cover__inner-container is-layout-flow wp-block-cover-is-layout-flow\">\n<div style=\"height:200px\" aria-hidden=\"true\" class=\"wp-block-spacer\"><\/div>\n\n\n\n<h4 class=\"wp-block-heading has-text-align-center\" id=\"h-lars-olov-forss\"><a href=\"https:\/\/www.stjarnkliniken.com\/orebro-city\/personal\/lars-olov-forss\/\"><mark class=\"has-inline-color has-white-color\">Lars-Olov Forss<\/mark><\/a><\/h4>\n\n\n\n<p class=\"has-text-align-center\"><strong>Leg. Sjukgymnast<\/strong><\/p>\n<\/div><\/div>\n\n\n\n<div class=\"wp-block-cover\" style=\"min-height:500px;aspect-ratio:unset;\"><img loading=\"lazy\" decoding=\"async\" width=\"683\" height=\"1024\" class=\"wp-block-cover__image-background wp-image-9743 size-large\" alt=\"\" src=\"https:\/\/www.stjarnkliniken.com\/orebro-city\/wp-content\/uploads\/sites\/14\/2025\/07\/Frida-Bylinder-683x1024.jpg\" style=\"object-position:52% 13%\" data-object-fit=\"cover\" data-object-position=\"52% 13%\" srcset=\"https:\/\/www.stjarnkliniken.com\/orebro-city\/wp-content\/uploads\/sites\/14\/2025\/07\/Frida-Bylinder-683x1024.jpg 683w, https:\/\/www.stjarnkliniken.com\/orebro-city\/wp-content\/uploads\/sites\/14\/2025\/07\/Frida-Bylinder-200x300.jpg 200w, https:\/\/www.stjarnkliniken.com\/orebro-city\/wp-content\/uploads\/sites\/14\/2025\/07\/Frida-Bylinder-473x710.jpg 473w, https:\/\/www.stjarnkliniken.com\/orebro-city\/wp-content\/uploads\/sites\/14\/2025\/07\/Frida-Bylinder-119x178.jpg 119w, https:\/\/www.stjarnkliniken.com\/orebro-city\/wp-content\/uploads\/sites\/14\/2025\/07\/Frida-Bylinder-347x520.jpg 347w, https:\/\/www.stjarnkliniken.com\/orebro-city\/wp-content\/uploads\/sites\/14\/2025\/07\/Frida-Bylinder.jpg 768w\" sizes=\"auto, (max-width: 683px) 100vw, 683px\" \/><span aria-hidden=\"true\" class=\"wp-block-cover__background has-black-background-color has-background-dim\"><\/span><div class=\"wp-block-cover__inner-container is-layout-flow wp-block-cover-is-layout-flow\">\n<div style=\"height:200px\" aria-hidden=\"true\" class=\"wp-block-spacer\"><\/div>\n\n\n\n<h4 class=\"wp-block-heading has-text-align-center\" id=\"h-frida-bylinder\"><a href=\"https:\/\/www.stjarnkliniken.com\/orebro-city\/personal\/frida-bylinder\/\"><mark class=\"has-inline-color has-white-color\">Frida Bylinder<\/mark><\/a><\/h4>\n\n\n\n<p class=\"has-text-align-center\"><strong>Klinikchef, Idrottsfysiolog &amp; Samtalsterapeut<\/strong><\/p>\n<\/div><\/div>\n\n\n\n<div class=\"wp-block-cover is-light\" style=\"min-height:500px;aspect-ratio:unset;\"><img loading=\"lazy\" decoding=\"async\" width=\"1500\" height=\"2250\" class=\"wp-block-cover__image-background wp-image-8784\" alt=\"\" src=\"https:\/\/www.stjarnkliniken.com\/orebro-city\/wp-content\/uploads\/sites\/14\/2022\/09\/Johan-hellden.jpg\" style=\"object-position:50% 28%\" data-object-fit=\"cover\" data-object-position=\"50% 28%\" srcset=\"https:\/\/www.stjarnkliniken.com\/orebro-city\/wp-content\/uploads\/sites\/14\/2022\/09\/Johan-hellden.jpg 1500w, https:\/\/www.stjarnkliniken.com\/orebro-city\/wp-content\/uploads\/sites\/14\/2022\/09\/Johan-hellden-200x300.jpg 200w, https:\/\/www.stjarnkliniken.com\/orebro-city\/wp-content\/uploads\/sites\/14\/2022\/09\/Johan-hellden-683x1024.jpg 683w, https:\/\/www.stjarnkliniken.com\/orebro-city\/wp-content\/uploads\/sites\/14\/2022\/09\/Johan-hellden-768x1152.jpg 768w, https:\/\/www.stjarnkliniken.com\/orebro-city\/wp-content\/uploads\/sites\/14\/2022\/09\/Johan-hellden-1024x1536.jpg 1024w, https:\/\/www.stjarnkliniken.com\/orebro-city\/wp-content\/uploads\/sites\/14\/2022\/09\/Johan-hellden-1365x2048.jpg 1365w\" sizes=\"auto, (max-width: 1500px) 100vw, 1500px\" \/><span aria-hidden=\"true\" class=\"wp-block-cover__background has-background-dim\"><\/span><div class=\"wp-block-cover__inner-container is-layout-flow wp-block-cover-is-layout-flow\">\n<div style=\"height:200px\" aria-hidden=\"true\" class=\"wp-block-spacer\"><\/div>\n\n\n\n<h4 class=\"wp-block-heading has-text-align-center\" id=\"h-johan-hellden\"><a href=\"https:\/\/www.stjarnkliniken.com\/orebro-city\/personal\/johan-hellden\/\"><span class=\"has-inline-color has-white-color\">Johan Helld\u00e9n<\/span><\/a><\/h4>\n\n\n\n<p class=\"has-text-align-center\"><strong>Leg. Naprapat<\/strong><\/p>\n<\/div><\/div>\n<\/div>\n<\/div>\n\n\n\n<div style=\"height:150px\" aria-hidden=\"true\" class=\"wp-block-spacer\"><\/div>\n\n\n\n<div class=\"wp-block-group alignwide is-layout-flow wp-block-group-is-layout-flow\">\n<div class=\"wp-block-columns alignwide has-same-height is-layout-flex wp-container-core-columns-is-layout-9d6595d7 wp-block-columns-is-layout-flex\">\n<div class=\"wp-block-column is-layout-flow wp-block-column-is-layout-flow\">\n<div class=\"wp-block-group has-yellow-100-background-color has-background is-layout-flow wp-block-group-is-layout-flow\" style=\"padding-top:20px;padding-right:20px;padding-bottom:20px;padding-left:20px\">\n<h4 class=\"wp-block-heading\" id=\"h-boka-tid\">Boka<br>tid<\/h4>\n\n\n\n<p>Vi \u00e4r specialiserade inom olika typer av symptom och diagnoser inom muskler, leder och\/eller skelett. Det kan vara arbetsrelaterade belastningsskador, idrottsskador eller psykiska besv\u00e4r.<\/p>\n\n\n\n<div class=\"wp-block-buttons is-layout-flex wp-block-buttons-is-layout-flex\">\n<div class=\"wp-block-button wp-block-button\"><a class=\"wp-block-button__link wp-element-button\" href=\"https:\/\/stjarnkliniken.app.myaimi.se\/boka\/orebro\">Boka tid<\/a><\/div>\n<\/div>\n<\/div>\n<\/div>\n\n\n\n<div class=\"wp-block-column is-layout-flow wp-block-column-is-layout-flow\">\n<div class=\"wp-block-group contact-info-block has-yellow-300-background-color has-background is-layout-flow wp-block-group-is-layout-flow\" style=\"padding-top:20px;padding-right:20px;padding-bottom:20px;padding-left:20px\">\n<h4 class=\"wp-block-heading\" id=\"h-kontakt\">Kontakt<\/h4>\n\n\n\n<div class=\"wp-block-columns are-vertically-aligned-center contact-image-info is-layout-flex wp-container-core-columns-is-layout-9d6595d7 wp-block-columns-is-layout-flex\">\n<div class=\"wp-block-column is-vertically-aligned-center is-layout-flow wp-block-column-is-layout-flow\" style=\"flex-basis:40px\">\n<figure class=\"wp-block-image size-large\"><img loading=\"lazy\" decoding=\"async\" width=\"80\" height=\"80\" src=\"https:\/\/www.stjarnkliniken.com\/wp-content\/uploads\/sites\/4\/2022\/05\/PHONE.png\" alt=\"\" class=\"wp-image-8285\" \/><\/figure>\n<\/div>\n\n\n\n<div class=\"wp-block-column is-vertically-aligned-center is-layout-flow wp-block-column-is-layout-flow\">\n<p><a href=\"tel:010-30 30 260\">010-30 30 260<\/a><\/p>\n<\/div>\n<\/div>\n\n\n\n<div class=\"wp-block-columns are-vertically-aligned-center contact-image-info is-layout-flex wp-container-core-columns-is-layout-9d6595d7 wp-block-columns-is-layout-flex\">\n<div class=\"wp-block-column is-vertically-aligned-center is-layout-flow wp-block-column-is-layout-flow\" style=\"flex-basis:40px\">\n<figure class=\"wp-block-image size-large\"><img loading=\"lazy\" decoding=\"async\" width=\"80\" height=\"80\" src=\"https:\/\/www.stjarnkliniken.com\/wp-content\/uploads\/sites\/4\/2022\/05\/mail.png\" alt=\"\" class=\"wp-image-8288\" \/><\/figure>\n<\/div>\n\n\n\n<div class=\"wp-block-column is-vertically-aligned-center is-layout-flow wp-block-column-is-layout-flow\">\n<p><a href=\"tel:011 15 95 95\"><\/a><a href=\"mailto:info@stjarnkliniken.com\">info@stjarnkliniken.com<\/a><\/p>\n<\/div>\n<\/div>\n\n\n\n<div class=\"wp-block-columns are-vertically-aligned-center contact-image-info is-layout-flex wp-container-core-columns-is-layout-9d6595d7 wp-block-columns-is-layout-flex\">\n<div class=\"wp-block-column is-vertically-aligned-center is-layout-flow wp-block-column-is-layout-flow\" style=\"flex-basis:40px\">\n<figure class=\"wp-block-image size-large\"><img loading=\"lazy\" decoding=\"async\" width=\"80\" height=\"80\" src=\"https:\/\/www.stjarnkliniken.com\/wp-content\/uploads\/sites\/4\/2022\/05\/pin.png\" alt=\"\" class=\"wp-image-8286\" \/><\/figure>\n<\/div>\n\n\n\n<div class=\"wp-block-column is-vertically-aligned-center is-layout-flow wp-block-column-is-layout-flow\">\n<p>Kungsgatan 32B,<\/p>\n\n\n\n<p>\u00d6rebro<\/p>\n<\/div>\n<\/div>\n\n\n\n<div class=\"wp-block-columns are-vertically-aligned-top contact-image-info is-layout-flex wp-container-core-columns-is-layout-9d6595d7 wp-block-columns-is-layout-flex\">\n<div class=\"wp-block-column is-vertically-aligned-top is-layout-flow wp-block-column-is-layout-flow\" style=\"flex-basis:40px\">\n<figure class=\"wp-block-image size-large\"><img loading=\"lazy\" decoding=\"async\" width=\"80\" height=\"80\" src=\"https:\/\/www.stjarnkliniken.com\/wp-content\/uploads\/sites\/4\/2022\/05\/time.png\" alt=\"\" class=\"wp-image-8287\" \/><\/figure>\n<\/div>\n\n\n\n<div class=\"wp-block-column is-vertically-aligned-top is-layout-flow wp-block-column-is-layout-flow\">\n<p>M\u00e5ndag-fredag<br>08:00-17:00<\/p>\n<\/div>\n<\/div>\n<\/div>\n<\/div>\n\n\n\n<div class=\"wp-block-column is-layout-flow wp-block-column-is-layout-flow\">\n<div class=\"wp-block-group team-testimonial has-white-color has-yellow-600-background-color has-text-color has-background is-layout-flow wp-block-group-is-layout-flow\" style=\"padding-top:20px;padding-right:20px;padding-bottom:20px;padding-left:20px\"><div\n\tclass=\"wp-block-qala-blocks-testimonials  autoplay has-loop has-pagination team-quotes\"\n\tdata-columns=\"1\"\t>\n\n\t<div class=\"swiper\">\n\n\t\t<div class=\"swiper-wrapper\">\n\t\t\t\n\t<div class=\"wp-block-qala-blocks-single-testimonial align-left swiper-slide\" >\n\n\t\t\n\t\t<div class=\"testimonial-content\">\n\t\t\t<p>\n\t\t\t\t<em>&#8221;Jag vill hj\u00e4lpa andra att n\u00e5 sina m\u00e5l, om det s\u00e5 \u00e4r att hj\u00e4lpa kroppen att orka med arbete och vardag eller att n\u00e5 sin fulla potential.&#8221;\u00a0<\/em>\t\t\t<\/p>\n\t\t<\/div>\n\n\t\t\t\t\t<div class=\"testimonial-reviewer\">\n\t\t\t\t\t\t\t\t\t\t\t\t\t\t\t<img decoding=\"async\" class=\"testimonial-reviewer__image\" src=\"https:\/\/www.stjarnkliniken.com\/orebro-city\/wp-content\/uploads\/sites\/14\/2022\/09\/ida_h-hemsida.jpg\" alt=\"icon\">\n\t\t\t\t\t\t\t\t\t\t\t\t\t\t\t\t\t\t<div class=\"testimonial-reviewer__details\">\n\t\t\t\t\t\t\t\t\t\t\t\t\t<span class=\"testimonial-reviewer__name\">Ida Hylander<\/span>\n\t\t\t\t\t\t\t\t\t\t\t\t\t\t\t\t\t\t\t<span class=\"testimonial-reviewer__info\">Cert.massageterapeut, Lic.personlig tr\u00e4nare<\/span>\n\t\t\t\t\t\t\t\t\t\t\t<\/div>\n\t\t\t\t\t\t\t<\/div>\n\t\t\t<\/div>\n\n\n\n\t<div class=\"wp-block-qala-blocks-single-testimonial align-left swiper-slide\" >\n\n\t\t\n\t\t<div class=\"testimonial-content\">\n\t\t\t<p>\n\t\t\t\t<em>&#8221;Jag l\u00e4gger stor vikt vid att anv\u00e4nda moderna f\u00f6rklaringsmodeller, f\u00f6r att du enklare ska kunna f\u00f6rst\u00e5 och hantera dina besv\u00e4r.&#8221;<\/em>\t\t\t<\/p>\n\t\t<\/div>\n\n\t\t\t\t\t<div class=\"testimonial-reviewer\">\n\t\t\t\t\t\t\t\t\t\t\t\t\t\t\t<img decoding=\"async\" class=\"testimonial-reviewer__image\" src=\"https:\/\/www.stjarnkliniken.com\/orebro-city\/wp-content\/uploads\/sites\/14\/2022\/09\/johnny-hemsida.jpg\" alt=\"icon\">\n\t\t\t\t\t\t\t\t\t\t\t\t\t\t\t\t\t\t<div class=\"testimonial-reviewer__details\">\n\t\t\t\t\t\t\t\t\t\t\t\t\t<span class=\"testimonial-reviewer__name\">Johnny Sellv\u00e9n<\/span>\n\t\t\t\t\t\t\t\t\t\t\t\t\t\t\t\t\t\t\t<span class=\"testimonial-reviewer__info\">Leg.naprapat<\/span>\n\t\t\t\t\t\t\t\t\t\t\t<\/div>\n\t\t\t\t\t\t\t<\/div>\n\t\t\t<\/div>\n\n\n\t\t<\/div>\n\n\t\t\t\t\t<div class=\"swiper-pagination\"><\/div>\n\t\t\n\t<\/div>\n\n<\/div>\n<\/div>\n<\/div>\n<\/div>\n<\/div>\n\n\n\n<div style=\"height:39px\" aria-hidden=\"true\" class=\"wp-block-spacer\"><\/div>\n\n\n\n<div class=\"wp-block-group is-layout-flow wp-block-group-is-layout-flow\" style=\"padding-top:40px;padding-right:40px;padding-bottom:40px;padding-left:40px\">\n<div class=\"wp-block-group is-layout-flow wp-block-group-is-layout-flow\">\n<div class=\"wp-block-group is-label is-layout-flow wp-block-group-is-layout-flow\">\n<p class=\"has-text-align-center is-label has-yellow-300-background-color has-background\" id=\"h-stjarnkliniken\"><strong><em>BOKA TID<\/em><\/strong><\/p>\n<\/div>\n<\/div>\n\n\n\n<h2 class=\"wp-block-heading has-text-align-center\" id=\"h-vi-hjalper-dig-idag-valj-din-behandling\">Vi hj\u00e4lper dig idag.<br><span class=\"has-inline-color has-yellow-300-color\"><strong>V\u00e4lj din behandling.<\/strong><\/span><\/h2>\n<\/div>\n\n\n\n<div style=\"height:55px\" aria-hidden=\"true\" class=\"wp-block-spacer\"><\/div>\n","protected":false},"excerpt":{"rendered":"<p>V\u00c5RA STJ\u00c4RNOR I \u00d6REBRO. H\u00e4r kan du l\u00e4sa mer om terapeuterna i \u00d6rebro. <\/p>\n","protected":false},"author":2,"featured_media":0,"parent":0,"menu_order":0,"comment_status":"closed","ping_status":"closed","template":"","meta":{"_acf_changed":false,"footnotes":""},"class_list":["post-1609","page","type-page","status-publish","hentry"],"acf":[],"yoast_head":"<!-- This site is optimized with the Yoast SEO Premium plugin v22.6 (Yoast SEO v22.6) - https:\/\/yoast.com\/wordpress\/plugins\/seo\/ -->\n<title>Stj\u00e4rnor i \u00d6rebro City - \u00d6rebro City<\/title>\n<meta name=\"robots\" content=\"index, follow, max-snippet:-1, max-image-preview:large, max-video-preview:-1\" \/>\n<link rel=\"canonical\" href=\"https:\/\/www.stjarnkliniken.com\/orebro-city\/terapeuter\/\" \/>\n<meta property=\"og:locale\" content=\"sv_SE\" \/>\n<meta property=\"og:type\" content=\"article\" \/>\n<meta property=\"og:title\" content=\"Stj\u00e4rnor i \u00d6rebro City\" \/>\n<meta property=\"og:description\" content=\"V\u00c5RA STJ\u00c4RNOR I \u00d6REBRO. H\u00e4r kan du l\u00e4sa mer om terapeuterna i \u00d6rebro.\" \/>\n<meta property=\"og:url\" content=\"https:\/\/www.stjarnkliniken.com\/orebro-city\/terapeuter\/\" \/>\n<meta property=\"og:site_name\" content=\"\u00d6rebro City\" \/>\n<meta property=\"article:modified_time\" content=\"2026-04-21T11:24:41+00:00\" \/>\n<meta property=\"og:image\" content=\"https:\/\/www.stjarnkliniken.com\/orebro-city\/wp-content\/uploads\/sites\/14\/2026\/03\/Malin-2250x1500-1-683x1024.jpg\" \/>\n<meta name=\"twitter:card\" content=\"summary_large_image\" \/>\n<meta name=\"twitter:label1\" content=\"Ber\u00e4knad l\u00e4stid\" \/>\n\t<meta name=\"twitter:data1\" content=\"3 minuter\" \/>\n<script type=\"application\/ld+json\" class=\"yoast-schema-graph\">{\"@context\":\"https:\/\/schema.org\",\"@graph\":[{\"@type\":\"WebPage\",\"@id\":\"https:\/\/www.stjarnkliniken.com\/orebro-city\/terapeuter\/\",\"url\":\"https:\/\/www.stjarnkliniken.com\/orebro-city\/terapeuter\/\",\"name\":\"Stj\u00e4rnor i \u00d6rebro City - \u00d6rebro City\",\"isPartOf\":{\"@id\":\"https:\/\/www.stjarnkliniken.com\/orebro-city\/#website\"},\"primaryImageOfPage\":{\"@id\":\"https:\/\/www.stjarnkliniken.com\/orebro-city\/terapeuter\/#primaryimage\"},\"image\":{\"@id\":\"https:\/\/www.stjarnkliniken.com\/orebro-city\/terapeuter\/#primaryimage\"},\"thumbnailUrl\":\"https:\/\/www.stjarnkliniken.com\/orebro-city\/wp-content\/uploads\/sites\/14\/2026\/03\/Malin-2250x1500-1-683x1024.jpg\",\"datePublished\":\"2017-06-28T10:11:57+00:00\",\"dateModified\":\"2026-04-21T11:24:41+00:00\",\"breadcrumb\":{\"@id\":\"https:\/\/www.stjarnkliniken.com\/orebro-city\/terapeuter\/#breadcrumb\"},\"inLanguage\":\"sv-SE\",\"potentialAction\":[{\"@type\":\"ReadAction\",\"target\":[\"https:\/\/www.stjarnkliniken.com\/orebro-city\/terapeuter\/\"]}]},{\"@type\":\"ImageObject\",\"inLanguage\":\"sv-SE\",\"@id\":\"https:\/\/www.stjarnkliniken.com\/orebro-city\/terapeuter\/#primaryimage\",\"url\":\"https:\/\/www.stjarnkliniken.com\/orebro-city\/wp-content\/uploads\/sites\/14\/2026\/03\/Malin-2250x1500-1.jpg\",\"contentUrl\":\"https:\/\/www.stjarnkliniken.com\/orebro-city\/wp-content\/uploads\/sites\/14\/2026\/03\/Malin-2250x1500-1.jpg\",\"width\":1500,\"height\":2250},{\"@type\":\"BreadcrumbList\",\"@id\":\"https:\/\/www.stjarnkliniken.com\/orebro-city\/terapeuter\/#breadcrumb\",\"itemListElement\":[{\"@type\":\"ListItem\",\"position\":1,\"name\":\"Hem\",\"item\":\"https:\/\/www.stjarnkliniken.com\/orebro-city\/\"},{\"@type\":\"ListItem\",\"position\":2,\"name\":\"Stj\u00e4rnor i \u00d6rebro City\"}]},{\"@type\":\"WebSite\",\"@id\":\"https:\/\/www.stjarnkliniken.com\/orebro-city\/#website\",\"url\":\"https:\/\/www.stjarnkliniken.com\/orebro-city\/\",\"name\":\"\u00d6rebro City\",\"description\":\"Stj\u00e4rnkliniken: Naprapati &amp; massage - ingen v\u00e4ntetid, ingen remiss!\",\"potentialAction\":[{\"@type\":\"SearchAction\",\"target\":{\"@type\":\"EntryPoint\",\"urlTemplate\":\"https:\/\/www.stjarnkliniken.com\/orebro-city\/?s={search_term_string}\"},\"query-input\":\"required name=search_term_string\"}],\"inLanguage\":\"sv-SE\"}]}<\/script>\n<!-- \/ Yoast SEO Premium plugin. -->","yoast_head_json":{"title":"Stj\u00e4rnor i \u00d6rebro City - \u00d6rebro City","robots":{"index":"index","follow":"follow","max-snippet":"max-snippet:-1","max-image-preview":"max-image-preview:large","max-video-preview":"max-video-preview:-1"},"canonical":"https:\/\/www.stjarnkliniken.com\/orebro-city\/terapeuter\/","og_locale":"sv_SE","og_type":"article","og_title":"Stj\u00e4rnor i \u00d6rebro City","og_description":"V\u00c5RA STJ\u00c4RNOR I \u00d6REBRO. H\u00e4r kan du l\u00e4sa mer om terapeuterna i \u00d6rebro.","og_url":"https:\/\/www.stjarnkliniken.com\/orebro-city\/terapeuter\/","og_site_name":"\u00d6rebro City","article_modified_time":"2026-04-21T11:24:41+00:00","og_image":[{"url":"https:\/\/www.stjarnkliniken.com\/orebro-city\/wp-content\/uploads\/sites\/14\/2026\/03\/Malin-2250x1500-1-683x1024.jpg"}],"twitter_card":"summary_large_image","twitter_misc":{"Ber\u00e4knad l\u00e4stid":"3 minuter"},"schema":{"@context":"https:\/\/schema.org","@graph":[{"@type":"WebPage","@id":"https:\/\/www.stjarnkliniken.com\/orebro-city\/terapeuter\/","url":"https:\/\/www.stjarnkliniken.com\/orebro-city\/terapeuter\/","name":"Stj\u00e4rnor i \u00d6rebro City - \u00d6rebro City","isPartOf":{"@id":"https:\/\/www.stjarnkliniken.com\/orebro-city\/#website"},"primaryImageOfPage":{"@id":"https:\/\/www.stjarnkliniken.com\/orebro-city\/terapeuter\/#primaryimage"},"image":{"@id":"https:\/\/www.stjarnkliniken.com\/orebro-city\/terapeuter\/#primaryimage"},"thumbnailUrl":"https:\/\/www.stjarnkliniken.com\/orebro-city\/wp-content\/uploads\/sites\/14\/2026\/03\/Malin-2250x1500-1-683x1024.jpg","datePublished":"2017-06-28T10:11:57+00:00","dateModified":"2026-04-21T11:24:41+00:00","breadcrumb":{"@id":"https:\/\/www.stjarnkliniken.com\/orebro-city\/terapeuter\/#breadcrumb"},"inLanguage":"sv-SE","potentialAction":[{"@type":"ReadAction","target":["https:\/\/www.stjarnkliniken.com\/orebro-city\/terapeuter\/"]}]},{"@type":"ImageObject","inLanguage":"sv-SE","@id":"https:\/\/www.stjarnkliniken.com\/orebro-city\/terapeuter\/#primaryimage","url":"https:\/\/www.stjarnkliniken.com\/orebro-city\/wp-content\/uploads\/sites\/14\/2026\/03\/Malin-2250x1500-1.jpg","contentUrl":"https:\/\/www.stjarnkliniken.com\/orebro-city\/wp-content\/uploads\/sites\/14\/2026\/03\/Malin-2250x1500-1.jpg","width":1500,"height":2250},{"@type":"BreadcrumbList","@id":"https:\/\/www.stjarnkliniken.com\/orebro-city\/terapeuter\/#breadcrumb","itemListElement":[{"@type":"ListItem","position":1,"name":"Hem","item":"https:\/\/www.stjarnkliniken.com\/orebro-city\/"},{"@type":"ListItem","position":2,"name":"Stj\u00e4rnor i \u00d6rebro City"}]},{"@type":"WebSite","@id":"https:\/\/www.stjarnkliniken.com\/orebro-city\/#website","url":"https:\/\/www.stjarnkliniken.com\/orebro-city\/","name":"\u00d6rebro City","description":"Stj\u00e4rnkliniken: Naprapati &amp; massage - ingen v\u00e4ntetid, ingen remiss!","potentialAction":[{"@type":"SearchAction","target":{"@type":"EntryPoint","urlTemplate":"https:\/\/www.stjarnkliniken.com\/orebro-city\/?s={search_term_string}"},"query-input":"required name=search_term_string"}],"inLanguage":"sv-SE"}]}},"_links":{"self":[{"href":"https:\/\/www.stjarnkliniken.com\/orebro-city\/wp-json\/wp\/v2\/pages\/1609","targetHints":{"allow":["GET"]}}],"collection":[{"href":"https:\/\/www.stjarnkliniken.com\/orebro-city\/wp-json\/wp\/v2\/pages"}],"about":[{"href":"https:\/\/www.stjarnkliniken.com\/orebro-city\/wp-json\/wp\/v2\/types\/page"}],"author":[{"embeddable":true,"href":"https:\/\/www.stjarnkliniken.com\/orebro-city\/wp-json\/wp\/v2\/users\/2"}],"replies":[{"embeddable":true,"href":"https:\/\/www.stjarnkliniken.com\/orebro-city\/wp-json\/wp\/v2\/comments?post=1609"}],"version-history":[{"count":5,"href":"https:\/\/www.stjarnkliniken.com\/orebro-city\/wp-json\/wp\/v2\/pages\/1609\/revisions"}],"predecessor-version":[{"id":9847,"href":"https:\/\/www.stjarnkliniken.com\/orebro-city\/wp-json\/wp\/v2\/pages\/1609\/revisions\/9847"}],"wp:attachment":[{"href":"https:\/\/www.stjarnkliniken.com\/orebro-city\/wp-json\/wp\/v2\/media?parent=1609"}],"curies":[{"name":"wp","href":"https:\/\/api.w.org\/{rel}","templated":true}]}}