{"id":8866,"date":"2022-09-09T10:06:07","date_gmt":"2022-09-09T10:06:07","guid":{"rendered":"https:\/\/www.stjarnkliniken.com\/b2b\/?page_id=8866"},"modified":"2024-02-13T07:16:37","modified_gmt":"2024-02-13T07:16:37","slug":"hallbarhet","status":"publish","type":"page","link":"https:\/\/www.stjarnkliniken.com\/b2b\/hallbarhet\/","title":{"rendered":"H\u00e5llbarhet"},"content":{"rendered":"\n<div class=\"wp-block-group alignfull has-black-color has-yellow-100-background-color has-text-color has-background is-layout-flow wp-block-group-is-layout-flow\" style=\"padding-top:100px;padding-right:100px;padding-bottom:100px;padding-left:100px\">\n<h1 class=\"wp-block-heading has-text-align-center\" id=\"h-hallbarhet\"><em>H\u00c5LLBARHET<\/em><\/h1>\n\n\n\n<p class=\"has-text-align-center has-black-color has-text-color has-medium-font-size\">ISO-certifiering &amp; Socialt ansvar<\/p>\n<\/div>\n\n\n\n<div class=\"wp-block-group is-layout-flow wp-block-group-is-layout-flow\" style=\"padding-top:70px;padding-right:0px;padding-bottom:70px;padding-left:0px\">\n<div class=\"wp-block-group is-label is-layout-flow wp-block-group-is-layout-flow\">\n<p class=\"has-text-align-center is-label has-yellow-300-background-color has-background\" id=\"h-stjarnkliniken\"><strong><em>STJ\u00c4RNKLINIKEN<\/em><\/strong><\/p>\n<\/div>\n\n\n\n<h4 class=\"wp-block-heading has-text-align-center\" id=\"h-vi-skapar-attraktiva-friskvardslosningar-for-ett-okat-valmaende-och-ett-for-dig-eller-din-organisation-hallbart-resultat\"><strong><strong><strong>Vi skapar attraktiva friskv\u00e5rdsl\u00f6sningar f\u00f6r ett \u00f6kat v\u00e4lm\u00e5ende och ett f\u00f6r dig eller din organisation, h\u00e5llbart resultat<\/strong><\/strong><\/strong><\/h4>\n\n\n\n<p class=\"has-text-align-center has-medium-font-size\">H\u00e5llbarhet f\u00f6r oss betyder att vi erbjuder olika typer av f\u00f6rebyggande och behandlande friskv\u00e5rdstj\u00e4nster f\u00f6r att optimera v\u00e5ra kunders v\u00e4lm\u00e5ende som i sin tur leder till en \u00f6kad prestation. Vi v\u00e4gleder och ger tips och r\u00e5d inf\u00f6r livsstilsf\u00f6r\u00e4ndringar och coachar under v\u00e4gen.<\/p>\n<\/div>\n\n\n\n<div class=\"wp-block-group alignfull has-yellow-600-background-color has-background is-layout-flow wp-block-group-is-layout-flow\">\n\n<div class=\"wp-block-qala-blocks-hero alignfull content-position__right content-align__center\" >\n\t<div\n\t\tclass=\"wp-block-qala-blocks-hero__wrapper \"\n\t\tstyle=\" \"\n\t\t>\n\n\t\t\t\t<div\n\t\t\tclass=\"wp-block-qala-blocks-hero__content\"\n\t\t\tdata-width=\"50%\"\n\t\t\tstyle=\" width:50%;  text-align:left;\"\n\t\t\t>\n\t\t\t\n\n<div class=\"wp-block-columns is-justified-center is-layout-flex wp-container-core-columns-is-layout-9d6595d7 wp-block-columns-is-layout-flex\">\n<div class=\"wp-block-column is-layout-flow wp-block-column-is-layout-flow\" style=\"flex-basis:500px\">\n<div class=\"wp-block-group is-layout-flow wp-block-group-is-layout-flow\" style=\"padding-top:0px;padding-right:0px;padding-bottom:0px\">\n<div style=\"height:100px\" aria-hidden=\"true\" class=\"wp-block-spacer\"><\/div>\n\n\n\n<div style=\"height:24px\" aria-hidden=\"true\" class=\"wp-block-spacer\"><\/div>\n\n\n\n<h2 class=\"wp-block-heading has-text-align-center has-white-color has-text-color\" id=\"h-pa-lika-villkor\">P\u00c5 LIKA VILLKOR<\/h2>\n<\/div>\n\n\n\n<p class=\"has-text-align-center has-white-color has-text-color\"><strong>M\u00e5l nr 3 i FN:s globala utvecklingsm\u00e5l handlar om att s\u00e4kerst\u00e4lla h\u00e4lsosamma liv och fr\u00e4mja v\u00e4lbefinnande f\u00f6r alla i alla \u00e5ldrar.<\/strong><\/p>\n\n\n\n<p class=\"has-text-align-center has-white-color has-text-color\">Stj\u00e4rnkliniken brinner f\u00f6r idrott och h\u00e4lsa och vill att alla ska f\u00e5 vara med p\u00e5 lika villkor och ges r\u00e4tt f\u00f6ruts\u00e4ttningar f\u00f6r att lyckas. Vi har d\u00e4rf\u00f6r ett starkt engagemang i paraidrotten d\u00e4r vi utbildar, behandlar och coachar b\u00e5de ledare och ut\u00f6vare p\u00e5 olika niv\u00e5. Samh\u00e4llets utmaningar och krav upplevs ofta \u00e4nnu st\u00f6rre f\u00f6r en person med funktionshinder vilket oftast skapar ett otroligt driv och en k\u00e4mpargl\u00f6d ut\u00f6ver det vanliga. Det \u00e4r fantastiskt att f\u00e5 vara med p\u00e5 en s\u00e5dan resa d\u00e4r tr\u00e4ning och m\u00e5lmedvetenhet g\u00f6r s\u00e5 att hinder \u00f6vervinns och dr\u00f6mmen blir sann. Tillsammans skapar vi ett inkluderande och friskare Sverige!<\/p>\n<\/div>\n<\/div>\n\n\t\t<\/div>\n\n\t\t\n\t\t<div\n\t\t\tclass=\"wp-block-qala-blocks-hero__media-wrap\"\n\t\t\tstyle=\"\"\n\t\t\t>\n\n\t\t\t\t\t\t\t\t\t\t\t\t<img decoding=\"async\" src=\"https:\/\/www.stjarnkliniken.com\/wp-content\/uploads\/2022\/08\/idrott-hemsida.jpg\" alt=\"hero-image\" loading=\"lazy\">\n\t\t\t\t\t\t\t\n\t\t\t\t\t\t\n\t\t\t\t\t\t\t<div\n\t\t\t\t\tclass=\"overlay\"\n\t\t\t\t\tstyle=\"opacity:70%; \"\n\t\t\t\t><\/div>\n\t\t\t\n\t\t<\/div>\n\t<\/div>\n<\/div>\n<\/div>\n\n\n\n<div style=\"height:183px\" aria-hidden=\"true\" class=\"wp-block-spacer\"><\/div>\n\n\n\n<div class=\"wp-block-columns alignwide is-layout-flex wp-container-core-columns-is-layout-9d6595d7 wp-block-columns-is-layout-flex\">\n<div class=\"wp-block-column is-layout-flow wp-block-column-is-layout-flow\" style=\"flex-basis:50%\">\n<div class=\"wp-block-group is-layout-flow wp-block-group-is-layout-flow\" style=\"padding-top:0px;padding-right:0px;padding-bottom:0px;padding-left:0px\">\n<div class=\"wp-block-group is-label is-layout-flow wp-block-group-is-layout-flow\">\n<p class=\"has-text-align-center is-label has-yellow-300-background-color has-background\" id=\"h-stjarnkliniken\"><strong><em>ISO &#8211; CERTIFIERING<\/em><\/strong><\/p>\n<\/div>\n\n\n\n<div style=\"height:27px\" aria-hidden=\"true\" class=\"wp-block-spacer\"><\/div>\n\n\n\n<h2 class=\"wp-block-heading has-text-align-center wp-block-qala-blocks-hero__heading\" id=\"h-certifikat-i-guld\">CERTIFIKAT I GULD<\/h2>\n\n\n\n<p class=\"has-black-color has-text-color\"><strong>\u201d JA, vi har v\u00e5ra certifikat p\u00e5 v\u00e4ggen i fina guldramar \u201d. Det har vi f\u00f6r att vi \u00e4r oerh\u00f6rt stolta \u00f6ver att vara ISO-certifierade i b\u00e5de ISO 9001 Kvalit\u00e9, ISO 14001 Milj\u00f6 och ISO 45001 Arbetsmilj\u00f6.<\/strong><\/p>\n\n\n\n<p class=\"has-black-color has-text-color\">F\u00f6r oss var det inget sv\u00e5rt beslut att ta, snarare en sj\u00e4lvklarhet med v\u00e4rdeord s\u00e5som kvalit\u00e9, kundfokus, v\u00e4lm\u00e5ende och teamwork. Vi \u00e4r bland de f\u00f6rsta i Sverige att certifiera oss i v\u00e5r bransch och vi g\u00f6r det bl.a f\u00f6r att skapa ett merv\u00e4rde b\u00e5de f\u00f6r oss sj\u00e4lva, v\u00e5ra kunder och v\u00e5ra medarbetare.<\/p>\n\n\n\n<p class=\"has-black-color has-text-color\">Vi vet genom forskningen, att ett st\u00f6rre v\u00e4lm\u00e5ende hos befolkningen och ett mer aktivt liv skapar ett starkare samh\u00e4lle. Vi vet ocks\u00e5 att v\u00e5r vardag och hur vi m\u00e5r, p\u00e5verkas av b\u00e5de jobb och fritid och balansen d\u00e4remellan. P\u00e5 Stj\u00e4rnkliniken skapar vi f\u00f6ruts\u00e4ttningar f\u00f6r en god arbetsmilj\u00f6 p\u00e5 er arbetsplats och vi ger kunskap som bidrar till mer h\u00e5llbara och milj\u00f6medvetna val i din vardag. Att cykla till jobbet och l\u00e5ta bilen st\u00e5 p\u00e5verkar mer \u00e4n du tror?<\/p>\n<\/div>\n<\/div>\n\n\n\n<div class=\"wp-block-column is-layout-flow wp-block-column-is-layout-flow\"><\/div>\n\n\n\n<div class=\"wp-block-column is-layout-flow wp-block-column-is-layout-flow\" style=\"flex-basis:50%\">\n<figure class=\"wp-block-image size-large is-resized is-style-default\"><img loading=\"lazy\" decoding=\"async\" width=\"1714\" height=\"2560\" src=\"https:\/\/www.stjarnkliniken.com\/b2b\/wp-content\/uploads\/sites\/2\/2017\/07\/Markus-Hast-1-scaled.jpg\" alt=\"\" class=\"wp-image-2421\" style=\"object-fit:cover;width:415px;height:620px\" srcset=\"https:\/\/www.stjarnkliniken.com\/b2b\/wp-content\/uploads\/sites\/2\/2017\/07\/Markus-Hast-1-scaled.jpg 1714w, https:\/\/www.stjarnkliniken.com\/b2b\/wp-content\/uploads\/sites\/2\/2017\/07\/Markus-Hast-1-201x300.jpg 201w, https:\/\/www.stjarnkliniken.com\/b2b\/wp-content\/uploads\/sites\/2\/2017\/07\/Markus-Hast-1-686x1024.jpg 686w, https:\/\/www.stjarnkliniken.com\/b2b\/wp-content\/uploads\/sites\/2\/2017\/07\/Markus-Hast-1-768x1147.jpg 768w, https:\/\/www.stjarnkliniken.com\/b2b\/wp-content\/uploads\/sites\/2\/2017\/07\/Markus-Hast-1-1028x1536.jpg 1028w, https:\/\/www.stjarnkliniken.com\/b2b\/wp-content\/uploads\/sites\/2\/2017\/07\/Markus-Hast-1-1371x2048.jpg 1371w\" sizes=\"auto, (max-width: 1714px) 100vw, 1714px\" \/><\/figure>\n<\/div>\n<\/div>\n\n\n\n<div style=\"height:28px\" aria-hidden=\"true\" class=\"wp-block-spacer\"><\/div>\n\n\n\n<div class=\"wp-block-columns is-layout-flex wp-container-core-columns-is-layout-9d6595d7 wp-block-columns-is-layout-flex\">\n<div class=\"wp-block-column is-layout-flow wp-block-column-is-layout-flow\" style=\"flex-basis:33.34%\">\n<figure class=\"wp-block-image size-large is-resized\"><img decoding=\"async\" src=\"https:\/\/www.stjarnkliniken.com\/wp-content\/uploads\/2022\/09\/ISO_9001_Sve_PMS.png\" alt=\"\" class=\"wp-image-9706\" style=\"object-fit:cover;width:130px;height:120px\"\/><\/figure>\n<\/div>\n\n\n\n<div class=\"wp-block-column is-layout-flow wp-block-column-is-layout-flow\" style=\"flex-basis:33.34%\">\n<figure class=\"wp-block-image size-large is-resized\"><img decoding=\"async\" src=\"https:\/\/www.stjarnkliniken.com\/wp-content\/uploads\/2022\/09\/ISO_14001_Sve_PMS.png\" alt=\"\" class=\"wp-image-9705\" style=\"object-fit:cover;width:130px;height:130px\"\/><\/figure>\n<\/div>\n\n\n\n<div class=\"wp-block-column is-layout-flow wp-block-column-is-layout-flow\" style=\"flex-basis:33.33%\">\n<figure class=\"wp-block-image size-large is-resized\"><img decoding=\"async\" src=\"https:\/\/www.stjarnkliniken.com\/wp-content\/uploads\/2022\/09\/ISO_45001.png\" alt=\"\" class=\"wp-image-9704\" style=\"object-fit:cover;width:130px;height:130px\"\/><\/figure>\n<\/div>\n<\/div>\n\n\n\n<div class=\"wp-block-group alignfull has-black-color has-yellow-100-background-color has-text-color has-background is-layout-flow wp-block-group-is-layout-flow\" style=\"padding-top:70px;padding-right:20px;padding-bottom:70px;padding-left:20px\">\n<div class=\"wp-block-group alignwide is-layout-flow wp-block-group-is-layout-flow\">\n<p class=\"has-text-align-center has-normal-font-size\">Vi har idag ca 25&nbsp;000 aktiva kunder vars behov och \u00f6nskem\u00e5l \u00e4r med och driver v\u00e5r verksamhet fram\u00e5t. V\u00e5ra \u00e4gare och ledning jobbar f\u00f6r att skapa god l\u00f6nsamhet och tillv\u00e4xt, bygga l\u00e5ngsiktig kundn\u00f6jdhet och utveckla v\u00e5ra Stj\u00e4rnor. Vi verkar f\u00f6r ett friskare och mer h\u00e5llbart Sverige.<\/p>\n\n\n\n<p class=\"has-text-align-center has-normal-font-size\">Samh\u00e4llets snabba f\u00f6r\u00e4ndringar och tuffa utmaningar med en \u00f6kad oh\u00e4lsa som f\u00f6ljd leder till ett st\u00f6rre behov av v\u00e5ra tj\u00e4nster. <em>\u201dAldrig har vi haft det s\u00e5 bra men m\u00e5r s\u00e5 d\u00e5ligt\u201d. <\/em>Vi har d\u00e4rf\u00f6r byggt ett erbjudande d\u00e4r v\u00e5ra kunder kan f\u00e5 hj\u00e4lp och r\u00e5dgivning av olika professioner och tj\u00e4nster under samma tak. Det ska vara enkelt och k\u00e4nnas tryggt.<\/p>\n\n\n\n<p class=\"has-text-align-center has-normal-font-size\">Stj\u00e4rnkliniken ska vara en h\u00e5llbar arbetsplats varf\u00f6r vi l\u00e4gger fokus p\u00e5 medarbetarnas f\u00f6rv\u00e4ntningar g\u00e4llande utvecklingsm\u00f6jligheter, egen h\u00e4lsa och god milj\u00f6medvetenhet. Det \u00e4r viktigt med h\u00f6g kvalit\u00e9 och r\u00e4tt typ av tj\u00e4nster f\u00f6r att k\u00e4nna yrkesstolthet och gl\u00e4dje.<\/p>\n<\/div>\n<\/div>\n","protected":false},"excerpt":{"rendered":"<p>H\u00c5LLBARHET. ISO-certifiering &amp; Socialt ansvar. STJ\u00c4RNKLINIKEN. <\/p>\n","protected":false},"author":2,"featured_media":0,"parent":0,"menu_order":0,"comment_status":"closed","ping_status":"closed","template":"","meta":{"_acf_changed":false,"footnotes":""},"class_list":["post-8866","page","type-page","status-publish","hentry"],"acf":[],"yoast_head":"<!-- This site is optimized with the Yoast SEO Premium plugin v22.6 (Yoast SEO v22.6) - https:\/\/yoast.com\/wordpress\/plugins\/seo\/ -->\n<title>H\u00e5llbarhet - Stj\u00e4rnkliniken B2B<\/title>\n<meta name=\"robots\" content=\"index, follow, max-snippet:-1, max-image-preview:large, max-video-preview:-1\" \/>\n<link rel=\"canonical\" href=\"https:\/\/www.stjarnkliniken.com\/b2b\/hallbarhet\/\" \/>\n<meta property=\"og:locale\" content=\"sv_SE\" \/>\n<meta property=\"og:type\" content=\"article\" \/>\n<meta property=\"og:title\" content=\"H\u00e5llbarhet\" \/>\n<meta property=\"og:description\" content=\"H\u00c5LLBARHET. ISO-certifiering &amp; Socialt ansvar. STJ\u00c4RNKLINIKEN.\" \/>\n<meta property=\"og:url\" content=\"https:\/\/www.stjarnkliniken.com\/b2b\/hallbarhet\/\" \/>\n<meta property=\"og:site_name\" content=\"Stj\u00e4rnkliniken B2B\" \/>\n<meta property=\"article:modified_time\" content=\"2024-02-13T07:16:37+00:00\" \/>\n<meta property=\"og:image\" content=\"https:\/\/www.stjarnkliniken.com\/b2b\/wp-content\/uploads\/sites\/2\/2017\/07\/Markus-Hast-1-scaled.jpg\" \/>\n<meta name=\"twitter:card\" content=\"summary_large_image\" \/>\n<meta name=\"twitter:label1\" content=\"Ber\u00e4knad l\u00e4stid\" \/>\n\t<meta name=\"twitter:data1\" content=\"4 minuter\" \/>\n<script type=\"application\/ld+json\" class=\"yoast-schema-graph\">{\"@context\":\"https:\/\/schema.org\",\"@graph\":[{\"@type\":\"WebPage\",\"@id\":\"https:\/\/www.stjarnkliniken.com\/b2b\/hallbarhet\/\",\"url\":\"https:\/\/www.stjarnkliniken.com\/b2b\/hallbarhet\/\",\"name\":\"H\u00e5llbarhet - Stj\u00e4rnkliniken B2B\",\"isPartOf\":{\"@id\":\"https:\/\/www.stjarnkliniken.com\/b2b\/#website\"},\"primaryImageOfPage\":{\"@id\":\"https:\/\/www.stjarnkliniken.com\/b2b\/hallbarhet\/#primaryimage\"},\"image\":{\"@id\":\"https:\/\/www.stjarnkliniken.com\/b2b\/hallbarhet\/#primaryimage\"},\"thumbnailUrl\":\"https:\/\/www.stjarnkliniken.com\/b2b\/wp-content\/uploads\/sites\/2\/2017\/07\/Markus-Hast-1-scaled.jpg\",\"datePublished\":\"2022-09-09T10:06:07+00:00\",\"dateModified\":\"2024-02-13T07:16:37+00:00\",\"breadcrumb\":{\"@id\":\"https:\/\/www.stjarnkliniken.com\/b2b\/hallbarhet\/#breadcrumb\"},\"inLanguage\":\"sv-SE\",\"potentialAction\":[{\"@type\":\"ReadAction\",\"target\":[\"https:\/\/www.stjarnkliniken.com\/b2b\/hallbarhet\/\"]}]},{\"@type\":\"ImageObject\",\"inLanguage\":\"sv-SE\",\"@id\":\"https:\/\/www.stjarnkliniken.com\/b2b\/hallbarhet\/#primaryimage\",\"url\":\"https:\/\/www.stjarnkliniken.com\/b2b\/wp-content\/uploads\/sites\/2\/2017\/07\/Markus-Hast-1-scaled.jpg\",\"contentUrl\":\"https:\/\/www.stjarnkliniken.com\/b2b\/wp-content\/uploads\/sites\/2\/2017\/07\/Markus-Hast-1-scaled.jpg\",\"width\":1714,\"height\":2560},{\"@type\":\"BreadcrumbList\",\"@id\":\"https:\/\/www.stjarnkliniken.com\/b2b\/hallbarhet\/#breadcrumb\",\"itemListElement\":[{\"@type\":\"ListItem\",\"position\":1,\"name\":\"Hem\",\"item\":\"https:\/\/www.stjarnkliniken.com\/b2b\/\"},{\"@type\":\"ListItem\",\"position\":2,\"name\":\"H\u00e5llbarhet\"}]},{\"@type\":\"WebSite\",\"@id\":\"https:\/\/www.stjarnkliniken.com\/b2b\/#website\",\"url\":\"https:\/\/www.stjarnkliniken.com\/b2b\/\",\"name\":\"Stj\u00e4rnkliniken B2B\",\"description\":\"Stj\u00e4rnkliniken: Naprapati &amp; massage - ingen v\u00e4ntetid, ingen remiss!\",\"potentialAction\":[{\"@type\":\"SearchAction\",\"target\":{\"@type\":\"EntryPoint\",\"urlTemplate\":\"https:\/\/www.stjarnkliniken.com\/b2b\/?s={search_term_string}\"},\"query-input\":\"required name=search_term_string\"}],\"inLanguage\":\"sv-SE\"}]}<\/script>\n<!-- \/ Yoast SEO Premium plugin. -->","yoast_head_json":{"title":"H\u00e5llbarhet - Stj\u00e4rnkliniken B2B","robots":{"index":"index","follow":"follow","max-snippet":"max-snippet:-1","max-image-preview":"max-image-preview:large","max-video-preview":"max-video-preview:-1"},"canonical":"https:\/\/www.stjarnkliniken.com\/b2b\/hallbarhet\/","og_locale":"sv_SE","og_type":"article","og_title":"H\u00e5llbarhet","og_description":"H\u00c5LLBARHET. ISO-certifiering &amp; Socialt ansvar. STJ\u00c4RNKLINIKEN.","og_url":"https:\/\/www.stjarnkliniken.com\/b2b\/hallbarhet\/","og_site_name":"Stj\u00e4rnkliniken B2B","article_modified_time":"2024-02-13T07:16:37+00:00","og_image":[{"url":"https:\/\/www.stjarnkliniken.com\/b2b\/wp-content\/uploads\/sites\/2\/2017\/07\/Markus-Hast-1-scaled.jpg"}],"twitter_card":"summary_large_image","twitter_misc":{"Ber\u00e4knad l\u00e4stid":"4 minuter"},"schema":{"@context":"https:\/\/schema.org","@graph":[{"@type":"WebPage","@id":"https:\/\/www.stjarnkliniken.com\/b2b\/hallbarhet\/","url":"https:\/\/www.stjarnkliniken.com\/b2b\/hallbarhet\/","name":"H\u00e5llbarhet - Stj\u00e4rnkliniken B2B","isPartOf":{"@id":"https:\/\/www.stjarnkliniken.com\/b2b\/#website"},"primaryImageOfPage":{"@id":"https:\/\/www.stjarnkliniken.com\/b2b\/hallbarhet\/#primaryimage"},"image":{"@id":"https:\/\/www.stjarnkliniken.com\/b2b\/hallbarhet\/#primaryimage"},"thumbnailUrl":"https:\/\/www.stjarnkliniken.com\/b2b\/wp-content\/uploads\/sites\/2\/2017\/07\/Markus-Hast-1-scaled.jpg","datePublished":"2022-09-09T10:06:07+00:00","dateModified":"2024-02-13T07:16:37+00:00","breadcrumb":{"@id":"https:\/\/www.stjarnkliniken.com\/b2b\/hallbarhet\/#breadcrumb"},"inLanguage":"sv-SE","potentialAction":[{"@type":"ReadAction","target":["https:\/\/www.stjarnkliniken.com\/b2b\/hallbarhet\/"]}]},{"@type":"ImageObject","inLanguage":"sv-SE","@id":"https:\/\/www.stjarnkliniken.com\/b2b\/hallbarhet\/#primaryimage","url":"https:\/\/www.stjarnkliniken.com\/b2b\/wp-content\/uploads\/sites\/2\/2017\/07\/Markus-Hast-1-scaled.jpg","contentUrl":"https:\/\/www.stjarnkliniken.com\/b2b\/wp-content\/uploads\/sites\/2\/2017\/07\/Markus-Hast-1-scaled.jpg","width":1714,"height":2560},{"@type":"BreadcrumbList","@id":"https:\/\/www.stjarnkliniken.com\/b2b\/hallbarhet\/#breadcrumb","itemListElement":[{"@type":"ListItem","position":1,"name":"Hem","item":"https:\/\/www.stjarnkliniken.com\/b2b\/"},{"@type":"ListItem","position":2,"name":"H\u00e5llbarhet"}]},{"@type":"WebSite","@id":"https:\/\/www.stjarnkliniken.com\/b2b\/#website","url":"https:\/\/www.stjarnkliniken.com\/b2b\/","name":"Stj\u00e4rnkliniken B2B","description":"Stj\u00e4rnkliniken: Naprapati &amp; massage - ingen v\u00e4ntetid, ingen remiss!","potentialAction":[{"@type":"SearchAction","target":{"@type":"EntryPoint","urlTemplate":"https:\/\/www.stjarnkliniken.com\/b2b\/?s={search_term_string}"},"query-input":"required name=search_term_string"}],"inLanguage":"sv-SE"}]}},"_links":{"self":[{"href":"https:\/\/www.stjarnkliniken.com\/b2b\/wp-json\/wp\/v2\/pages\/8866","targetHints":{"allow":["GET"]}}],"collection":[{"href":"https:\/\/www.stjarnkliniken.com\/b2b\/wp-json\/wp\/v2\/pages"}],"about":[{"href":"https:\/\/www.stjarnkliniken.com\/b2b\/wp-json\/wp\/v2\/types\/page"}],"author":[{"embeddable":true,"href":"https:\/\/www.stjarnkliniken.com\/b2b\/wp-json\/wp\/v2\/users\/2"}],"replies":[{"embeddable":true,"href":"https:\/\/www.stjarnkliniken.com\/b2b\/wp-json\/wp\/v2\/comments?post=8866"}],"version-history":[{"count":5,"href":"https:\/\/www.stjarnkliniken.com\/b2b\/wp-json\/wp\/v2\/pages\/8866\/revisions"}],"predecessor-version":[{"id":9511,"href":"https:\/\/www.stjarnkliniken.com\/b2b\/wp-json\/wp\/v2\/pages\/8866\/revisions\/9511"}],"wp:attachment":[{"href":"https:\/\/www.stjarnkliniken.com\/b2b\/wp-json\/wp\/v2\/media?parent=8866"}],"curies":[{"name":"wp","href":"https:\/\/api.w.org\/{rel}","templated":true}]}}