{"id":8864,"date":"2022-09-09T10:05:11","date_gmt":"2022-09-09T10:05:11","guid":{"rendered":"https:\/\/www.stjarnkliniken.com\/b2b\/?page_id=8864"},"modified":"2025-07-04T06:51:02","modified_gmt":"2025-07-04T06:51:02","slug":"om-oss","status":"publish","type":"page","link":"https:\/\/www.stjarnkliniken.com\/b2b\/om-oss\/","title":{"rendered":"Om oss"},"content":{"rendered":"\n<div class=\"wp-block-group alignfull has-black-color has-yellow-100-background-color has-text-color has-background is-layout-flow wp-block-group-is-layout-flow\" style=\"padding-top:100px;padding-right:100px;padding-bottom:100px;padding-left:100px\">\n<h1 class=\"wp-block-heading has-text-align-center\" id=\"h-om-oss\"><em>OM OSS<\/em><\/h1>\n<\/div>\n\n\n\n<div style=\"height:46px\" aria-hidden=\"true\" class=\"wp-block-spacer\"><\/div>\n\n\n\n<div class=\"wp-block-group is-layout-flow wp-block-group-is-layout-flow\" style=\"padding-top:70px;padding-right:0px;padding-bottom:70px;padding-left:0px\">\n<div class=\"wp-block-group is-label is-layout-flow wp-block-group-is-layout-flow\">\n<p class=\"has-text-align-center is-label has-yellow-300-background-color has-background\" id=\"h-stjarnkliniken\"><strong><em>STJ\u00c4RNKLINIKEN<\/em><\/strong><\/p>\n<\/div>\n\n\n\n<h4 class=\"wp-block-heading has-text-align-center\" id=\"h-vilka-ar-stjarnkliniken\"><strong><strong>Vilka \u00e4r Stj\u00e4rnkliniken<\/strong><\/strong><\/h4>\n\n\n\n<p class=\"has-text-align-center has-medium-font-size\">Svaren \u00e4r s\u00e4kert lika m\u00e5nga som stj\u00e4rnorna p\u00e5 himlen om du fr\u00e5gar v\u00e5ra kunder. Om du fr\u00e5gar oss s\u00e5 \u00e4r vi din sj\u00e4lvklara friskv\u00e5rdspartner \u2013 om du s\u00e5 \u00e4r privatperson eller f\u00f6retagsledare<\/p>\n<\/div>\n\n\n\n<figure class=\"wp-block-image alignwide size-large\"><img decoding=\"async\" src=\"https:\/\/www.stjarnkliniken.com\/wp-content\/uploads\/2022\/08\/a\u0308gare-svartvit.jpg\" alt=\"\" class=\"wp-image-9366\" \/><\/figure>\n\n\n\n<div class=\"wp-block-group alignwide is-layout-flow wp-block-group-is-layout-flow\" style=\"padding-top:70px;padding-right:0px;padding-bottom:70px;padding-left:0px\">\n<p class=\"has-text-align-center has-medium-font-size\">Sedan 2008 har vi p\u00e5 Stj\u00e4rnkliniken levererat r\u00f6relsefrihet. Vi finns p\u00e5 flera orter i Sverige fr\u00e5n norr till s\u00f6der med huvuds\u00e4te i Norrk\u00f6ping, \u00d6sterg\u00f6tland. F\u00f6retaget drivs och \u00e4gs av tre del\u00e4gare med en gemensam ambition att alltid leverera trygghet till kunden.<\/p>\n\n\n\n<p class=\"has-text-align-center has-medium-font-size\">V\u00e5ra team best\u00e5r av naprapater, kiropraktorer, mass\u00f6rer, personliga tr\u00e4nare, h\u00e4lsocoacher, samtalsterapeuter och fysioterapeuter som jobbar f\u00f6r visionen att skapa ett friskare Sverige. Det g\u00f6r vi genom v\u00e5rt multidisciplin\u00e4ra arbetss\u00e4tt och att tillsammans med dig skapa attraktiva friskv\u00e5rdsl\u00f6sningar efter just Ditt behov.<\/p>\n<\/div>\n\n\n\n<div class=\"wp-block-group alignwide is-layout-flow wp-block-group-is-layout-flow\">\n<div class=\"wp-block-columns alignwide has-same-height is-layout-flex wp-container-core-columns-is-layout-9d6595d7 wp-block-columns-is-layout-flex\">\n<div class=\"wp-block-column is-layout-flow wp-block-column-is-layout-flow\">\n<div class=\"wp-block-group has-yellow-600-background-color has-background is-layout-flow wp-block-group-is-layout-flow\" style=\"padding-top:30px;padding-right:40px;padding-bottom:30px;padding-left:40px\">\n<h5 class=\"wp-block-heading has-white-color has-text-color\" id=\"h-hallbarhet\"><a href=\"https:\/\/www.stjarnkliniken.com\/om-oss\/hallbarhet\/\"><strong><span class=\"has-inline-color has-white-color\">H\u00e5llbarhet<\/span><\/strong><\/a><\/h5>\n\n\n\n<p class=\"has-white-color has-text-color has-normal-font-size\">H\u00e5llbarhet f\u00f6r oss betyder att vi erbjuder olika typer av f\u00f6rebyggande och behandlande friskv\u00e5rdstj\u00e4nster f\u00f6r att optimera v\u00e5ra kunders v\u00e4lm\u00e5ende som i sin tur leder till en \u00f6kad prestation. Vi v\u00e4gleder och ger tips och r\u00e5d inf\u00f6r livsstilsf\u00f6r\u00e4ndringar och coachar under v\u00e4gen.<\/p>\n<\/div>\n<\/div>\n\n\n\n<div class=\"wp-block-column is-layout-flow wp-block-column-is-layout-flow\">\n<div class=\"wp-block-group has-yellow-100-background-color has-background is-layout-flow wp-block-group-is-layout-flow\" style=\"padding-top:30px;padding-right:40px;padding-bottom:30px;padding-left:40px\">\n<h5 class=\"wp-block-heading\" id=\"h-var-affarside-och-vardeord\"><strong><span class=\"has-inline-color has-black-color\"><strong><strong><strong>V\u00e5r aff\u00e4rsid\u00e9 och v\u00e4rdeord<\/strong><\/strong><\/strong><\/span><\/strong><\/h5>\n\n\n\n<p>Stj\u00e4rnkliniken skapar attraktiva friskv\u00e5rdsl\u00f6sningar f\u00f6r ett \u00f6kat v\u00e4lm\u00e5ende och ett f\u00f6r dig eller din organisation, h\u00e5llbart, framg\u00e5ngsrikt och optimerat resultat.<\/p>\n\n\n\n<p>Kvalitet, kundfokus, teamwork och v\u00e4lm\u00e5ende.<\/p>\n<\/div>\n<\/div>\n\n\n\n<div class=\"wp-block-column is-layout-flow wp-block-column-is-layout-flow\">\n<div class=\"wp-block-group has-yellow-300-background-color has-background is-layout-flow wp-block-group-is-layout-flow\" style=\"padding-top:30px;padding-right:40px;padding-bottom:30px;padding-left:40px\">\n<h5 class=\"wp-block-heading\" id=\"h-iso-certifiering\"><a href=\"https:\/\/www.stjarnkliniken.com\/om-oss\/hallbarhet\/\"><span class=\"has-inline-color has-black-color\"><strong>ISO-certifiering<\/strong><\/span><\/a><\/h5>\n\n\n\n<p>Vi \u00e4r bland de f\u00f6rsta i Sverige att certifiera oss i v\u00e5r bransch och vi g\u00f6r det bl.a f\u00f6r att skapa ett merv\u00e4rde b\u00e5de f\u00f6r oss sj\u00e4lva, v\u00e5ra kunder och v\u00e5ra medarbetare. Vi \u00e4r oerh\u00f6rt stolta \u00f6ver att vara ISO-certifierade i Kvalit\u00e9, Milj\u00f6 och Arbetsmilj\u00f6.<\/p>\n<\/div>\n<\/div>\n\n\n\n<div class=\"wp-block-column is-layout-flow wp-block-column-is-layout-flow\">\n<div class=\"wp-block-group has-yellow-100-background-color has-background is-layout-flow wp-block-group-is-layout-flow\" style=\"padding-top:30px;padding-right:40px;padding-bottom:30px;padding-left:40px\">\n<h5 class=\"wp-block-heading has-white-color has-text-color\" id=\"h-socialt-ansvar\"><a href=\"https:\/\/www.stjarnkliniken.com\/om-oss\/hallbarhet\/\"><span class=\"has-inline-color has-black-color\"><strong>Socialt ansvar<\/strong><\/span><\/a><\/h5>\n\n\n\n<p class=\"has-black-color has-text-color has-normal-font-size\">Stj\u00e4rnkliniken brinner f\u00f6r idrott och h\u00e4lsa och vill att alla ska f\u00e5 vara med p\u00e5 lika villkor och ges r\u00e4tt f\u00f6ruts\u00e4ttningar f\u00f6r att lyckas. Vi har d\u00e4rf\u00f6r ett starkt engagemang i paraidrotten d\u00e4r vi utbildar, behandlar och coachar b\u00e5de ledare och ut\u00f6vare p\u00e5 olika niv\u00e5.<\/p>\n<\/div>\n<\/div>\n<\/div>\n<\/div>\n\n\n\n<div style=\"height:52px\" aria-hidden=\"true\" class=\"wp-block-spacer\"><\/div>\n\n\n\n<div style=\"height:55px\" aria-hidden=\"true\" class=\"wp-block-spacer\"><\/div>\n\n\n\n<div class=\"wp-block-group alignfull has-yellow-600-background-color has-background is-layout-flow wp-block-group-is-layout-flow\">\n\n<div class=\"wp-block-qala-blocks-hero alignfull content-position__right content-align__center\" >\n\t<div\n\t\tclass=\"wp-block-qala-blocks-hero__wrapper \"\n\t\tstyle=\" \"\n\t\t>\n\n\t\t\t\t<div\n\t\t\tclass=\"wp-block-qala-blocks-hero__content\"\n\t\t\tdata-width=\"50%\"\n\t\t\tstyle=\" width:50%;  text-align:left;\"\n\t\t\t>\n\t\t\t\n\n<div class=\"wp-block-columns is-justified-center is-layout-flex wp-container-core-columns-is-layout-9d6595d7 wp-block-columns-is-layout-flex\">\n<div class=\"wp-block-column is-layout-flow wp-block-column-is-layout-flow\" style=\"flex-basis:500px\">\n<div class=\"wp-block-group is-layout-flow wp-block-group-is-layout-flow\" style=\"padding-top:0px;padding-right:0px;padding-bottom:0px\">\n<div style=\"height:50px\" aria-hidden=\"true\" class=\"wp-block-spacer\"><\/div>\n\n\n\n<div class=\"wp-block-group is-label is-layout-flow wp-block-group-is-layout-flow\">\n<p class=\"has-text-align-center is-label has-yellow-300-background-color has-background\" id=\"h-stjarnkliniken\"><strong><em>V\u00c5R HISTORIA<\/em><\/strong><\/p>\n<\/div>\n\n\n\n<div style=\"height:24px\" aria-hidden=\"true\" class=\"wp-block-spacer\"><\/div>\n\n\n\n<h2 class=\"wp-block-heading has-text-align-center has-white-color has-text-color\" id=\"h-ett-vinnande-koncept\">ETT VINNANDE KONCEPT<\/h2>\n<\/div>\n\n\n\n<p class=\"has-text-align-center has-white-color has-text-color has-link-color wp-elements-f0f62c5b991f4d4c99bf0eaffc062342\">P\u00e5 Stj\u00e4rnkliniken \u00e4r v\u00e5rt DNA djupt rotat i elitidrotten. I \u00f6ver 20 \u00e5rs tid har vi arbetat n\u00e4ra elitidrottare och flera av Sveriges landslag \u2013 en resa som har format v\u00e5rt s\u00e4tt att t\u00e4nka, agera och leverera resultat.<\/p>\n\n\n\n<p class=\"has-text-align-center has-white-color has-text-color has-link-color wp-elements-77635b9b9864c0e86b34450b961a6432\">Vi \u00e4lskar att vinna. Inte bara p\u00e5 planen, utan i varje behandlingsrum, i varje m\u00f6te med en patient och i varje steg mot ett uppsatt m\u00e5l. Den drivkraften \u2013 att n\u00e5 resultat och skapa verklig f\u00f6r\u00e4ndring \u2013 \u00e4r n\u00e5got vi b\u00e4r med oss i allt vi g\u00f6r.<\/p>\n\n\n\n<p class=\"has-text-align-center has-white-color has-text-color has-link-color wp-elements-97362dd32843945ad3e08a4fbb8d506d\">Med \u00e5ren har vi utvecklat v\u00e5rt arbetss\u00e4tt f\u00f6r att kunna erbjuda samma vinnande koncept till \u00e4ven privatpersoner och f\u00f6retag. Vi vet vad som kr\u00e4vs f\u00f6r att prestera p\u00e5 topp, \u00e5terh\u00e4mta sig effektivt och bygga l\u00e5ngsiktig h\u00e4lsa \u2013 oavsett om du \u00e4r elitidrottare, kontorsarbetare eller VD.<\/p>\n\n\n\n<p class=\"has-text-align-center has-white-color has-text-color has-link-color wp-elements-f5ba330092f4d14bc299f53e4fa6e2cd\">Vi kombinerar evidensbaserad v\u00e5rd med elitidrottens skarpa fokus p\u00e5 resultat. Det \u00e4r s\u00e5 vi skapar skillnad f\u00f6r m\u00e4nniskor, arbetsplatser och organisationer som vill mer.<\/p>\n<\/div>\n<\/div>\n\n\n\n<div style=\"height:50px\" aria-hidden=\"true\" class=\"wp-block-spacer\"><\/div>\n\n\t\t<\/div>\n\n\t\t\n\t\t<div\n\t\t\tclass=\"wp-block-qala-blocks-hero__media-wrap\"\n\t\t\tstyle=\"aspect-ratio:2560\/2518\"\n\t\t\t>\n\n\t\t\t\t\t\t\t<img decoding=\"async\" width=\"1024\" height=\"1007\" src=\"https:\/\/www.stjarnkliniken.com\/b2b\/wp-content\/uploads\/sites\/2\/2025\/05\/OS-Square-1024x1007.jpg\" class=\"attachment-large size-large\" alt=\"\" loading=\"lazy\" srcset=\"https:\/\/www.stjarnkliniken.com\/b2b\/wp-content\/uploads\/sites\/2\/2025\/05\/OS-Square-1024x1007.jpg 1024w, https:\/\/www.stjarnkliniken.com\/b2b\/wp-content\/uploads\/sites\/2\/2025\/05\/OS-Square-300x295.jpg 300w, https:\/\/www.stjarnkliniken.com\/b2b\/wp-content\/uploads\/sites\/2\/2025\/05\/OS-Square-710x698.jpg 710w, https:\/\/www.stjarnkliniken.com\/b2b\/wp-content\/uploads\/sites\/2\/2025\/05\/OS-Square-1536x1511.jpg 1536w, https:\/\/www.stjarnkliniken.com\/b2b\/wp-content\/uploads\/sites\/2\/2025\/05\/OS-Square-2048x2014.jpg 2048w, https:\/\/www.stjarnkliniken.com\/b2b\/wp-content\/uploads\/sites\/2\/2025\/05\/OS-Square-181x178.jpg 181w, https:\/\/www.stjarnkliniken.com\/b2b\/wp-content\/uploads\/sites\/2\/2025\/05\/OS-Square-305x300.jpg 305w, https:\/\/www.stjarnkliniken.com\/b2b\/wp-content\/uploads\/sites\/2\/2025\/05\/OS-Square-529x520.jpg 529w\" sizes=\"auto, (max-width: 1024px) 100vw, 1024px\" \/>\t\t\t\n\t\t\t\t\t\t\n\t\t\t\t\t\t\t<div\n\t\t\t\t\tclass=\"overlay\"\n\t\t\t\t\tstyle=\"opacity:70%; \"\n\t\t\t\t><\/div>\n\t\t\t\n\t\t<\/div>\n\t<\/div>\n<\/div>\n<\/div>\n\n\n\n<div style=\"height:100px\" aria-hidden=\"true\" class=\"wp-block-spacer\"><\/div>\n\n\n\n<div style=\"height:60px\" aria-hidden=\"true\" class=\"wp-block-spacer\"><\/div>\n\n\n\n<div class=\"wp-block-columns alignwide is-layout-flex wp-container-core-columns-is-layout-9d6595d7 wp-block-columns-is-layout-flex\">\n<div class=\"wp-block-column is-layout-flow wp-block-column-is-layout-flow\" style=\"flex-basis:50%\">\n<div class=\"wp-block-group is-layout-flow wp-block-group-is-layout-flow\" style=\"padding-top:80px;padding-right:0px;padding-bottom:0px;padding-left:0px\">\n<div class=\"wp-block-group is-label is-layout-flow wp-block-group-is-layout-flow\">\n<p class=\"has-text-align-center is-label has-yellow-300-background-color has-background\" id=\"h-stjarnkliniken\"><strong><em>V\u00c4RDERINGAR<\/em><\/strong><\/p>\n<\/div>\n\n\n\n<div style=\"height:27px\" aria-hidden=\"true\" class=\"wp-block-spacer\"><\/div>\n\n\n\n<h2 class=\"wp-block-heading has-text-align-center wp-block-qala-blocks-hero__heading\" id=\"h-det-borjade-med-en-drom\">DET B\u00d6RJADE MED EN DR\u00d6M<\/h2>\n\n\n\n<p class=\"has-text-align-center\"><em>&#8221;Dr\u00f6mmen om ett multidisciplin\u00e4rt team som prestigel\u00f6st jobbar f\u00f6r att hj\u00e4lpa dig eller ditt f\u00f6retag att n\u00e5 era m\u00e5l. Grundid\u00e9n kom fr\u00e5n landslagsv\u00e4rlden och hos oss \u00e4r det du som \u00e4r stj\u00e4rnan i mitten och v\u00e5ra team hj\u00e4lper dig g\u00e4rna med analys, optimering och att skapa prestationsmilj\u00f6er. Hos oss \u00e4r alla lika viktiga oavsett roll och alla \u00e4r med och bidrar till att vi ska bli \u00e4nnu b\u00e4ttre hela tiden. Till oss \u00e4r alla v\u00e4lkomna och det ska vara enkelt att f\u00e5 riktigt bra hj\u00e4lp. Vi hj\u00e4lper dig till r\u00e4tt person eller s\u00e4tter ihop ett team som passar just dig. <\/em><\/p>\n\n\n\n<p class=\"has-text-align-center\"><em>Att dr\u00f6mma stort, ha tydliga m\u00e5l som bryts ned i delm\u00e5l, med h\u00e5rt jobb, med \u00f6vertygelse, tro p\u00e5 dig sj\u00e4lv och dem runt dig s\u00e5 finns det inga begr\u00e4nsningar f\u00f6r hur l\u00e5ngt du kan n\u00e5!\u201d<\/em><\/p>\n\n\n\n<p class=\"has-text-align-center\"><em>\/Fredrik Br\u00e4nnstr\u00f6m, Grundare &amp; <em>Koncernchef<\/em><\/em><\/p>\n<\/div>\n<\/div>\n\n\n\n<div class=\"wp-block-column is-layout-flow wp-block-column-is-layout-flow\"><\/div>\n\n\n\n<div class=\"wp-block-column is-layout-flow wp-block-column-is-layout-flow\" style=\"flex-basis:50%\">\n<figure class=\"wp-block-image size-large is-resized is-style-default\"><img loading=\"lazy\" decoding=\"async\" width=\"686\" height=\"1024\" src=\"https:\/\/www.stjarnkliniken.com\/wp-content\/uploads\/2017\/07\/Fredrik-Brannstrom-1-686x1024.jpg\" alt=\"\" class=\"wp-image-2413\" style=\"object-fit:cover;width:415px;height:620px\" srcset=\"https:\/\/www.stjarnkliniken.com\/b2b\/wp-content\/uploads\/sites\/2\/2017\/07\/Fredrik-Brannstrom-1-686x1024.jpg 686w, https:\/\/www.stjarnkliniken.com\/b2b\/wp-content\/uploads\/sites\/2\/2017\/07\/Fredrik-Brannstrom-1-201x300.jpg 201w, https:\/\/www.stjarnkliniken.com\/b2b\/wp-content\/uploads\/sites\/2\/2017\/07\/Fredrik-Brannstrom-1-768x1147.jpg 768w, https:\/\/www.stjarnkliniken.com\/b2b\/wp-content\/uploads\/sites\/2\/2017\/07\/Fredrik-Brannstrom-1-1028x1536.jpg 1028w, https:\/\/www.stjarnkliniken.com\/b2b\/wp-content\/uploads\/sites\/2\/2017\/07\/Fredrik-Brannstrom-1-1371x2048.jpg 1371w, https:\/\/www.stjarnkliniken.com\/b2b\/wp-content\/uploads\/sites\/2\/2017\/07\/Fredrik-Brannstrom-1-scaled.jpg 1714w\" sizes=\"auto, (max-width: 686px) 100vw, 686px\" \/><\/figure>\n<\/div>\n<\/div>\n\n\n\n<div style=\"height:79px\" aria-hidden=\"true\" class=\"wp-block-spacer\"><\/div>\n\n\n\n<div class=\"wp-block-columns is-layout-flex wp-container-core-columns-is-layout-9d6595d7 wp-block-columns-is-layout-flex\">\n<div class=\"wp-block-column is-layout-flow wp-block-column-is-layout-flow\" style=\"flex-basis:33.34%\">\n<div class=\"wp-block-group is-layout-flow wp-block-group-is-layout-flow\">\n<figure class=\"wp-block-image aligncenter size-large is-style-rounded\"><img decoding=\"async\" src=\"https:\/\/www.stjarnkliniken.com\/wp-content\/uploads\/2022\/08\/Fredrik-Brannstrom-hemsida.jpg\" alt=\"\" class=\"wp-image-9397\" \/><\/figure>\n\n\n\n<h5 class=\"wp-block-heading has-text-align-center\" id=\"h-fredrik-brannstrom\">Fredrik Br\u00e4nnstr\u00f6m<\/h5>\n\n\n\n<div class=\"wp-block-group is-label is-layout-flow wp-block-group-is-layout-flow\">\n<p class=\"has-text-align-center is-label has-yellow-300-background-color has-background has-small-font-size\" id=\"h-stjarnkliniken\"><strong><em><strong><em>Koncernchef<\/em><\/strong><\/em><\/strong><\/p>\n<\/div>\n<\/div>\n<\/div>\n\n\n\n<div class=\"wp-block-column is-layout-flow wp-block-column-is-layout-flow\" style=\"flex-basis:33.34%\">\n<div class=\"wp-block-group is-layout-flow wp-block-group-is-layout-flow\">\n<figure class=\"wp-block-image aligncenter size-full is-style-rounded\"><img loading=\"lazy\" decoding=\"async\" width=\"300\" height=\"300\" src=\"https:\/\/www.stjarnkliniken.com\/b2b\/wp-content\/uploads\/sites\/2\/2025\/07\/gustav_i-hemsida.jpg\" alt=\"\" class=\"wp-image-9657\" srcset=\"https:\/\/www.stjarnkliniken.com\/b2b\/wp-content\/uploads\/sites\/2\/2025\/07\/gustav_i-hemsida.jpg 300w, https:\/\/www.stjarnkliniken.com\/b2b\/wp-content\/uploads\/sites\/2\/2025\/07\/gustav_i-hemsida-178x178.jpg 178w\" sizes=\"auto, (max-width: 300px) 100vw, 300px\" \/><\/figure>\n\n\n\n<h5 class=\"wp-block-heading has-text-align-center\" id=\"h-gustav-ingestad\"><a href=\"https:\/\/www.stjarnkliniken.com\/personal\/gustav-ingestad\/\"><mark class=\"has-inline-color has-black-color\">Gustav Ingestad<\/mark><\/a><\/h5>\n\n\n\n<div class=\"wp-block-group is-label is-layout-flow wp-block-group-is-layout-flow\">\n<p class=\"has-text-align-center is-label has-yellow-300-background-color has-background has-small-font-size\" id=\"h-stjarnkliniken\"><strong><em><strong><em>VD<\/em><\/strong><\/em><\/strong><\/p>\n<\/div>\n<\/div>\n<\/div>\n\n\n\n<div class=\"wp-block-column is-layout-flow wp-block-column-is-layout-flow\" style=\"flex-basis:33.33%\">\n<div class=\"wp-block-group is-layout-flow wp-block-group-is-layout-flow\">\n<figure class=\"wp-block-image aligncenter size-large is-style-rounded\"><img decoding=\"async\" src=\"https:\/\/www.stjarnkliniken.com\/wp-content\/uploads\/2022\/07\/Marcus-Sandberg-hemsida.jpg\" alt=\"\" class=\"wp-image-9204\" \/><\/figure>\n\n\n\n<h5 class=\"wp-block-heading has-text-align-center\" id=\"h-marcus-sandberg\">Marcus Sandberg<\/h5>\n\n\n\n<div class=\"wp-block-group is-label is-layout-flow wp-block-group-is-layout-flow\">\n<p class=\"has-text-align-center is-label has-yellow-300-background-color has-background has-small-font-size\" id=\"h-stjarnkliniken\"><strong><em><strong><em>Rekryteringsansvarig<\/em><\/strong><\/em><\/strong><\/p>\n<\/div>\n<\/div>\n<\/div>\n<\/div>\n\n\n\n<div class=\"wp-block-buttons is-horizontal is-content-justification-center is-layout-flex wp-container-core-buttons-is-layout-499968f5 wp-block-buttons-is-layout-flex\">\n<div class=\"wp-block-button is-style-primary-outline wp-block-button is-style-primary-outline\"><a class=\"wp-block-button__link wp-element-button\" href=\"https:\/\/www.stjarnkliniken.com\/kontakt\/\">Kontakt<\/a><\/div>\n<\/div>\n\n\n\n<div style=\"height:100px\" aria-hidden=\"true\" class=\"wp-block-spacer\"><\/div>\n","protected":false},"excerpt":{"rendered":"<p>OM OSS. STJ\u00c4RNKLINIKEN. <\/p>\n","protected":false},"author":2,"featured_media":0,"parent":0,"menu_order":0,"comment_status":"closed","ping_status":"closed","template":"","meta":{"_acf_changed":false,"footnotes":""},"class_list":["post-8864","page","type-page","status-publish","hentry"],"acf":[],"yoast_head":"<!-- This site is optimized with the Yoast SEO Premium plugin v22.6 (Yoast SEO v22.6) - https:\/\/yoast.com\/wordpress\/plugins\/seo\/ -->\n<title>Om oss - Stj\u00e4rnkliniken B2B<\/title>\n<meta name=\"robots\" content=\"index, follow, max-snippet:-1, max-image-preview:large, max-video-preview:-1\" \/>\n<link rel=\"canonical\" href=\"https:\/\/www.stjarnkliniken.com\/b2b\/om-oss\/\" \/>\n<meta property=\"og:locale\" content=\"sv_SE\" \/>\n<meta property=\"og:type\" content=\"article\" \/>\n<meta property=\"og:title\" content=\"Om oss\" \/>\n<meta property=\"og:description\" content=\"OM OSS. STJ\u00c4RNKLINIKEN.\" \/>\n<meta property=\"og:url\" content=\"https:\/\/www.stjarnkliniken.com\/b2b\/om-oss\/\" \/>\n<meta property=\"og:site_name\" content=\"Stj\u00e4rnkliniken B2B\" \/>\n<meta property=\"article:modified_time\" content=\"2025-07-04T06:51:02+00:00\" \/>\n<meta property=\"og:image\" content=\"https:\/\/www.stjarnkliniken.com\/wp-content\/uploads\/2017\/07\/Fredrik-Brannstrom-1-686x1024.jpg\" \/>\n<meta name=\"twitter:card\" content=\"summary_large_image\" \/>\n<meta name=\"twitter:label1\" content=\"Ber\u00e4knad l\u00e4stid\" \/>\n\t<meta name=\"twitter:data1\" content=\"4 minuter\" \/>\n<script type=\"application\/ld+json\" class=\"yoast-schema-graph\">{\"@context\":\"https:\/\/schema.org\",\"@graph\":[{\"@type\":\"WebPage\",\"@id\":\"https:\/\/www.stjarnkliniken.com\/b2b\/om-oss\/\",\"url\":\"https:\/\/www.stjarnkliniken.com\/b2b\/om-oss\/\",\"name\":\"Om oss - Stj\u00e4rnkliniken B2B\",\"isPartOf\":{\"@id\":\"https:\/\/www.stjarnkliniken.com\/b2b\/#website\"},\"primaryImageOfPage\":{\"@id\":\"https:\/\/www.stjarnkliniken.com\/b2b\/om-oss\/#primaryimage\"},\"image\":{\"@id\":\"https:\/\/www.stjarnkliniken.com\/b2b\/om-oss\/#primaryimage\"},\"thumbnailUrl\":\"https:\/\/www.stjarnkliniken.com\/wp-content\/uploads\/2017\/07\/Fredrik-Brannstrom-1-686x1024.jpg\",\"datePublished\":\"2022-09-09T10:05:11+00:00\",\"dateModified\":\"2025-07-04T06:51:02+00:00\",\"breadcrumb\":{\"@id\":\"https:\/\/www.stjarnkliniken.com\/b2b\/om-oss\/#breadcrumb\"},\"inLanguage\":\"sv-SE\",\"potentialAction\":[{\"@type\":\"ReadAction\",\"target\":[\"https:\/\/www.stjarnkliniken.com\/b2b\/om-oss\/\"]}]},{\"@type\":\"ImageObject\",\"inLanguage\":\"sv-SE\",\"@id\":\"https:\/\/www.stjarnkliniken.com\/b2b\/om-oss\/#primaryimage\",\"url\":\"https:\/\/www.stjarnkliniken.com\/wp-content\/uploads\/2017\/07\/Fredrik-Brannstrom-1-686x1024.jpg\",\"contentUrl\":\"https:\/\/www.stjarnkliniken.com\/wp-content\/uploads\/2017\/07\/Fredrik-Brannstrom-1-686x1024.jpg\"},{\"@type\":\"BreadcrumbList\",\"@id\":\"https:\/\/www.stjarnkliniken.com\/b2b\/om-oss\/#breadcrumb\",\"itemListElement\":[{\"@type\":\"ListItem\",\"position\":1,\"name\":\"Hem\",\"item\":\"https:\/\/www.stjarnkliniken.com\/b2b\/\"},{\"@type\":\"ListItem\",\"position\":2,\"name\":\"Om oss\"}]},{\"@type\":\"WebSite\",\"@id\":\"https:\/\/www.stjarnkliniken.com\/b2b\/#website\",\"url\":\"https:\/\/www.stjarnkliniken.com\/b2b\/\",\"name\":\"Stj\u00e4rnkliniken B2B\",\"description\":\"Stj\u00e4rnkliniken: Naprapati &amp; massage - ingen v\u00e4ntetid, ingen remiss!\",\"potentialAction\":[{\"@type\":\"SearchAction\",\"target\":{\"@type\":\"EntryPoint\",\"urlTemplate\":\"https:\/\/www.stjarnkliniken.com\/b2b\/?s={search_term_string}\"},\"query-input\":\"required name=search_term_string\"}],\"inLanguage\":\"sv-SE\"}]}<\/script>\n<!-- \/ Yoast SEO Premium plugin. -->","yoast_head_json":{"title":"Om oss - Stj\u00e4rnkliniken B2B","robots":{"index":"index","follow":"follow","max-snippet":"max-snippet:-1","max-image-preview":"max-image-preview:large","max-video-preview":"max-video-preview:-1"},"canonical":"https:\/\/www.stjarnkliniken.com\/b2b\/om-oss\/","og_locale":"sv_SE","og_type":"article","og_title":"Om oss","og_description":"OM OSS. STJ\u00c4RNKLINIKEN.","og_url":"https:\/\/www.stjarnkliniken.com\/b2b\/om-oss\/","og_site_name":"Stj\u00e4rnkliniken B2B","article_modified_time":"2025-07-04T06:51:02+00:00","og_image":[{"url":"https:\/\/www.stjarnkliniken.com\/wp-content\/uploads\/2017\/07\/Fredrik-Brannstrom-1-686x1024.jpg"}],"twitter_card":"summary_large_image","twitter_misc":{"Ber\u00e4knad l\u00e4stid":"4 minuter"},"schema":{"@context":"https:\/\/schema.org","@graph":[{"@type":"WebPage","@id":"https:\/\/www.stjarnkliniken.com\/b2b\/om-oss\/","url":"https:\/\/www.stjarnkliniken.com\/b2b\/om-oss\/","name":"Om oss - Stj\u00e4rnkliniken B2B","isPartOf":{"@id":"https:\/\/www.stjarnkliniken.com\/b2b\/#website"},"primaryImageOfPage":{"@id":"https:\/\/www.stjarnkliniken.com\/b2b\/om-oss\/#primaryimage"},"image":{"@id":"https:\/\/www.stjarnkliniken.com\/b2b\/om-oss\/#primaryimage"},"thumbnailUrl":"https:\/\/www.stjarnkliniken.com\/wp-content\/uploads\/2017\/07\/Fredrik-Brannstrom-1-686x1024.jpg","datePublished":"2022-09-09T10:05:11+00:00","dateModified":"2025-07-04T06:51:02+00:00","breadcrumb":{"@id":"https:\/\/www.stjarnkliniken.com\/b2b\/om-oss\/#breadcrumb"},"inLanguage":"sv-SE","potentialAction":[{"@type":"ReadAction","target":["https:\/\/www.stjarnkliniken.com\/b2b\/om-oss\/"]}]},{"@type":"ImageObject","inLanguage":"sv-SE","@id":"https:\/\/www.stjarnkliniken.com\/b2b\/om-oss\/#primaryimage","url":"https:\/\/www.stjarnkliniken.com\/wp-content\/uploads\/2017\/07\/Fredrik-Brannstrom-1-686x1024.jpg","contentUrl":"https:\/\/www.stjarnkliniken.com\/wp-content\/uploads\/2017\/07\/Fredrik-Brannstrom-1-686x1024.jpg"},{"@type":"BreadcrumbList","@id":"https:\/\/www.stjarnkliniken.com\/b2b\/om-oss\/#breadcrumb","itemListElement":[{"@type":"ListItem","position":1,"name":"Hem","item":"https:\/\/www.stjarnkliniken.com\/b2b\/"},{"@type":"ListItem","position":2,"name":"Om oss"}]},{"@type":"WebSite","@id":"https:\/\/www.stjarnkliniken.com\/b2b\/#website","url":"https:\/\/www.stjarnkliniken.com\/b2b\/","name":"Stj\u00e4rnkliniken B2B","description":"Stj\u00e4rnkliniken: Naprapati &amp; massage - ingen v\u00e4ntetid, ingen remiss!","potentialAction":[{"@type":"SearchAction","target":{"@type":"EntryPoint","urlTemplate":"https:\/\/www.stjarnkliniken.com\/b2b\/?s={search_term_string}"},"query-input":"required name=search_term_string"}],"inLanguage":"sv-SE"}]}},"_links":{"self":[{"href":"https:\/\/www.stjarnkliniken.com\/b2b\/wp-json\/wp\/v2\/pages\/8864","targetHints":{"allow":["GET"]}}],"collection":[{"href":"https:\/\/www.stjarnkliniken.com\/b2b\/wp-json\/wp\/v2\/pages"}],"about":[{"href":"https:\/\/www.stjarnkliniken.com\/b2b\/wp-json\/wp\/v2\/types\/page"}],"author":[{"embeddable":true,"href":"https:\/\/www.stjarnkliniken.com\/b2b\/wp-json\/wp\/v2\/users\/2"}],"replies":[{"embeddable":true,"href":"https:\/\/www.stjarnkliniken.com\/b2b\/wp-json\/wp\/v2\/comments?post=8864"}],"version-history":[{"count":5,"href":"https:\/\/www.stjarnkliniken.com\/b2b\/wp-json\/wp\/v2\/pages\/8864\/revisions"}],"predecessor-version":[{"id":9658,"href":"https:\/\/www.stjarnkliniken.com\/b2b\/wp-json\/wp\/v2\/pages\/8864\/revisions\/9658"}],"wp:attachment":[{"href":"https:\/\/www.stjarnkliniken.com\/b2b\/wp-json\/wp\/v2\/media?parent=8864"}],"curies":[{"name":"wp","href":"https:\/\/api.w.org\/{rel}","templated":true}]}}