{"id":8337,"date":"2022-05-31T09:53:32","date_gmt":"2022-05-31T09:53:32","guid":{"rendered":"https:\/\/www.stjarnkliniken.com\/b2b\/?page_id=8337"},"modified":"2025-10-29T10:58:30","modified_gmt":"2025-10-29T10:58:30","slug":"osa","status":"publish","type":"page","link":"https:\/\/www.stjarnkliniken.com\/b2b\/osa\/","title":{"rendered":"OSA"},"content":{"rendered":"\n<div class=\"wp-block-group alignfull has-yellow-100-background-color has-background is-layout-flow wp-block-group-is-layout-flow\">\n\n<div class=\"wp-block-qala-blocks-hero alignfull content-position__left content-align__center\" >\n\t<div\n\t\tclass=\"wp-block-qala-blocks-hero__wrapper \"\n\t\tstyle=\" \"\n\t\t>\n\n\t\t\t\t<div\n\t\t\tclass=\"wp-block-qala-blocks-hero__content\"\n\t\t\tdata-width=\"50%\"\n\t\t\tstyle=\" width:50%;  text-align:left;\"\n\t\t\t>\n\t\t\t\n\n<div class=\"wp-block-columns are-vertically-aligned-center is-justified-center is-layout-flex wp-container-core-columns-is-layout-48e9cc5b wp-block-columns-is-layout-flex\" style=\"padding-top:var(--wp--preset--spacing--70);padding-bottom:var(--wp--preset--spacing--70)\">\n<div class=\"wp-block-column is-vertically-aligned-center is-layout-flow wp-block-column-is-layout-flow\" style=\"flex-basis:550px\">\n<h1 class=\"wp-block-heading has-text-align-center wp-block-qala-blocks-hero__heading has-huge-font-size\" id=\"h-organisatorisk-amp-social-arbetsmiljo\"><em>ORGANISATORISK &amp; SOCIAL ARBETSMILJ\u00d6<\/em><\/h1>\n\n\n\n<p class=\"has-text-align-center wp-block-qala-blocks-hero__text has-normal-font-size\">Organisatorisk och social arbetsmilj\u00f6 (OSA) handlar om att lyfta h\u00e4lsa och arbetsmilj\u00f6fr\u00e5gorna fr\u00e5n ett individperspektiv till ett organisationsperspektiv d\u00e4r struktur, tydlighet i roller och ansvar, kommunikation, rutiner, ledarskap, medarbetarskap, sociala spelregler och gemenskap tas upp. OSA-fr\u00e5gorna \u00e4r mycket t\u00e4tt sammankopplade med h\u00e4lsa, motivation och produktivitet.&nbsp;&nbsp;<\/p>\n<\/div>\n<\/div>\n\n\t\t<\/div>\n\n\t\t\n\t\t<div\n\t\t\tclass=\"wp-block-qala-blocks-hero__media-wrap\"\n\t\t\tstyle=\"\"\n\t\t\t>\n\n\t\t\t\t\t\t\t\t\t\t\t\t<img decoding=\"async\" src=\"https:\/\/www.stjarnkliniken.com\/b2b\/wp-content\/uploads\/sites\/2\/2023\/01\/190619_stjarnkliniken_0581-scaled-e1673358432619.jpg\" alt=\"hero-image\" loading=\"lazy\">\n\t\t\t\t\t\t\t\n\t\t\t\t\t\t\n\t\t\t\t\t\t\t<div\n\t\t\t\t\tclass=\"overlay\"\n\t\t\t\t\tstyle=\"opacity:70%; \"\n\t\t\t\t><\/div>\n\t\t\t\n\t\t<\/div>\n\t<\/div>\n<\/div>\n<\/div>\n\n\n\n<div class=\"wp-block-group alignfull has-yellow-300-background-color has-background is-layout-constrained wp-container-core-group-is-layout-e4c7c59e wp-block-group-is-layout-constrained\" style=\"padding-top:40px;padding-bottom:40px\">\n<div class=\"wp-block-columns alignwide is-layout-flex wp-container-core-columns-is-layout-9d6595d7 wp-block-columns-is-layout-flex\">\n<div class=\"wp-block-column is-layout-flow wp-block-column-is-layout-flow\">\n<figure class=\"wp-block-image aligncenter size-full is-resized is-style-default\"><img decoding=\"async\" src=\"https:\/\/www.stjarnkliniken.com\/wp-content\/uploads\/2022\/04\/Group-959.png\" alt=\"\" class=\"wp-image-48\" style=\"object-fit:cover;width:50px;height:50px\"\/><\/figure>\n\n\n\n<h5 class=\"wp-block-heading has-text-align-center has-normal-font-size\" id=\"h-kunden-i-fokus\">Kunden i fokus<\/h5>\n\n\n\n<p class=\"has-text-align-center has-small-font-size\">Vi utg\u00e5r fr\u00e5n er verklighet, era f\u00f6ruts\u00e4ttningar och era aff\u00e4rsm\u00e5l. Vi anpassar oss och \u00e4r snabba och flexibla i leverans<\/p>\n<\/div>\n\n\n\n<div class=\"wp-block-column is-layout-flow wp-block-column-is-layout-flow\">\n<figure class=\"wp-block-image aligncenter size-large is-resized is-style-default\"><img decoding=\"async\" src=\"https:\/\/www.stjarnkliniken.com\/wp-content\/uploads\/2022\/04\/Group-958.png\" alt=\"\" class=\"wp-image-51\" style=\"object-fit:cover;width:50px;height:50px\"\/><\/figure>\n\n\n\n<h5 class=\"wp-block-heading has-text-align-center has-normal-font-size\" id=\"h-tacker-hela-sverige\">T\u00e4cker hela Sverige<\/h5>\n\n\n\n<p class=\"has-text-align-center has-small-font-size\">Vi har kliniker i hela Sverige, ett stort utbud av digitala tj\u00e4nster och en mobil enhet<\/p>\n<\/div>\n\n\n\n<div class=\"wp-block-column is-layout-flow wp-block-column-is-layout-flow\">\n<figure class=\"wp-block-image aligncenter size-large is-resized is-style-default\"><img decoding=\"async\" src=\"https:\/\/www.stjarnkliniken.com\/wp-content\/uploads\/2022\/04\/Group-960.png\" alt=\"\" class=\"wp-image-50\" style=\"object-fit:cover;width:50px;height:50px\"\/><\/figure>\n\n\n\n<h5 class=\"wp-block-heading has-text-align-center has-normal-font-size\" id=\"h-hog-kvalitet\">H\u00f6g kvalitet<\/h5>\n\n\n\n<p class=\"has-text-align-center has-small-font-size\">Vi anv\u00e4nder oss av vetenskapliga verktyg och metoder och vi s\u00e4kerst\u00e4ller kvalit\u00e9ten och kundnyttan genom v\u00e5rt Guldkoncept<\/p>\n<\/div>\n\n\n\n<div class=\"wp-block-column is-layout-flow wp-block-column-is-layout-flow\">\n<figure class=\"wp-block-image aligncenter size-large is-resized is-style-default\"><img decoding=\"async\" src=\"https:\/\/www.stjarnkliniken.com\/wp-content\/uploads\/2022\/04\/Group-961.png\" alt=\"\" class=\"wp-image-49\" style=\"object-fit:cover;width:50px;height:50px\"\/><\/figure>\n\n\n\n<h5 class=\"wp-block-heading has-text-align-center has-normal-font-size\" id=\"h-teamwork\">Teamwork<\/h5>\n\n\n\n<p class=\"has-text-align-center has-small-font-size\">Vi gillar att jobba i team, b\u00e5de med kund och tv\u00e4rprofessionellt internt. Det har vi med oss fr\u00e5n elitidrotten<\/p>\n<\/div>\n<\/div>\n<\/div>\n\n\n\n<div style=\"height:50px\" aria-hidden=\"true\" class=\"wp-block-spacer\"><\/div>\n\n\n\n<div class=\"wp-block-group is-layout-flow wp-block-group-is-layout-flow\" style=\"padding-top:70px;padding-right:0px;padding-bottom:40px;padding-left:0px\">\n<div class=\"wp-block-group is-label is-layout-flow wp-block-group-is-layout-flow\">\n<p class=\"has-text-align-center is-label has-yellow-300-background-color has-background has-normal-font-size\" id=\"h-stjarnkliniken\"><strong><em>OR<em>GANISATORISK &amp; SOCIAL ARBETSMILJ\u00d6<\/em><\/em><\/strong><\/p>\n<\/div>\n\n\n\n<h4 class=\"wp-block-heading has-text-align-center\" id=\"h-nulagesanalyser\"><strong>Nul\u00e4gesanalyser<\/strong><\/h4>\n\n\n\n<p class=\"has-text-align-center has-medium-font-size\">Att ta reda p\u00e5 hur det \u00e4r med er organisatoriska och sociala arbetsmilj\u00f6 p\u00e5 ett s\u00e5 objektivt s\u00e4tt som m\u00f6jligt \u00e4r mycket viktigt eftersom de h\u00e4r fr\u00e5gorna \u00e4r centrala f\u00f6r att skapa h\u00e4lsosamma och l\u00f6nsamma organisationer.&nbsp;&nbsp;<\/p>\n<\/div>\n\n\n\n<figure class=\"wp-block-image alignwide size-large\"><img loading=\"lazy\" decoding=\"async\" width=\"2000\" height=\"687\" src=\"https:\/\/www.stjarnkliniken.com\/b2b\/wp-content\/uploads\/sites\/2\/2022\/08\/190619_stjarnkliniken_1469A.jpg\" alt=\"\" class=\"wp-image-8671\" srcset=\"https:\/\/www.stjarnkliniken.com\/b2b\/wp-content\/uploads\/sites\/2\/2022\/08\/190619_stjarnkliniken_1469A.jpg 2000w, https:\/\/www.stjarnkliniken.com\/b2b\/wp-content\/uploads\/sites\/2\/2022\/08\/190619_stjarnkliniken_1469A-300x103.jpg 300w, https:\/\/www.stjarnkliniken.com\/b2b\/wp-content\/uploads\/sites\/2\/2022\/08\/190619_stjarnkliniken_1469A-1024x352.jpg 1024w, https:\/\/www.stjarnkliniken.com\/b2b\/wp-content\/uploads\/sites\/2\/2022\/08\/190619_stjarnkliniken_1469A-768x264.jpg 768w, https:\/\/www.stjarnkliniken.com\/b2b\/wp-content\/uploads\/sites\/2\/2022\/08\/190619_stjarnkliniken_1469A-1536x528.jpg 1536w\" sizes=\"auto, (max-width: 2000px) 100vw, 2000px\" \/><\/figure>\n\n\n\n<div class=\"wp-block-group alignwide is-layout-flow wp-block-group-is-layout-flow\">\n<div class=\"wp-block-columns alignwide has-same-height is-layout-flex wp-container-core-columns-is-layout-9d6595d7 wp-block-columns-is-layout-flex\">\n<div class=\"wp-block-column is-layout-flow wp-block-column-is-layout-flow\">\n<div class=\"wp-block-group has-yellow-600-background-color has-background is-layout-flow wp-block-group-is-layout-flow\" style=\"padding-top:30px;padding-right:40px;padding-bottom:30px;padding-left:40px\">\n<h5 class=\"wp-block-heading has-white-color has-text-color\" id=\"h-osa-kartlaggning-nbsp\"><strong><strong><strong><span class=\"has-inline-color has-white-color\">OSA-kartl\u00e4ggning&nbsp;<\/span><\/strong><\/strong><\/strong><\/h5>\n\n\n\n<p class=\"has-white-color has-text-color has-normal-font-size\">OSA-kartl\u00e4ggning \u00e4r en enk\u00e4t till alla medarbetare som hj\u00e4lper er att kartl\u00e4gga risk- och h\u00e5llbarhetsfaktorer i verksamheten och ger underlag f\u00f6r utveckling av den organisatoriska och sociala arbetsmilj\u00f6n.&nbsp;&nbsp;<\/p>\n<\/div>\n<\/div>\n\n\n\n<div class=\"wp-block-column is-layout-flow wp-block-column-is-layout-flow\">\n<div class=\"wp-block-group has-yellow-100-background-color has-background is-layout-flow wp-block-group-is-layout-flow\" style=\"padding-top:30px;padding-right:40px;padding-bottom:30px;padding-left:40px\">\n<h5 class=\"wp-block-heading\" id=\"h-arbetsplatsprofil-nbsp\"><strong><span class=\"has-inline-color has-black-color\"><strong><strong>Arbetsplatsprofil&nbsp;<\/strong><\/strong><\/span><\/strong><\/h5>\n\n\n\n<p>En enk\u00e4t som g\u00e5r ut till alla medarbetare om fr\u00e5gor som handlar om hur arbetsmilj\u00f6n \u00e4r p\u00e5 arbetsplatsen. Organisatorisk, social och fysisk arbetsmilj\u00f6 tas upp samt hur f\u00f6retaget arbetar med risk och s\u00e4kerhet.&nbsp;&nbsp;<\/p>\n<\/div>\n<\/div>\n\n\n\n<div class=\"wp-block-column is-layout-flow wp-block-column-is-layout-flow\">\n<div class=\"wp-block-group has-yellow-300-background-color has-background is-layout-flow wp-block-group-is-layout-flow\" style=\"padding-top:30px;padding-right:40px;padding-bottom:30px;padding-left:40px\">\n<h5 class=\"wp-block-heading\" id=\"h-intervjuer-och-workshops-nbsp\"><strong><span class=\"has-inline-color has-black-color\"><strong><strong>Intervjuer och workshops&nbsp;<\/strong><\/strong><\/span><\/strong><\/h5>\n\n\n\n<p>N\u00e4r vi har ringat in en riskfaktor i den organisatoriska och sociala arbetsmilj\u00f6n kan det vara bra att ta reda p\u00e5 mer om den faktorn genom intervjuer eller workshops.&nbsp;&nbsp;<\/p>\n<\/div>\n<\/div>\n<\/div>\n<\/div>\n\n\n\n<div style=\"height:50px\" aria-hidden=\"true\" class=\"wp-block-spacer\"><\/div>\n\n\n\n<div style=\"height:30px\" aria-hidden=\"true\" class=\"wp-block-spacer\"><\/div>\n\n\n\n<div class=\"wp-block-group is-layout-flow wp-block-group-is-layout-flow\" style=\"padding-top:70px;padding-right:0px;padding-bottom:40px;padding-left:0px\">\n<div class=\"wp-block-group is-label is-layout-flow wp-block-group-is-layout-flow\">\n<p class=\"has-text-align-center is-label has-yellow-300-background-color has-background has-normal-font-size\" id=\"h-stjarnkliniken\"><strong><em><strong><em>ORGANISATORISK &amp; SOCIAL ARBETSMILJ\u00d6<\/em><\/strong><\/em><\/strong><\/p>\n<\/div>\n\n\n\n<h4 class=\"wp-block-heading has-text-align-center\" id=\"h-insatser\"><strong>Insatser<\/strong><\/h4>\n\n\n\n<p class=\"has-text-align-center has-medium-font-size\">Vi genomf\u00f6r insatser efter vad vi har kommit fram till i nul\u00e4gesanalysen eller vad ni sj\u00e4lva har kommit fram till genom intern analys.&nbsp;&nbsp;<\/p>\n<\/div>\n\n\n\n<figure class=\"wp-block-image alignwide size-large\"><img loading=\"lazy\" decoding=\"async\" width=\"2000\" height=\"685\" src=\"https:\/\/www.stjarnkliniken.com\/b2b\/wp-content\/uploads\/sites\/2\/2022\/08\/fo\u0308rela\u0308sning-1-hemsida.jpg\" alt=\"\" class=\"wp-image-8618\" srcset=\"https:\/\/www.stjarnkliniken.com\/b2b\/wp-content\/uploads\/sites\/2\/2022\/08\/fo\u0308rela\u0308sning-1-hemsida.jpg 2000w, https:\/\/www.stjarnkliniken.com\/b2b\/wp-content\/uploads\/sites\/2\/2022\/08\/fo\u0308rela\u0308sning-1-hemsida-300x103.jpg 300w, https:\/\/www.stjarnkliniken.com\/b2b\/wp-content\/uploads\/sites\/2\/2022\/08\/fo\u0308rela\u0308sning-1-hemsida-1024x351.jpg 1024w, https:\/\/www.stjarnkliniken.com\/b2b\/wp-content\/uploads\/sites\/2\/2022\/08\/fo\u0308rela\u0308sning-1-hemsida-768x263.jpg 768w, https:\/\/www.stjarnkliniken.com\/b2b\/wp-content\/uploads\/sites\/2\/2022\/08\/fo\u0308rela\u0308sning-1-hemsida-1536x526.jpg 1536w\" sizes=\"auto, (max-width: 2000px) 100vw, 2000px\" \/><\/figure>\n\n\n\n<div class=\"wp-block-group alignwide is-layout-flow wp-block-group-is-layout-flow\">\n<div class=\"wp-block-columns alignwide has-same-height is-layout-flex wp-container-core-columns-is-layout-9d6595d7 wp-block-columns-is-layout-flex\">\n<div class=\"wp-block-column is-layout-flow wp-block-column-is-layout-flow\">\n<div class=\"wp-block-group has-yellow-300-background-color has-background is-layout-flow wp-block-group-is-layout-flow\" style=\"padding-top:30px;padding-right:40px;padding-bottom:30px;padding-left:40px\">\n<h5 class=\"wp-block-heading\" id=\"h-utbildning\"><strong><span class=\"has-inline-color has-black-color\"><strong><strong>Utbildning<\/strong><\/strong><\/span><\/strong><\/h5>\n\n\n\n<p class=\"has-normal-font-size\">Genom f\u00f6rel\u00e4sningar och workshops utbildar vi era medarbetare inom relevant omr\u00e5de inom organisatorisk och social arbetsmilj\u00f6 s\u00e5 som ledarskap, medarbetarskap, v\u00e4rdegrund, feedback, sociala spelregler. Vi h\u00e5ller i allt fr\u00e5n korta inspirationsf\u00f6rel\u00e4sningar till heldagsutbildningar.&nbsp;&nbsp;<\/p>\n<\/div>\n<\/div>\n\n\n\n<div class=\"wp-block-column is-layout-flow wp-block-column-is-layout-flow\">\n<div class=\"wp-block-group has-yellow-100-background-color has-background is-layout-flow wp-block-group-is-layout-flow\" style=\"padding-top:30px;padding-right:40px;padding-bottom:30px;padding-left:40px\">\n<h5 class=\"wp-block-heading\" id=\"h-team-building-nbsp\"><strong><span class=\"has-inline-color has-black-color\"><strong><strong>TEAM-building&nbsp;<\/strong><\/strong><\/span><\/strong><\/h5>\n\n\n\n<p>P\u00e5 ett lustfullt och inspirerande s\u00e4tt f\u00e5r vi er arbetsgrupp att k\u00e4nna sig som ett lag. Perfekt f\u00f6r kick-offen.&nbsp;&nbsp;&nbsp;<\/p>\n<\/div>\n<\/div>\n\n\n\n<div class=\"wp-block-column is-layout-flow wp-block-column-is-layout-flow\">\n<div class=\"wp-block-group has-yellow-600-background-color has-background is-layout-flow wp-block-group-is-layout-flow\" style=\"padding-top:30px;padding-right:40px;padding-bottom:30px;padding-left:40px\">\n<h5 class=\"wp-block-heading has-white-color has-text-color\" id=\"h-processtod-nbsp\"><strong><strong><strong><span class=\"has-inline-color has-white-color\">Processt\u00f6d&nbsp;<\/span><\/strong><\/strong><\/strong><\/h5>\n\n\n\n<p class=\"has-white-color has-text-color\">St\u00f6ttar i ert arbete med OSA, till exempel framtagning av er v\u00e4rdegrund, policys och andra dokument som beh\u00f6vs f\u00f6r er organisation.&nbsp;&nbsp;<\/p>\n<\/div>\n<\/div>\n<\/div>\n<\/div>\n\n\n\n<div class=\"wp-block-group alignwide is-layout-flow wp-block-group-is-layout-flow\">\n<div class=\"wp-block-columns alignwide has-same-height is-layout-flex wp-container-core-columns-is-layout-9d6595d7 wp-block-columns-is-layout-flex\">\n<div class=\"wp-block-column is-layout-flow wp-block-column-is-layout-flow\">\n<div class=\"wp-block-group has-yellow-100-background-color has-background is-layout-flow wp-block-group-is-layout-flow\" style=\"padding-top:30px;padding-right:40px;padding-bottom:30px;padding-left:40px\">\n<h5 class=\"wp-block-heading\" id=\"h-konflikthantering-och-krisstod\"><strong><span class=\"has-inline-color has-black-color\"><strong><strong>Konflikthantering och krisst\u00f6d<\/strong><\/strong><\/span><\/strong><\/h5>\n\n\n\n<p class=\"has-normal-font-size\">N\u00e4r konflikten \u00e4r framme \u00e4r det viktigt att ta tag i den s\u00e5 fort som m\u00f6jligt f\u00f6r att den inte ska skada arbetsgruppens prestation. Lika viktigt \u00e4r det att ha krisst\u00f6d n\u00e4r det ov\u00e4ntade intr\u00e4ffar.&nbsp;&nbsp;<\/p>\n<\/div>\n<\/div>\n\n\n\n<div class=\"wp-block-column is-layout-flow wp-block-column-is-layout-flow\">\n<blockquote class=\"wp-block-quote is-style-large is-layout-flow wp-block-quote-is-layout-flow\" id=\"h-50-av-svenska-befolkningen-har-tillracklig-kondition-for-att-utfora-sitt-arbete-pa-ett-effektivt-satt\">\n<p><strong><span class=\"has-inline-color has-black-color\"><strong><strong>\u201dDe mest kostnadseffektiva arbetsmilj\u00f6insatserna sker inom organisatorisk- och social arbetsmilj\u00f6\u201d&nbsp;<\/strong><\/strong><\/span><\/strong><\/p>\n<\/blockquote>\n<\/div>\n\n\n\n<div class=\"wp-block-column is-layout-flow wp-block-column-is-layout-flow\">\n<blockquote class=\"wp-block-quote is-style-large is-layout-flow wp-block-quote-is-layout-flow\" id=\"h-50-av-svenska-befolkningen-har-tillracklig-kondition-for-att-utfora-sitt-arbete-pa-ett-effektivt-satt\">\n<p><strong><span class=\"has-inline-color has-black-color\"><strong><strong>\u201dVi \u00e4r varandras arbetsmilj\u00f6\u201d&nbsp;<\/strong><\/strong><\/span><\/strong><\/p>\n<\/blockquote>\n<\/div>\n<\/div>\n<\/div>\n\n\n\n<div style=\"height:80px\" aria-hidden=\"true\" class=\"wp-block-spacer\"><\/div>\n\n\n\n<div class=\"wp-block-columns are-vertically-aligned-center is-layout-flex wp-container-core-columns-is-layout-9d6595d7 wp-block-columns-is-layout-flex\">\n<div class=\"wp-block-column is-vertically-aligned-center is-layout-flow wp-block-column-is-layout-flow\" style=\"flex-basis:170px\">\n<figure class=\"wp-block-image size-large is-style-rounded\"><img loading=\"lazy\" decoding=\"async\" width=\"1181\" height=\"1106\" src=\"https:\/\/www.stjarnkliniken.com\/b2b\/wp-content\/uploads\/sites\/2\/2024\/01\/profilbild.png\" alt=\"\" class=\"wp-image-9372\" srcset=\"https:\/\/www.stjarnkliniken.com\/b2b\/wp-content\/uploads\/sites\/2\/2024\/01\/profilbild.png 1181w, https:\/\/www.stjarnkliniken.com\/b2b\/wp-content\/uploads\/sites\/2\/2024\/01\/profilbild-300x281.png 300w, https:\/\/www.stjarnkliniken.com\/b2b\/wp-content\/uploads\/sites\/2\/2024\/01\/profilbild-1024x959.png 1024w, https:\/\/www.stjarnkliniken.com\/b2b\/wp-content\/uploads\/sites\/2\/2024\/01\/profilbild-710x665.png 710w, https:\/\/www.stjarnkliniken.com\/b2b\/wp-content\/uploads\/sites\/2\/2024\/01\/profilbild-320x300.png 320w, https:\/\/www.stjarnkliniken.com\/b2b\/wp-content\/uploads\/sites\/2\/2024\/01\/profilbild-555x520.png 555w\" sizes=\"auto, (max-width: 1181px) 100vw, 1181px\" \/><\/figure>\n<\/div>\n\n\n\n<div class=\"wp-block-column is-vertically-aligned-center is-layout-flow wp-block-column-is-layout-flow\">\n<div class=\"wp-block-group is-layout-flow wp-block-group-is-layout-flow\">\n<h5 class=\"wp-block-heading\" id=\"h-kontakta-oss\">Kontakta oss!<\/h5>\n\n\n\n<div class=\"wp-block-group is-label is-layout-flow wp-block-group-is-layout-flow\">\n<p class=\"has-text-align-left is-label has-yellow-300-background-color has-background has-small-font-size\" id=\"h-stjarnkliniken\"><strong><em><strong><em><strong><em><strong><em>Vi hj\u00e4lper dig g\u00e4rna med dina fr\u00e5gor och funderingar<\/em><\/strong><\/em><\/strong><\/em><\/strong><\/em><\/strong><\/p>\n<\/div>\n\n\n\n<div style=\"height:10px\" aria-hidden=\"true\" class=\"wp-block-spacer\"><\/div>\n\n\n\n<p class=\"has-text-align-left\"><a href=\"tel:011 15 95 95\"><\/a><img decoding=\"async\" class=\"wp-image-8734\" style=\"width: 40px;\" src=\"https:\/\/www.stjarnkliniken.com\/wp-content\/uploads\/2022\/06\/mail.png\" alt=\"\">  <a href=\"mailto:info@stjarnkliniken.com\"><\/a><a href=\"mailto:info@stjarnkliniken.com\">info@stjarnkliniken.com<\/a><\/p>\n<\/div>\n<\/div>\n<\/div>\n\n\n\n<div class=\"wp-block-group alignwide is-layout-flow wp-block-group-is-layout-flow\">\n<div style=\"height:51px\" aria-hidden=\"true\" class=\"wp-block-spacer\"><\/div>\n\n\n\n<div class=\"wp-block-columns alignwide is-layout-flex wp-container-core-columns-is-layout-9d6595d7 wp-block-columns-is-layout-flex\" id=\"kontaktaoss\">\n<div class=\"wp-block-column is-layout-flow wp-block-column-is-layout-flow\">\n<div class=\"wp-block-group is-layout-flow wp-block-group-is-layout-flow\">\n<div class=\"wp-block-group is-label is-layout-flow wp-block-group-is-layout-flow\">\n<p class=\"has-text-align-left is-label has-yellow-300-background-color has-background has-normal-font-size\" id=\"h-stjarnkliniken\"><strong><em>KONTAKTA OSS<\/em><\/strong><\/p>\n<\/div>\n<\/div>\n\n\n\n<h4 class=\"wp-block-heading has-text-align-left has-large-font-size\" id=\"h-lat-vart-team-hora-av-sig-till-dig\"><strong><strong>L\u00e5t v\u00e5rt <span class=\"has-inline-color has-yellow-300-color\">team<\/span> h\u00f6ra av sig till dig<\/strong>.<\/strong><\/h4>\n\n\n\n<p class=\"has-medium-font-size\">Stj\u00e4rnklinikens multidiciplin\u00e4ra team jobbar alltid med kvalit\u00e9 och kundfokus. Vi ger g\u00e4rna en digital presentation av v\u00e5rt koncept och vilka tj\u00e4nster vi kan erbjuda.&nbsp;<\/p>\n\n\n\n<div class=\"wp-block-group is-layout-flow wp-block-group-is-layout-flow\">\n<h5 class=\"wp-block-heading has-medium-font-size\" id=\"h-hur-kan-vi-hjalpa-dig\">Hur kan vi hj\u00e4lpa dig?<\/h5>\n\n\n\n<p class=\"has-small-font-size\">Beskriv kortfattat ditt \u00e4rende s\u00e5 kontaktar vi dig s\u00e5 snart vi kan.&nbsp;&nbsp;<\/p>\n<\/div>\n\n\n\n<div class=\"wp-block-group is-layout-flow wp-block-group-is-layout-flow\">\n<h5 class=\"wp-block-heading has-medium-font-size\" id=\"h-feedback\">Feedback<\/h5>\n\n\n\n<p class=\"has-small-font-size\">Vi jobbar med st\u00e4ndiga f\u00f6rb\u00e4ttringar, har du feedback till oss s\u00e5 tar vi g\u00e4rna emot den!<\/p>\n<\/div>\n<\/div>\n\n\n\n<div class=\"wp-block-column is-layout-flow wp-block-column-is-layout-flow\"><noscript class=\"ninja-forms-noscript-message\">\n    Notice: JavaScript is required for this content.<\/noscript><style>\n\n        \/* FIELDS STYLES *\/\n    \n        .nf-form-content .nf-field-container #nf-field-19-wrap {\n                                    display:inline-block;\n                                            float:right;\n                    }\n    <\/style><div id=\"nf-form-3-cont\" class=\"nf-form-cont\" aria-live=\"polite\" aria-labelledby=\"nf-form-title-3\" aria-describedby=\"nf-form-errors-3\" role=\"form\">\n\n    <div class=\"nf-loading-spinner\"><\/div>\n\n<\/div>\n        <!-- TODO: Move to Template File. -->\n        <script>var formDisplay=1;var nfForms=nfForms||[];var form=[];form.id='3';form.settings={\"objectType\":\"Form Setting\",\"editActive\":true,\"title\":\"B2B Homepage\",\"show_title\":0,\"allow_public_link\":0,\"embed_form\":\"\",\"clear_complete\":1,\"hide_complete\":0,\"default_label_pos\":\"above\",\"wrapper_class\":\"\",\"element_class\":\"\",\"key\":\"\",\"add_submit\":1,\"changeEmailErrorMsg\":\"Please enter a valid email address!\",\"changeDateErrorMsg\":\"Please enter a valid date!\",\"confirmFieldErrorMsg\":\"These fields must match!\",\"fieldNumberNumMinError\":\"Number Min Error\",\"fieldNumberNumMaxError\":\"Number Max Error\",\"fieldNumberIncrementBy\":\"Please increment by \",\"formErrorsCorrectErrors\":\"Please correct errors before submitting this form.\",\"validateRequiredField\":\"This is a required field.\",\"honeypotHoneypotError\":\"Honeypot Error\",\"fieldsMarkedRequired\":\" \",\"currency\":\"\",\"repeatable_fieldsets\":\"\",\"unique_field_error\":\"A form with this value has already been submitted.\",\"logged_in\":false,\"not_logged_in_msg\":\"\",\"sub_limit_msg\":\"The form has reached its submission limit.\",\"calculations\":[],\"formContentData\":[{\"order\":0,\"cells\":[{\"order\":0,\"fields\":[\"namn_1660567798578\"],\"width\":50},{\"order\":1,\"fields\":[\"foeretag_1660567802494\"],\"width\":50}]},{\"order\":2,\"cells\":[{\"order\":0,\"fields\":[\"telefon_1660567811114\"],\"width\":50},{\"order\":2,\"fields\":[\"email_1652359161101\"],\"width\":50}]},{\"order\":5,\"cells\":[{\"order\":0,\"fields\":[\"meddelande_1660567840028\"],\"width\":\"100\"}]},{\"order\":6,\"cells\":[{\"order\":0,\"fields\":[\"jag_godkaenner_villkoren_1660567853796\"],\"width\":50},{\"order\":1,\"fields\":[\"submit_1652359827309\"],\"width\":50}]}],\"drawerDisabled\":false,\"container_styles_show_advanced_css\":0,\"title_styles_show_advanced_css\":0,\"row_styles_show_advanced_css\":0,\"row-odd_styles_show_advanced_css\":0,\"success-msg_styles_show_advanced_css\":0,\"error_msg_styles_show_advanced_css\":0,\"public_link\":\"https:\\\/\\\/www.stjarnkliniken.com\\\/b2b\\\/ninja-forms\\\/3828k\",\"public_link_key\":\"3828k\",\"ninjaForms\":\"Ninja Forms\",\"fieldTextareaRTEInsertLink\":\"Insert Link\",\"fieldTextareaRTEInsertMedia\":\"Insert Media\",\"fieldTextareaRTESelectAFile\":\"Select a file\",\"formHoneypot\":\"If you are a human seeing this field, please leave it empty.\",\"fileUploadOldCodeFileUploadInProgress\":\"File Upload in Progress.\",\"fileUploadOldCodeFileUpload\":\"FILE UPLOAD\",\"currencySymbol\":\"&#36;\",\"thousands_sep\":\"\\u00a0\",\"decimal_point\":\",\",\"siteLocale\":\"sv_SE\",\"dateFormat\":\"m\\\/d\\\/Y\",\"startOfWeek\":\"1\",\"of\":\"of\",\"previousMonth\":\"Previous Month\",\"nextMonth\":\"Next Month\",\"months\":[\"January\",\"February\",\"March\",\"April\",\"May\",\"June\",\"July\",\"August\",\"September\",\"October\",\"November\",\"December\"],\"monthsShort\":[\"Jan\",\"Feb\",\"Mar\",\"Apr\",\"May\",\"Jun\",\"Jul\",\"Aug\",\"Sep\",\"Oct\",\"Nov\",\"Dec\"],\"weekdays\":[\"Sunday\",\"Monday\",\"Tuesday\",\"Wednesday\",\"Thursday\",\"Friday\",\"Saturday\"],\"weekdaysShort\":[\"Sun\",\"Mon\",\"Tue\",\"Wed\",\"Thu\",\"Fri\",\"Sat\"],\"weekdaysMin\":[\"Su\",\"Mo\",\"Tu\",\"We\",\"Th\",\"Fr\",\"Sa\"],\"recaptchaConsentMissing\":\"reCapctha validation couldn&#039;t load.\",\"recaptchaMissingCookie\":\"reCaptcha v3 validation couldn&#039;t load the cookie needed to submit the form.\",\"recaptchaConsentEvent\":\"Accept reCaptcha cookies before sending the form.\",\"currency_symbol\":\"\",\"beforeForm\":\"\",\"beforeFields\":\"\",\"afterFields\":\"\",\"afterForm\":\"\"};form.fields=[{\"objectType\":\"Field\",\"objectDomain\":\"fields\",\"editActive\":false,\"order\":1,\"idAttribute\":\"id\",\"type\":\"firstname\",\"label\":\"Namn\",\"key\":\"namn_1660567798578\",\"label_pos\":\"above\",\"required\":1,\"default\":\"\",\"placeholder\":\"\",\"container_class\":\"\",\"element_class\":\"\",\"admin_label\":\"\",\"help_text\":\"\",\"custom_name_attribute\":\"fname\",\"personally_identifiable\":1,\"value\":\"\",\"wrap_styles_show_advanced_css\":0,\"label_styles_show_advanced_css\":0,\"element_styles_show_advanced_css\":0,\"cellcid\":\"c3491\",\"wrap_styles_border\":\"\",\"wrap_styles_width\":\"\",\"wrap_styles_margin\":\"\",\"wrap_styles_padding\":\"\",\"wrap_styles_float\":\"\",\"label_styles_border\":\"\",\"label_styles_width\":\"\",\"label_styles_font-size\":\"\",\"label_styles_margin\":\"\",\"label_styles_padding\":\"\",\"label_styles_float\":\"\",\"element_styles_border\":\"\",\"element_styles_width\":\"\",\"element_styles_font-size\":\"\",\"element_styles_margin\":\"\",\"element_styles_padding\":\"\",\"element_styles_float\":\"\",\"id\":12,\"beforeField\":\"\",\"afterField\":\"\",\"parentType\":\"firstname\",\"element_templates\":[\"firstname\",\"input\"],\"old_classname\":\"\",\"wrap_template\":\"wrap\"},{\"objectType\":\"Field\",\"objectDomain\":\"fields\",\"editActive\":false,\"order\":2,\"idAttribute\":\"id\",\"type\":\"textbox\",\"label\":\"F\\u00f6retag\",\"key\":\"foeretag_1660567802494\",\"label_pos\":\"above\",\"required\":1,\"default\":\"\",\"placeholder\":\"\",\"container_class\":\"\",\"element_class\":\"\",\"input_limit\":\"\",\"input_limit_type\":\"characters\",\"input_limit_msg\":\"Character(s) left\",\"manual_key\":false,\"admin_label\":\"\",\"help_text\":\"\",\"mask\":\"\",\"custom_mask\":\"\",\"custom_name_attribute\":\"\",\"personally_identifiable\":\"\",\"value\":\"\",\"wrap_styles_show_advanced_css\":0,\"label_styles_show_advanced_css\":0,\"element_styles_show_advanced_css\":0,\"cellcid\":\"c3494\",\"wrap_styles_border\":\"\",\"wrap_styles_width\":\"\",\"wrap_styles_margin\":\"\",\"wrap_styles_padding\":\"\",\"wrap_styles_float\":\"\",\"label_styles_border\":\"\",\"label_styles_width\":\"\",\"label_styles_font-size\":\"\",\"label_styles_margin\":\"\",\"label_styles_padding\":\"\",\"label_styles_float\":\"\",\"element_styles_border\":\"\",\"element_styles_width\":\"\",\"element_styles_font-size\":\"\",\"element_styles_margin\":\"\",\"element_styles_padding\":\"\",\"element_styles_float\":\"\",\"id\":13,\"beforeField\":\"\",\"afterField\":\"\",\"parentType\":\"textbox\",\"element_templates\":[\"textbox\",\"input\"],\"old_classname\":\"\",\"wrap_template\":\"wrap\"},{\"objectType\":\"Field\",\"objectDomain\":\"fields\",\"editActive\":false,\"order\":3,\"idAttribute\":\"id\",\"type\":\"phone\",\"label\":\"Telefon\",\"key\":\"telefon_1660567811114\",\"label_pos\":\"above\",\"required\":1,\"default\":\"\",\"placeholder\":\"\",\"container_class\":\"\",\"element_class\":\"\",\"input_limit\":\"\",\"input_limit_type\":\"characters\",\"input_limit_msg\":\"Character(s) left\",\"manual_key\":false,\"admin_label\":\"\",\"help_text\":\"\",\"mask\":\"\",\"custom_mask\":\"\",\"custom_name_attribute\":\"phone\",\"personally_identifiable\":1,\"value\":\"\",\"wrap_styles_show_advanced_css\":0,\"label_styles_show_advanced_css\":0,\"element_styles_show_advanced_css\":0,\"cellcid\":\"c3497\",\"wrap_styles_border\":\"\",\"wrap_styles_width\":\"\",\"wrap_styles_margin\":\"\",\"wrap_styles_padding\":\"\",\"wrap_styles_float\":\"\",\"label_styles_border\":\"\",\"label_styles_width\":\"\",\"label_styles_font-size\":\"\",\"label_styles_margin\":\"\",\"label_styles_padding\":\"\",\"label_styles_float\":\"\",\"element_styles_border\":\"\",\"element_styles_width\":\"\",\"element_styles_font-size\":\"\",\"element_styles_margin\":\"\",\"element_styles_padding\":\"\",\"element_styles_float\":\"\",\"drawerDisabled\":false,\"id\":14,\"beforeField\":\"\",\"afterField\":\"\",\"parentType\":\"textbox\",\"element_templates\":[\"tel\",\"textbox\",\"input\"],\"old_classname\":\"\",\"wrap_template\":\"wrap\"},{\"objectType\":\"Field\",\"objectDomain\":\"fields\",\"editActive\":false,\"order\":4,\"idAttribute\":\"id\",\"type\":\"email\",\"label\":\"Email\",\"key\":\"email_1652359161101\",\"label_pos\":\"above\",\"required\":1,\"default\":\"\",\"placeholder\":\"\",\"container_class\":\"\",\"element_class\":\"\",\"admin_label\":\"\",\"help_text\":\"\",\"custom_name_attribute\":\"email\",\"personally_identifiable\":1,\"value\":\"\",\"wrap_styles_show_advanced_css\":0,\"label_styles_show_advanced_css\":0,\"element_styles_show_advanced_css\":0,\"cellcid\":\"c3499\",\"wrap_styles_border\":\"\",\"wrap_styles_width\":\"\",\"wrap_styles_margin\":\"\",\"wrap_styles_padding\":\"\",\"wrap_styles_float\":\"\",\"label_styles_border\":\"\",\"label_styles_width\":\"\",\"label_styles_font-size\":\"\",\"label_styles_margin\":\"\",\"label_styles_padding\":\"\",\"label_styles_float\":\"\",\"element_styles_border\":\"\",\"element_styles_width\":\"\",\"element_styles_font-size\":\"\",\"element_styles_margin\":\"\",\"element_styles_padding\":\"\",\"element_styles_float\":\"\",\"id\":15,\"beforeField\":\"\",\"afterField\":\"\",\"parentType\":\"email\",\"element_templates\":[\"email\",\"input\"],\"old_classname\":\"\",\"wrap_template\":\"wrap\"},{\"objectType\":\"Field\",\"objectDomain\":\"fields\",\"editActive\":false,\"order\":6,\"idAttribute\":\"id\",\"type\":\"textarea\",\"label\":\"Meddelande\",\"key\":\"meddelande_1660567840028\",\"label_pos\":\"above\",\"required\":false,\"default\":\"\",\"placeholder\":\"\",\"container_class\":\"\",\"element_class\":\"\",\"input_limit\":\"\",\"input_limit_type\":\"characters\",\"input_limit_msg\":\"Character(s) left\",\"manual_key\":false,\"admin_label\":\"\",\"help_text\":\"\",\"textarea_rte\":\"\",\"disable_rte_mobile\":\"\",\"textarea_media\":\"\",\"value\":\"\",\"wrap_styles_show_advanced_css\":0,\"label_styles_show_advanced_css\":0,\"element_styles_show_advanced_css\":0,\"cellcid\":\"c3502\",\"wrap_styles_border\":\"\",\"wrap_styles_width\":\"\",\"wrap_styles_margin\":\"\",\"wrap_styles_padding\":\"\",\"wrap_styles_float\":\"\",\"label_styles_border\":\"\",\"label_styles_width\":\"\",\"label_styles_font-size\":\"\",\"label_styles_margin\":\"\",\"label_styles_padding\":\"\",\"label_styles_float\":\"\",\"element_styles_border\":\"\",\"element_styles_width\":\"\",\"element_styles_font-size\":\"\",\"element_styles_margin\":\"\",\"element_styles_padding\":\"\",\"element_styles_float\":\"\",\"id\":17,\"beforeField\":\"\",\"afterField\":\"\",\"parentType\":\"textarea\",\"element_templates\":[\"textarea\",\"input\"],\"old_classname\":\"\",\"wrap_template\":\"wrap\"},{\"objectType\":\"Field\",\"objectDomain\":\"fields\",\"editActive\":false,\"order\":7,\"idAttribute\":\"id\",\"type\":\"checkbox\",\"label\":\"Jag godk\\u00e4nner villkoren\",\"key\":\"jag_godkaenner_villkoren_1660567853796\",\"label_pos\":\"right\",\"required\":1,\"container_class\":\"\",\"element_class\":\"\",\"manual_key\":false,\"admin_label\":\"\",\"help_text\":\"\",\"default_value\":\"checked\",\"checked_value\":\"Checked\",\"unchecked_value\":\"Unchecked\",\"checked_calc_value\":\"\",\"unchecked_calc_value\":\"\",\"drawerDisabled\":false,\"wrap_styles_show_advanced_css\":0,\"label_styles_show_advanced_css\":0,\"element_styles_show_advanced_css\":0,\"cellcid\":\"c3505\",\"wrap_styles_border\":\"\",\"wrap_styles_width\":\"\",\"wrap_styles_margin\":\"\",\"wrap_styles_padding\":\"\",\"wrap_styles_float\":\"\",\"label_styles_border\":\"\",\"label_styles_width\":\"\",\"label_styles_font-size\":\"\",\"label_styles_margin\":\"\",\"label_styles_padding\":\"\",\"label_styles_float\":\"\",\"element_styles_border\":\"\",\"element_styles_width\":\"\",\"element_styles_font-size\":\"\",\"element_styles_margin\":\"\",\"element_styles_padding\":\"\",\"element_styles_float\":\"\",\"id\":18,\"beforeField\":\"\",\"afterField\":\"\",\"value\":\"\",\"parentType\":\"checkbox\",\"element_templates\":[\"checkbox\",\"input\"],\"old_classname\":\"\",\"wrap_template\":\"wrap\"},{\"objectType\":\"Field\",\"objectDomain\":\"fields\",\"editActive\":false,\"order\":8,\"idAttribute\":\"id\",\"type\":\"submit\",\"label\":\"Submit\",\"processing_label\":\"Processing\",\"container_class\":\"\",\"element_class\":\"\",\"key\":\"submit_1652359827309\",\"wrap_styles_border\":\"\",\"wrap_styles_width\":\"\",\"wrap_styles_margin\":\"\",\"wrap_styles_padding\":\"\",\"wrap_styles_display\":\"inline-block\",\"wrap_styles_float\":\"right\",\"wrap_styles_show_advanced_css\":0,\"element_styles_border\":\"\",\"element_styles_width\":\"\",\"element_styles_font-size\":\"\",\"element_styles_margin\":\"\",\"element_styles_padding\":\"\",\"element_styles_float\":\"\",\"element_styles_show_advanced_css\":0,\"submit_element_hover_styles_border\":\"\",\"submit_element_hover_styles_width\":\"\",\"submit_element_hover_styles_font-size\":\"\",\"submit_element_hover_styles_margin\":\"\",\"submit_element_hover_styles_padding\":\"\",\"submit_element_hover_styles_float\":\"\",\"submit_element_hover_styles_show_advanced_css\":0,\"cellcid\":\"c3507\",\"drawerDisabled\":false,\"id\":19,\"beforeField\":\"\",\"afterField\":\"\",\"value\":\"\",\"label_pos\":\"above\",\"parentType\":\"textbox\",\"element_templates\":[\"submit\",\"button\",\"input\"],\"old_classname\":\"\",\"wrap_template\":\"wrap-no-label\"}];nfForms.push(form);<\/script>\n                <script id=\"nf-tmpl-cell\" type=\"text\/template\">\n            <nf-fields><\/nf-fields>\n        <\/script>\n\n        <script id=\"nf-tmpl-row\" type=\"text\/template\">\n            <nf-cells><\/nf-cells>\n        <\/script>\n\n        <\/div>\n<\/div>\n<\/div>\n\n\n\n<p><\/p>\n","protected":false},"excerpt":{"rendered":"<p>ORGANISATORISK &amp; SOCIAL ARBETSMILJ\u00d6. Organisatorisk och social arbetsmilj\u00f6 (OSA) handlar om att lyfta h\u00e4lsa och arbetsmilj\u00f6fr\u00e5gorna fr\u00e5n ett individperspektiv till ett organisationsperspektiv d\u00e4r struktur tydlighet i roller och ansvar kommunikation rutiner ledarskap medarbetarskap sociala spelregler och gemenskap tas upp<\/p>\n","protected":false},"author":2,"featured_media":0,"parent":0,"menu_order":0,"comment_status":"closed","ping_status":"closed","template":"","meta":{"_acf_changed":false,"footnotes":""},"class_list":["post-8337","page","type-page","status-publish","hentry"],"acf":[],"yoast_head":"<!-- This site is optimized with the Yoast SEO Premium plugin v22.6 (Yoast SEO v22.6) - https:\/\/yoast.com\/wordpress\/plugins\/seo\/ -->\n<title>OSA (Organisatorisk och social arbetsmilj\u00f6) - Stj\u00e4rnkliniken<\/title>\n<meta name=\"description\" content=\"F\u00e5 hj\u00e4lp med OSA (Organisatorisk och social arbetsmilj\u00f6). Vi lyfter h\u00e4lsa och arbetsmilj\u00f6fr\u00e5gorna fr\u00e5n individen. Kontakta oss f\u00f6r mer information!\" \/>\n<meta name=\"robots\" content=\"index, follow, max-snippet:-1, max-image-preview:large, max-video-preview:-1\" \/>\n<link rel=\"canonical\" href=\"https:\/\/www.stjarnkliniken.com\/b2b\/osa\/\" \/>\n<meta property=\"og:locale\" content=\"sv_SE\" \/>\n<meta property=\"og:type\" content=\"article\" \/>\n<meta property=\"og:title\" content=\"Organisatorisk och social arbetsmilj\u00f6\" \/>\n<meta property=\"og:description\" content=\"F\u00e5 hj\u00e4lp med OSA (Organisatorisk och social arbetsmilj\u00f6). Vi lyfter h\u00e4lsa och arbetsmilj\u00f6fr\u00e5gorna fr\u00e5n individen. Kontakta oss f\u00f6r mer information!\" \/>\n<meta property=\"og:url\" content=\"https:\/\/www.stjarnkliniken.com\/b2b\/osa\/\" \/>\n<meta property=\"og:site_name\" content=\"Stj\u00e4rnkliniken B2B\" \/>\n<meta property=\"article:modified_time\" content=\"2025-10-29T10:58:30+00:00\" \/>\n<meta property=\"og:image\" content=\"https:\/\/www.stjarnkliniken.com\/b2b\/wp-content\/uploads\/sites\/2\/2022\/09\/OSA1-hemsida-1200x630.jpg\" \/>\n\t<meta property=\"og:image:width\" content=\"1200\" \/>\n\t<meta property=\"og:image:height\" content=\"630\" \/>\n\t<meta property=\"og:image:type\" content=\"image\/jpeg\" \/>\n<meta name=\"twitter:card\" content=\"summary_large_image\" \/>\n<meta name=\"twitter:title\" content=\"Organisatorisk och social arbetsmilj\u00f6\" \/>\n<meta name=\"twitter:label1\" content=\"Ber\u00e4knad l\u00e4stid\" \/>\n\t<meta name=\"twitter:data1\" content=\"5 minuter\" \/>\n<script type=\"application\/ld+json\" class=\"yoast-schema-graph\">{\"@context\":\"https:\/\/schema.org\",\"@graph\":[{\"@type\":\"WebPage\",\"@id\":\"https:\/\/www.stjarnkliniken.com\/b2b\/osa\/\",\"url\":\"https:\/\/www.stjarnkliniken.com\/b2b\/osa\/\",\"name\":\"OSA (Organisatorisk och social arbetsmilj\u00f6) - Stj\u00e4rnkliniken\",\"isPartOf\":{\"@id\":\"https:\/\/www.stjarnkliniken.com\/b2b\/#website\"},\"primaryImageOfPage\":{\"@id\":\"https:\/\/www.stjarnkliniken.com\/b2b\/osa\/#primaryimage\"},\"image\":{\"@id\":\"https:\/\/www.stjarnkliniken.com\/b2b\/osa\/#primaryimage\"},\"thumbnailUrl\":\"https:\/\/www.stjarnkliniken.com\/wp-content\/uploads\/2022\/04\/Group-959.png\",\"datePublished\":\"2022-05-31T09:53:32+00:00\",\"dateModified\":\"2025-10-29T10:58:30+00:00\",\"description\":\"F\u00e5 hj\u00e4lp med OSA (Organisatorisk och social arbetsmilj\u00f6). Vi lyfter h\u00e4lsa och arbetsmilj\u00f6fr\u00e5gorna fr\u00e5n individen. Kontakta oss f\u00f6r mer information!\",\"breadcrumb\":{\"@id\":\"https:\/\/www.stjarnkliniken.com\/b2b\/osa\/#breadcrumb\"},\"inLanguage\":\"sv-SE\",\"potentialAction\":[{\"@type\":\"ReadAction\",\"target\":[\"https:\/\/www.stjarnkliniken.com\/b2b\/osa\/\"]}]},{\"@type\":\"ImageObject\",\"inLanguage\":\"sv-SE\",\"@id\":\"https:\/\/www.stjarnkliniken.com\/b2b\/osa\/#primaryimage\",\"url\":\"https:\/\/www.stjarnkliniken.com\/wp-content\/uploads\/2022\/04\/Group-959.png\",\"contentUrl\":\"https:\/\/www.stjarnkliniken.com\/wp-content\/uploads\/2022\/04\/Group-959.png\"},{\"@type\":\"BreadcrumbList\",\"@id\":\"https:\/\/www.stjarnkliniken.com\/b2b\/osa\/#breadcrumb\",\"itemListElement\":[{\"@type\":\"ListItem\",\"position\":1,\"name\":\"Hem\",\"item\":\"https:\/\/www.stjarnkliniken.com\/b2b\/\"},{\"@type\":\"ListItem\",\"position\":2,\"name\":\"OSA\"}]},{\"@type\":\"WebSite\",\"@id\":\"https:\/\/www.stjarnkliniken.com\/b2b\/#website\",\"url\":\"https:\/\/www.stjarnkliniken.com\/b2b\/\",\"name\":\"Stj\u00e4rnkliniken B2B\",\"description\":\"Stj\u00e4rnkliniken: Naprapati &amp; massage - ingen v\u00e4ntetid, ingen remiss!\",\"potentialAction\":[{\"@type\":\"SearchAction\",\"target\":{\"@type\":\"EntryPoint\",\"urlTemplate\":\"https:\/\/www.stjarnkliniken.com\/b2b\/?s={search_term_string}\"},\"query-input\":\"required name=search_term_string\"}],\"inLanguage\":\"sv-SE\"}]}<\/script>\n<!-- \/ Yoast SEO Premium plugin. -->","yoast_head_json":{"title":"OSA (Organisatorisk och social arbetsmilj\u00f6) - Stj\u00e4rnkliniken","description":"F\u00e5 hj\u00e4lp med OSA (Organisatorisk och social arbetsmilj\u00f6). Vi lyfter h\u00e4lsa och arbetsmilj\u00f6fr\u00e5gorna fr\u00e5n individen. Kontakta oss f\u00f6r mer information!","robots":{"index":"index","follow":"follow","max-snippet":"max-snippet:-1","max-image-preview":"max-image-preview:large","max-video-preview":"max-video-preview:-1"},"canonical":"https:\/\/www.stjarnkliniken.com\/b2b\/osa\/","og_locale":"sv_SE","og_type":"article","og_title":"Organisatorisk och social arbetsmilj\u00f6","og_description":"F\u00e5 hj\u00e4lp med OSA (Organisatorisk och social arbetsmilj\u00f6). Vi lyfter h\u00e4lsa och arbetsmilj\u00f6fr\u00e5gorna fr\u00e5n individen. Kontakta oss f\u00f6r mer information!","og_url":"https:\/\/www.stjarnkliniken.com\/b2b\/osa\/","og_site_name":"Stj\u00e4rnkliniken B2B","article_modified_time":"2025-10-29T10:58:30+00:00","og_image":[{"width":1200,"height":630,"url":"https:\/\/www.stjarnkliniken.com\/b2b\/wp-content\/uploads\/sites\/2\/2022\/09\/OSA1-hemsida-1200x630.jpg","type":"image\/jpeg"}],"twitter_card":"summary_large_image","twitter_title":"Organisatorisk och social arbetsmilj\u00f6","twitter_misc":{"Ber\u00e4knad l\u00e4stid":"5 minuter"},"schema":{"@context":"https:\/\/schema.org","@graph":[{"@type":"WebPage","@id":"https:\/\/www.stjarnkliniken.com\/b2b\/osa\/","url":"https:\/\/www.stjarnkliniken.com\/b2b\/osa\/","name":"OSA (Organisatorisk och social arbetsmilj\u00f6) - Stj\u00e4rnkliniken","isPartOf":{"@id":"https:\/\/www.stjarnkliniken.com\/b2b\/#website"},"primaryImageOfPage":{"@id":"https:\/\/www.stjarnkliniken.com\/b2b\/osa\/#primaryimage"},"image":{"@id":"https:\/\/www.stjarnkliniken.com\/b2b\/osa\/#primaryimage"},"thumbnailUrl":"https:\/\/www.stjarnkliniken.com\/wp-content\/uploads\/2022\/04\/Group-959.png","datePublished":"2022-05-31T09:53:32+00:00","dateModified":"2025-10-29T10:58:30+00:00","description":"F\u00e5 hj\u00e4lp med OSA (Organisatorisk och social arbetsmilj\u00f6). Vi lyfter h\u00e4lsa och arbetsmilj\u00f6fr\u00e5gorna fr\u00e5n individen. Kontakta oss f\u00f6r mer information!","breadcrumb":{"@id":"https:\/\/www.stjarnkliniken.com\/b2b\/osa\/#breadcrumb"},"inLanguage":"sv-SE","potentialAction":[{"@type":"ReadAction","target":["https:\/\/www.stjarnkliniken.com\/b2b\/osa\/"]}]},{"@type":"ImageObject","inLanguage":"sv-SE","@id":"https:\/\/www.stjarnkliniken.com\/b2b\/osa\/#primaryimage","url":"https:\/\/www.stjarnkliniken.com\/wp-content\/uploads\/2022\/04\/Group-959.png","contentUrl":"https:\/\/www.stjarnkliniken.com\/wp-content\/uploads\/2022\/04\/Group-959.png"},{"@type":"BreadcrumbList","@id":"https:\/\/www.stjarnkliniken.com\/b2b\/osa\/#breadcrumb","itemListElement":[{"@type":"ListItem","position":1,"name":"Hem","item":"https:\/\/www.stjarnkliniken.com\/b2b\/"},{"@type":"ListItem","position":2,"name":"OSA"}]},{"@type":"WebSite","@id":"https:\/\/www.stjarnkliniken.com\/b2b\/#website","url":"https:\/\/www.stjarnkliniken.com\/b2b\/","name":"Stj\u00e4rnkliniken B2B","description":"Stj\u00e4rnkliniken: Naprapati &amp; massage - ingen v\u00e4ntetid, ingen remiss!","potentialAction":[{"@type":"SearchAction","target":{"@type":"EntryPoint","urlTemplate":"https:\/\/www.stjarnkliniken.com\/b2b\/?s={search_term_string}"},"query-input":"required name=search_term_string"}],"inLanguage":"sv-SE"}]}},"_links":{"self":[{"href":"https:\/\/www.stjarnkliniken.com\/b2b\/wp-json\/wp\/v2\/pages\/8337","targetHints":{"allow":["GET"]}}],"collection":[{"href":"https:\/\/www.stjarnkliniken.com\/b2b\/wp-json\/wp\/v2\/pages"}],"about":[{"href":"https:\/\/www.stjarnkliniken.com\/b2b\/wp-json\/wp\/v2\/types\/page"}],"author":[{"embeddable":true,"href":"https:\/\/www.stjarnkliniken.com\/b2b\/wp-json\/wp\/v2\/users\/2"}],"replies":[{"embeddable":true,"href":"https:\/\/www.stjarnkliniken.com\/b2b\/wp-json\/wp\/v2\/comments?post=8337"}],"version-history":[{"count":4,"href":"https:\/\/www.stjarnkliniken.com\/b2b\/wp-json\/wp\/v2\/pages\/8337\/revisions"}],"predecessor-version":[{"id":9671,"href":"https:\/\/www.stjarnkliniken.com\/b2b\/wp-json\/wp\/v2\/pages\/8337\/revisions\/9671"}],"wp:attachment":[{"href":"https:\/\/www.stjarnkliniken.com\/b2b\/wp-json\/wp\/v2\/media?parent=8337"}],"curies":[{"name":"wp","href":"https:\/\/api.w.org\/{rel}","templated":true}]}}