{"id":6072,"date":"2021-02-03T14:23:34","date_gmt":"2021-02-03T13:23:34","guid":{"rendered":"https:\/\/www.stjarnkliniken.com\/?page_id=6072"},"modified":"2024-09-09T14:11:19","modified_gmt":"2024-09-09T14:11:19","slug":"eventmassage","status":"publish","type":"page","link":"https:\/\/www.stjarnkliniken.com\/b2b\/eventmassage\/","title":{"rendered":"Eventmassage"},"content":{"rendered":"\n<div class=\"wp-block-cover alignfull is-light\"><span aria-hidden=\"true\" class=\"wp-block-cover__background has-yellow-100-background-color has-background-dim-100 has-background-dim\"><\/span><div class=\"wp-block-cover__inner-container is-layout-flow wp-block-cover-is-layout-flow\">\n<div class=\"wp-block-group is-layout-flow wp-block-group-is-layout-flow\">\n<h1 class=\"wp-block-heading has-text-align-center wp-block-qala-blocks-hero__heading has-black-color has-text-color\" id=\"h-eventmassage\"><em><em>EVENTMASSAGE<\/em><\/em><\/h1>\n\n\n\n<p class=\"has-text-align-center has-black-color has-text-color has-medium-font-size\">Vi kommer ut och f\u00f6rgyller ert f\u00f6retagsevent med en massageterapeut<\/p>\n<\/div>\n<\/div><\/div>\n\n\n\n<div class=\"wp-block-group is-layout-flow wp-block-group-is-layout-flow\" style=\"padding-top:70px;padding-right:0px;padding-bottom:70px;padding-left:0px\">\n<div class=\"wp-block-group is-label is-layout-flow wp-block-group-is-layout-flow\">\n<p class=\"has-text-align-center is-label has-yellow-300-background-color has-background\" id=\"h-stjarnkliniken\"><strong><em>EVENTMASSAGE<\/em><\/strong><\/p>\n<\/div>\n\n\n\n<h4 class=\"wp-block-heading has-text-align-center\" id=\"h-vi-kommer-till-er\"><strong><strong>Vi kommer till er<\/strong><\/strong><\/h4>\n\n\n\n<p class=\"has-text-align-center has-medium-font-size\">Vi kommer ut och f\u00f6rgyller ert f\u00f6retagsevent med en massageterapeut. Perfekt f\u00f6r att visa lite extra omtanke om era medarbetare vid interna&nbsp;event s\u00e5 som personaldagar,&nbsp;h\u00e4lsodagar, kick-off, sommaravslutning eller idrottsevent. Externa event som \u00e4r riktade till era kunder kan vi ocks\u00e5&nbsp;hj\u00e4lpa till p\u00e5, s\u00e5 som m\u00e4ssor, kunddagar och \u00f6ppet hus.\u200b<\/p>\n<\/div>\n\n\n\n<figure class=\"wp-block-image alignwide size-large\"><img loading=\"lazy\" decoding=\"async\" width=\"1000\" height=\"372\" src=\"https:\/\/www.stjarnkliniken.com\/b2b\/wp-content\/uploads\/sites\/2\/2023\/05\/190619_stjarnkliniken_0812A.jpg\" alt=\"\" class=\"wp-image-9230\" srcset=\"https:\/\/www.stjarnkliniken.com\/b2b\/wp-content\/uploads\/sites\/2\/2023\/05\/190619_stjarnkliniken_0812A.jpg 1000w, https:\/\/www.stjarnkliniken.com\/b2b\/wp-content\/uploads\/sites\/2\/2023\/05\/190619_stjarnkliniken_0812A-300x112.jpg 300w, https:\/\/www.stjarnkliniken.com\/b2b\/wp-content\/uploads\/sites\/2\/2023\/05\/190619_stjarnkliniken_0812A-710x264.jpg 710w, https:\/\/www.stjarnkliniken.com\/b2b\/wp-content\/uploads\/sites\/2\/2023\/05\/190619_stjarnkliniken_0812A-450x167.jpg 450w\" sizes=\"auto, (max-width: 1000px) 100vw, 1000px\" \/><\/figure>\n\n\n\n<div class=\"wp-block-group alignwide is-layout-flow wp-block-group-is-layout-flow\">\n<div class=\"wp-block-columns alignwide has-same-height is-layout-flex wp-container-core-columns-is-layout-9d6595d7 wp-block-columns-is-layout-flex\">\n<div class=\"wp-block-column is-layout-flow wp-block-column-is-layout-flow\">\n<div class=\"wp-block-group has-yellow-600-background-color has-background is-layout-flow wp-block-group-is-layout-flow\" style=\"padding-top:30px;padding-right:40px;padding-bottom:30px;padding-left:40px\">\n<h5 class=\"wp-block-heading has-white-color has-text-color\" id=\"h-erbjudande\"><strong><strong><strong><span class=\"has-inline-color has-white-color\">Erbjudande<\/span><\/strong><\/strong><\/strong><\/h5>\n\n\n\n<p class=\"has-white-color has-text-color has-normal-font-size\">Nu k\u00f6r vi ett erbjudande p\u00e5 Eventmassage p\u00e5 30% rabatt!<\/p>\n<\/div>\n<\/div>\n\n\n\n<div class=\"wp-block-column is-layout-flow wp-block-column-is-layout-flow\">\n<div class=\"wp-block-group has-yellow-100-background-color has-background is-layout-flow wp-block-group-is-layout-flow\" style=\"padding-top:30px;padding-right:40px;padding-bottom:30px;padding-left:40px\">\n<h5 class=\"wp-block-heading\" id=\"h-detta-ingar\"><strong><span class=\"has-inline-color has-black-color\"><strong><strong><strong>Detta ing\u00e5r<\/strong><\/strong><\/strong><\/span><\/strong><\/h5>\n\n\n\n<p id=\"h-en-kvalitetssakrad-och-valutbildad-massageterapeut\">En kvalitetss\u00e4krad och v\u00e4lutbildad massageterapeut\u200b.<\/p>\n\n\n\n<p>All utrustning till uppdraget\u200b.<\/p>\n\n\n\n<p>Rabattkod till alla p\u00e5 eventet som g\u00e4ller behandling p\u00e5 klinik\u200b.<\/p>\n<\/div>\n<\/div>\n\n\n\n<div class=\"wp-block-column is-layout-flow wp-block-column-is-layout-flow\">\n<div class=\"wp-block-group has-yellow-300-background-color has-background is-layout-flow wp-block-group-is-layout-flow\" style=\"padding-top:30px;padding-right:40px;padding-bottom:30px;padding-left:40px\">\n<h5 class=\"wp-block-heading\" id=\"h-upplagg\"><strong><span class=\"has-inline-color has-black-color\"><strong><strong>Uppl\u00e4gg<\/strong><\/strong><\/span><\/strong><\/h5>\n\n\n\n<p>Vi kommer till er en heldag eller halvdag<\/p>\n<\/div>\n<\/div>\n<\/div>\n<\/div>\n\n\n\n<div style=\"height:100px\" aria-hidden=\"true\" class=\"wp-block-spacer\"><\/div>\n\n\n\n<div class=\"wp-block-columns are-vertically-aligned-center is-layout-flex wp-container-core-columns-is-layout-9d6595d7 wp-block-columns-is-layout-flex\">\n<div class=\"wp-block-column is-vertically-aligned-center is-layout-flow wp-block-column-is-layout-flow\" style=\"flex-basis:170px\">\n<figure class=\"wp-block-image size-full is-style-rounded\"><img loading=\"lazy\" decoding=\"async\" width=\"500\" height=\"500\" src=\"https:\/\/www.stjarnkliniken.com\/b2b\/wp-content\/uploads\/sites\/2\/2024\/09\/frida-500x500-1.jpg\" alt=\"\" class=\"wp-image-9563\" srcset=\"https:\/\/www.stjarnkliniken.com\/b2b\/wp-content\/uploads\/sites\/2\/2024\/09\/frida-500x500-1.jpg 500w, https:\/\/www.stjarnkliniken.com\/b2b\/wp-content\/uploads\/sites\/2\/2024\/09\/frida-500x500-1-300x300.jpg 300w, https:\/\/www.stjarnkliniken.com\/b2b\/wp-content\/uploads\/sites\/2\/2024\/09\/frida-500x500-1-178x178.jpg 178w\" sizes=\"auto, (max-width: 500px) 100vw, 500px\" \/><\/figure>\n<\/div>\n\n\n\n<div class=\"wp-block-column is-vertically-aligned-center is-layout-flow wp-block-column-is-layout-flow\">\n<div class=\"wp-block-group is-layout-flow wp-block-group-is-layout-flow\">\n<h5 class=\"wp-block-heading\" id=\"h-frida-bylinder\">Frida Bylinder<\/h5>\n\n\n\n<div class=\"wp-block-group is-label is-layout-flow wp-block-group-is-layout-flow\">\n<p class=\"has-text-align-left is-label has-yellow-300-background-color has-background has-small-font-size\" id=\"h-stjarnkliniken\"><strong><em><strong><em>VERKSAMHETSANSVARIG STJ\u00c4RNKLINIKEN BUSINESS<\/em><\/strong><\/em><\/strong><\/p>\n<\/div>\n\n\n\n<div style=\"height:10px\" aria-hidden=\"true\" class=\"wp-block-spacer\"><\/div>\n\n\n\n<p class=\"has-text-align-left\"><a href=\"tel:011 15 95 95\"><\/a><img decoding=\"async\" class=\"wp-image-8734\" style=\"width: 40px\" src=\"https:\/\/www.stjarnkliniken.com\/wp-content\/uploads\/2022\/06\/mail.png\" alt=\"\">  <a href=\"mailto:frida@stjarnkliniken.com\">frida@stjarnkliniken.com<\/a><\/p>\n<\/div>\n<\/div>\n<\/div>\n\n\n\n<div style=\"height:100px\" aria-hidden=\"true\" class=\"wp-block-spacer\"><\/div>\n\n\n\n<p><\/p>\n","protected":false},"excerpt":{"rendered":"<p>Den moderna f\u00f6retagsh\u00e4lsov\u00e5rden! Tack vare Naprapatbussen slipper din personalen ta extra ledigt fr\u00e5n jobbet och ta sig till en klinik vilket sparar b\u00e5de tid, produktion, milj\u00f6 och pengar. Bussen \u00e4r fullt utrustad med allt som beh\u00f6vs f\u00f6r en naprapatbehandling och kan \u00e4ven medverka p\u00e5 exempelvis idrottsevenemang och annat &#8211; m\u00f6jligheterna \u00e4r stora! Tveka inte att kontakta oss!<\/p>\n","protected":false},"author":2,"featured_media":0,"parent":0,"menu_order":0,"comment_status":"closed","ping_status":"closed","template":"","meta":{"_acf_changed":false,"footnotes":""},"class_list":["post-6072","page","type-page","status-publish","hentry"],"acf":[],"yoast_head":"<!-- This site is optimized with the Yoast SEO Premium plugin v22.6 (Yoast SEO v22.6) - https:\/\/yoast.com\/wordpress\/plugins\/seo\/ -->\n<title>Eventmassage<\/title>\n<meta name=\"description\" content=\"Vi kommer ut och f\u00f6rgyller ert f\u00f6retagsevent med en massageterapeut. Personaldagar, kick-off, sommaravslutning, kunddagar eller \u00f6ppet hus.\" \/>\n<meta name=\"robots\" content=\"index, follow, max-snippet:-1, max-image-preview:large, max-video-preview:-1\" \/>\n<link rel=\"canonical\" href=\"https:\/\/www.stjarnkliniken.com\/b2b\/eventmassage\/\" \/>\n<meta property=\"og:locale\" content=\"sv_SE\" \/>\n<meta property=\"og:type\" content=\"article\" \/>\n<meta property=\"og:title\" content=\"Eventmassage\" \/>\n<meta property=\"og:description\" content=\"Vi kommer ut och f\u00f6rgyller ert f\u00f6retagsevent med en massageterapeut. Personaldagar, kick-off, sommaravslutning, kunddagar eller \u00f6ppet hus.\" \/>\n<meta property=\"og:url\" content=\"https:\/\/www.stjarnkliniken.com\/b2b\/eventmassage\/\" \/>\n<meta property=\"og:site_name\" content=\"Stj\u00e4rnkliniken B2B\" \/>\n<meta property=\"article:modified_time\" content=\"2024-09-09T14:11:19+00:00\" \/>\n<meta property=\"og:image\" content=\"https:\/\/www.stjarnkliniken.com\/b2b\/wp-content\/uploads\/sites\/2\/2023\/05\/190619_stjarnkliniken_0812A.jpg\" \/>\n<meta name=\"twitter:card\" content=\"summary_large_image\" \/>\n<meta name=\"twitter:label1\" content=\"Ber\u00e4knad l\u00e4stid\" \/>\n\t<meta name=\"twitter:data1\" content=\"2 minuter\" \/>\n<script type=\"application\/ld+json\" class=\"yoast-schema-graph\">{\"@context\":\"https:\/\/schema.org\",\"@graph\":[{\"@type\":\"WebPage\",\"@id\":\"https:\/\/www.stjarnkliniken.com\/b2b\/eventmassage\/\",\"url\":\"https:\/\/www.stjarnkliniken.com\/b2b\/eventmassage\/\",\"name\":\"Eventmassage\",\"isPartOf\":{\"@id\":\"https:\/\/www.stjarnkliniken.com\/b2b\/#website\"},\"primaryImageOfPage\":{\"@id\":\"https:\/\/www.stjarnkliniken.com\/b2b\/eventmassage\/#primaryimage\"},\"image\":{\"@id\":\"https:\/\/www.stjarnkliniken.com\/b2b\/eventmassage\/#primaryimage\"},\"thumbnailUrl\":\"https:\/\/www.stjarnkliniken.com\/b2b\/wp-content\/uploads\/sites\/2\/2023\/05\/190619_stjarnkliniken_0812A.jpg\",\"datePublished\":\"2021-02-03T13:23:34+00:00\",\"dateModified\":\"2024-09-09T14:11:19+00:00\",\"description\":\"Vi kommer ut och f\u00f6rgyller ert f\u00f6retagsevent med en massageterapeut. Personaldagar, kick-off, sommaravslutning, kunddagar eller \u00f6ppet hus.\",\"breadcrumb\":{\"@id\":\"https:\/\/www.stjarnkliniken.com\/b2b\/eventmassage\/#breadcrumb\"},\"inLanguage\":\"sv-SE\",\"potentialAction\":[{\"@type\":\"ReadAction\",\"target\":[\"https:\/\/www.stjarnkliniken.com\/b2b\/eventmassage\/\"]}]},{\"@type\":\"ImageObject\",\"inLanguage\":\"sv-SE\",\"@id\":\"https:\/\/www.stjarnkliniken.com\/b2b\/eventmassage\/#primaryimage\",\"url\":\"https:\/\/www.stjarnkliniken.com\/b2b\/wp-content\/uploads\/sites\/2\/2023\/05\/190619_stjarnkliniken_0812A.jpg\",\"contentUrl\":\"https:\/\/www.stjarnkliniken.com\/b2b\/wp-content\/uploads\/sites\/2\/2023\/05\/190619_stjarnkliniken_0812A.jpg\",\"width\":1000,\"height\":372},{\"@type\":\"BreadcrumbList\",\"@id\":\"https:\/\/www.stjarnkliniken.com\/b2b\/eventmassage\/#breadcrumb\",\"itemListElement\":[{\"@type\":\"ListItem\",\"position\":1,\"name\":\"Hem\",\"item\":\"https:\/\/www.stjarnkliniken.com\/b2b\/\"},{\"@type\":\"ListItem\",\"position\":2,\"name\":\"Eventmassage\"}]},{\"@type\":\"WebSite\",\"@id\":\"https:\/\/www.stjarnkliniken.com\/b2b\/#website\",\"url\":\"https:\/\/www.stjarnkliniken.com\/b2b\/\",\"name\":\"Stj\u00e4rnkliniken B2B\",\"description\":\"Stj\u00e4rnkliniken: Naprapati &amp; massage - ingen v\u00e4ntetid, ingen remiss!\",\"potentialAction\":[{\"@type\":\"SearchAction\",\"target\":{\"@type\":\"EntryPoint\",\"urlTemplate\":\"https:\/\/www.stjarnkliniken.com\/b2b\/?s={search_term_string}\"},\"query-input\":\"required name=search_term_string\"}],\"inLanguage\":\"sv-SE\"}]}<\/script>\n<!-- \/ Yoast SEO Premium plugin. -->","yoast_head_json":{"title":"Eventmassage","description":"Vi kommer ut och f\u00f6rgyller ert f\u00f6retagsevent med en massageterapeut. Personaldagar, kick-off, sommaravslutning, kunddagar eller \u00f6ppet hus.","robots":{"index":"index","follow":"follow","max-snippet":"max-snippet:-1","max-image-preview":"max-image-preview:large","max-video-preview":"max-video-preview:-1"},"canonical":"https:\/\/www.stjarnkliniken.com\/b2b\/eventmassage\/","og_locale":"sv_SE","og_type":"article","og_title":"Eventmassage","og_description":"Vi kommer ut och f\u00f6rgyller ert f\u00f6retagsevent med en massageterapeut. Personaldagar, kick-off, sommaravslutning, kunddagar eller \u00f6ppet hus.","og_url":"https:\/\/www.stjarnkliniken.com\/b2b\/eventmassage\/","og_site_name":"Stj\u00e4rnkliniken B2B","article_modified_time":"2024-09-09T14:11:19+00:00","og_image":[{"url":"https:\/\/www.stjarnkliniken.com\/b2b\/wp-content\/uploads\/sites\/2\/2023\/05\/190619_stjarnkliniken_0812A.jpg"}],"twitter_card":"summary_large_image","twitter_misc":{"Ber\u00e4knad l\u00e4stid":"2 minuter"},"schema":{"@context":"https:\/\/schema.org","@graph":[{"@type":"WebPage","@id":"https:\/\/www.stjarnkliniken.com\/b2b\/eventmassage\/","url":"https:\/\/www.stjarnkliniken.com\/b2b\/eventmassage\/","name":"Eventmassage","isPartOf":{"@id":"https:\/\/www.stjarnkliniken.com\/b2b\/#website"},"primaryImageOfPage":{"@id":"https:\/\/www.stjarnkliniken.com\/b2b\/eventmassage\/#primaryimage"},"image":{"@id":"https:\/\/www.stjarnkliniken.com\/b2b\/eventmassage\/#primaryimage"},"thumbnailUrl":"https:\/\/www.stjarnkliniken.com\/b2b\/wp-content\/uploads\/sites\/2\/2023\/05\/190619_stjarnkliniken_0812A.jpg","datePublished":"2021-02-03T13:23:34+00:00","dateModified":"2024-09-09T14:11:19+00:00","description":"Vi kommer ut och f\u00f6rgyller ert f\u00f6retagsevent med en massageterapeut. Personaldagar, kick-off, sommaravslutning, kunddagar eller \u00f6ppet hus.","breadcrumb":{"@id":"https:\/\/www.stjarnkliniken.com\/b2b\/eventmassage\/#breadcrumb"},"inLanguage":"sv-SE","potentialAction":[{"@type":"ReadAction","target":["https:\/\/www.stjarnkliniken.com\/b2b\/eventmassage\/"]}]},{"@type":"ImageObject","inLanguage":"sv-SE","@id":"https:\/\/www.stjarnkliniken.com\/b2b\/eventmassage\/#primaryimage","url":"https:\/\/www.stjarnkliniken.com\/b2b\/wp-content\/uploads\/sites\/2\/2023\/05\/190619_stjarnkliniken_0812A.jpg","contentUrl":"https:\/\/www.stjarnkliniken.com\/b2b\/wp-content\/uploads\/sites\/2\/2023\/05\/190619_stjarnkliniken_0812A.jpg","width":1000,"height":372},{"@type":"BreadcrumbList","@id":"https:\/\/www.stjarnkliniken.com\/b2b\/eventmassage\/#breadcrumb","itemListElement":[{"@type":"ListItem","position":1,"name":"Hem","item":"https:\/\/www.stjarnkliniken.com\/b2b\/"},{"@type":"ListItem","position":2,"name":"Eventmassage"}]},{"@type":"WebSite","@id":"https:\/\/www.stjarnkliniken.com\/b2b\/#website","url":"https:\/\/www.stjarnkliniken.com\/b2b\/","name":"Stj\u00e4rnkliniken B2B","description":"Stj\u00e4rnkliniken: Naprapati &amp; massage - ingen v\u00e4ntetid, ingen remiss!","potentialAction":[{"@type":"SearchAction","target":{"@type":"EntryPoint","urlTemplate":"https:\/\/www.stjarnkliniken.com\/b2b\/?s={search_term_string}"},"query-input":"required name=search_term_string"}],"inLanguage":"sv-SE"}]}},"_links":{"self":[{"href":"https:\/\/www.stjarnkliniken.com\/b2b\/wp-json\/wp\/v2\/pages\/6072","targetHints":{"allow":["GET"]}}],"collection":[{"href":"https:\/\/www.stjarnkliniken.com\/b2b\/wp-json\/wp\/v2\/pages"}],"about":[{"href":"https:\/\/www.stjarnkliniken.com\/b2b\/wp-json\/wp\/v2\/types\/page"}],"author":[{"embeddable":true,"href":"https:\/\/www.stjarnkliniken.com\/b2b\/wp-json\/wp\/v2\/users\/2"}],"replies":[{"embeddable":true,"href":"https:\/\/www.stjarnkliniken.com\/b2b\/wp-json\/wp\/v2\/comments?post=6072"}],"version-history":[{"count":5,"href":"https:\/\/www.stjarnkliniken.com\/b2b\/wp-json\/wp\/v2\/pages\/6072\/revisions"}],"predecessor-version":[{"id":9574,"href":"https:\/\/www.stjarnkliniken.com\/b2b\/wp-json\/wp\/v2\/pages\/6072\/revisions\/9574"}],"wp:attachment":[{"href":"https:\/\/www.stjarnkliniken.com\/b2b\/wp-json\/wp\/v2\/media?parent=6072"}],"curies":[{"name":"wp","href":"https:\/\/api.w.org\/{rel}","templated":true}]}}